{"id":2381,"date":"2018-07-19T08:31:50","date_gmt":"2018-07-19T08:31:50","guid":{"rendered":"https:\/\/apartamentoscredencial.com\/accueil\/"},"modified":"2026-04-29T16:23:10","modified_gmt":"2026-04-29T16:23:10","slug":"accueil","status":"publish","type":"page","link":"https:\/\/apartamentoscredencial.com\/fr\/","title":{"rendered":"Accueil"},"content":{"rendered":"\t\t<div data-elementor-type=\"wp-post\" data-elementor-id=\"2381\" class=\"elementor elementor-2381 elementor-41\" data-elementor-post-type=\"page\">\n\t\t\t\t<div class=\"elementor-element elementor-element-781a064 e-con-full e-flex e-con e-parent\" data-id=\"781a064\" data-element_type=\"container\" data-e-type=\"container\">\n\t\t\t\t<div class=\"elementor-element elementor-element-0542d8b elementor--h-position-center elementor--v-position-middle elementor-widget elementor-widget-slides\" data-id=\"0542d8b\" data-element_type=\"widget\" data-e-type=\"widget\" data-settings=\"{&quot;navigation&quot;:&quot;none&quot;,&quot;transition&quot;:&quot;fade&quot;,&quot;autoplay&quot;:&quot;yes&quot;,&quot;pause_on_hover&quot;:&quot;yes&quot;,&quot;pause_on_interaction&quot;:&quot;yes&quot;,&quot;autoplay_speed&quot;:5000,&quot;infinite&quot;:&quot;yes&quot;,&quot;transition_speed&quot;:500}\" data-widget_type=\"slides.default\">\n\t\t\t\t<div class=\"elementor-widget-container\">\n\t\t\t\t\t\t\t\t\t<div class=\"elementor-swiper\">\n\t\t\t\t\t<div class=\"elementor-slides-wrapper elementor-main-swiper swiper\" role=\"region\" aria-roledescription=\"carousel\" aria-label=\"Slides\" dir=\"ltr\" data-animation=\"fadeInUp\">\n\t\t\t\t<div class=\"swiper-wrapper elementor-slides\">\n\t\t\t\t\t\t\t\t\t\t<div class=\"elementor-repeater-item-6ee5788 swiper-slide\" role=\"group\" aria-roledescription=\"slide\"><div class=\"swiper-slide-bg elementor-ken-burns elementor-ken-burns--in\" role=\"img\" aria-label=\"Habitaci\u00f3n del apartamento Credencial Bulevar, en el centro de Sarria\"><\/div><div class=\"elementor-background-overlay\"><\/div><a class=\"swiper-slide-inner\" href=\"https:\/\/apartamentoscredencial.com\/fr\/disponibilite\/\"><div class=\"swiper-slide-contents\"><div class=\"elementor-slide-heading\">Appartements touristiques <br>\u00e0 Sarria<\/div><div class=\"elementor-slide-description\"><p>V\u00e9rifiez les disponibilit\u00e9s et r\u00e9servez votre s\u00e9jour.<\/p>\n<\/div><\/div><\/a><\/div><div class=\"elementor-repeater-item-8a66ac3 swiper-slide\" role=\"group\" aria-roledescription=\"slide\"><div class=\"swiper-slide-bg elementor-ken-burns elementor-ken-burns--in\" role=\"img\" aria-label=\"Habitaci\u00f3n del apartamento Credencial Bulevar, en el centro de Sarria\"><\/div><div class=\"elementor-background-overlay\"><\/div><a class=\"swiper-slide-inner\" href=\"https:\/\/apartamentoscredencial.com\/fr\/disponibilite\/\"><div class=\"swiper-slide-contents\"><div class=\"elementor-slide-heading\">  Votre base sur le<br> Camino de Santiago<\/div><div class=\"elementor-slide-description\"><p>V\u00e9rifiez les disponibilit\u00e9s et r\u00e9servez votre s\u00e9jour.<\/p>\n<\/div><\/div><\/a><\/div><div class=\"elementor-repeater-item-2cf54d0 swiper-slide\" role=\"group\" aria-roledescription=\"slide\"><div class=\"swiper-slide-bg elementor-ken-burns elementor-ken-burns--in\" role=\"img\" aria-label=\"Cocina totalmente amueblada en apartamento Credencial Bulevar en Sarria, Lugo\"><\/div><div class=\"elementor-background-overlay\"><\/div><a class=\"swiper-slide-inner\" href=\"https:\/\/apartamentoscredencial.com\/fr\/disponibilite\/\"><div class=\"swiper-slide-contents\"><div class=\"elementor-slide-heading\">  Grupo Credencial, <br>10 ans \u00e0 Sarria<\/div><div class=\"elementor-slide-description\"><p>R\u00e9servation sans interm\u00e9diaire<\/p>\n<\/div><\/div><\/a><\/div>\t\t\t\t<\/div>\n\t\t\t\t\t\t\t\t\t\t\t\t\t\t\t\t\t\t\t\t\t<\/div>\n\t\t\t\t<\/div>\n\t\t\t\t\t\t\t\t<\/div>\n\t\t\t\t<\/div>\n\t\t\t\t<div class=\"elementor-element elementor-element-4bc470b elementor-absolute elementor-widget__width-initial elementor-widget elementor-widget-shortcode\" data-id=\"4bc470b\" data-element_type=\"widget\" data-e-type=\"widget\" data-settings=\"{&quot;_position&quot;:&quot;absolute&quot;}\" data-widget_type=\"shortcode.default\">\n\t\t\t\t<div class=\"elementor-widget-container\">\n\t\t\t\t\t\t\t<div class=\"elementor-shortcode\"><style>input[readonly][disabled] { background: none !important; } .TS_inputs_precio, .TS_input_filtro_V2 { background: none !important; }<\/style>\n<!-- MISTERPLAN PLUGIN 1.1.45-->\n<!-- MISTERPLAN PLUGIN MOTOR TIPO 3 DESTINO 5927 PV 9436-->\n<div class=\"MrPlanPlugin_BuscadorContainer\">\n        <div class=\"MrPlanPlugin_Buscador\" id=\"MrPlanPlugin_Buscador\">\n        <div id=\"TSh_TSearch_ParentDiv_5927_9436\" class=\"MrPlanPlugin_Buscador_Capa TTaq_texto_base\" capaMapa=\"SEn_Mapa_capaPadre_5927_9436\">\n            <script nowprocket id=\"TSh_parent_script_5927_9436\" name=\"TSh_parent_script_5927_9436\" src=\"https:\/\/mrplan.io\/scr\/modulos\/TSearch\/lib\/TSearchInc.php?\nWdgControl=TSh_parent_script_5927_9436\n&id_punto_venta=9436\n&id_operador=5927\n&id_oficina=undefined\n&id_idioma=0\n&capa_search=TSh_TSearch_ParentDiv_5927_9436\n&capa_resultados=TSh_TSearch_ResultsDiv_5927_9436\n&autoSearch=0\n&v_results=1\n&modo_widget=2\n&v_form=10\n&tipo_buscador=1\n&disableUbicacion=1\n&disableCodAgencia=1\n&no_bootstrap=0\n&TSn_localidad_comarca=8|0\n&filtroDiscountCode=\n&codificacion_results=ISO-8859-1\n&activarSelectorTipo=1        \n&TEwsScrollToResults=1\n&landing_buscador=https:\/\/apartamentoscredencial.com\/buscador-home\/\n&forzar_landing_ficha=https:\/\/apartamentoscredencial.com\/buscador-home\/\n&source_plugin=MrPlanPlugin\n&web_plugin=https%3A%2F%2Fapartamentoscredencial.com%2Ffr%2F\"><\/script>\n\n            <div class=\"TMrPlanPlugin_Loading\">\n                <img decoding=\"async\" src=\"https:\/\/apartamentoscredencial.com\/wp-content\/plugins\/misterplan\/assets\/images\/loading.svg\">\n            <\/div>\n        <\/div>\n    <\/div>\n        <div id=\"SEn_Mapa_capaPadre_5927_9436\" style=\"margin-bottom: 40px; width: 100%; height: 450px; display: none;\">Loading Map ....<\/div>\n<\/div>\n\n\n<div class=\"MrPlanPlugin_BuscadorContainer\">\n    <\/div>\n<\/div>\n\t\t\t\t\t\t<\/div>\n\t\t\t\t<\/div>\n\t\t\t\t<\/div>\n\t\t\t\t<section class=\"elementor-section elementor-top-section elementor-element elementor-element-606f9ca elementor-section-boxed elementor-section-height-default elementor-section-height-default\" data-id=\"606f9ca\" data-element_type=\"section\" data-e-type=\"section\" data-settings=\"{&quot;background_background&quot;:&quot;classic&quot;}\">\n\t\t\t\t\t\t<div class=\"elementor-container elementor-column-gap-default\">\n\t\t\t\t\t<div class=\"elementor-column elementor-col-100 elementor-top-column elementor-element elementor-element-0f961d6\" data-id=\"0f961d6\" data-element_type=\"column\" data-e-type=\"column\" data-settings=\"{&quot;background_background&quot;:&quot;classic&quot;}\">\n\t\t\t<div class=\"elementor-widget-wrap elementor-element-populated\">\n\t\t\t\t\t\t<section class=\"elementor-section elementor-inner-section elementor-element elementor-element-c09afa3 elementor-section-boxed elementor-section-height-default elementor-section-height-default\" data-id=\"c09afa3\" data-element_type=\"section\" data-e-type=\"section\">\n\t\t\t\t\t\t<div class=\"elementor-container elementor-column-gap-default\">\n\t\t\t\t\t<div class=\"elementor-column elementor-col-50 elementor-inner-column elementor-element elementor-element-7e115db\" data-id=\"7e115db\" data-element_type=\"column\" data-e-type=\"column\" data-settings=\"{&quot;background_background&quot;:&quot;classic&quot;}\">\n\t\t\t<div class=\"elementor-widget-wrap elementor-element-populated\">\n\t\t\t\t\t\t<div class=\"elementor-element elementor-element-9fe237f elementor-widget elementor-widget-heading\" data-id=\"9fe237f\" data-element_type=\"widget\" data-e-type=\"widget\" data-widget_type=\"heading.default\">\n\t\t\t\t<div class=\"elementor-widget-container\">\n\t\t\t\t\t<h2 class=\"elementor-heading-title elementor-size-default\">Bienvenue aux Apartamentos Credencial -<i><br> <\/i>votre refuge id\u00e9al \u00e0 Sarria<\/h2>\t\t\t\t<\/div>\n\t\t\t\t<\/div>\n\t\t\t\t<div class=\"elementor-element elementor-element-07e5578 elementor-widget__width-initial elementor-widget elementor-widget-image\" data-id=\"07e5578\" data-element_type=\"widget\" data-e-type=\"widget\" data-widget_type=\"image.default\">\n\t\t\t\t<div class=\"elementor-widget-container\">\n\t\t\t\t\t\t\t\t\t\t\t\t\t\t\t<img decoding=\"async\" width=\"202\" height=\"43\" src=\"https:\/\/apartamentoscredencial.com\/wp-content\/uploads\/2024\/07\/LUCIA-LP-PEREZ-4.webp\" class=\"attachment-full size-full wp-image-1638\" alt=\"\" \/>\t\t\t\t\t\t\t\t\t\t\t\t\t\t\t<\/div>\n\t\t\t\t<\/div>\n\t\t\t\t<div class=\"elementor-element elementor-element-6d4e4fc elementor-widget elementor-widget-text-editor\" data-id=\"6d4e4fc\" data-element_type=\"widget\" data-e-type=\"widget\" data-widget_type=\"text-editor.default\">\n\t\t\t\t<div class=\"elementor-widget-container\">\n\t\t\t\t\t\t\t\t\t<p>Bienvenue aux <strong>Apartamentos Credencial<\/strong>, o\u00f9 le confort et l&rsquo;hospitalit\u00e9 se rencontrent au c\u0153ur du Camino de Santiago. Appartenant au c\u00e9l\u00e8bre groupe Credencial, nos six appartements touristiques sont con\u00e7us pour vous offrir un s\u00e9jour unique et relaxant. Chaque appartement est \u00e9quip\u00e9 de tout le confort moderne pour que vous vous sentiez comme chez vous, des cuisines enti\u00e8rement \u00e9quip\u00e9es au Wi-Fi gratuit. Que vous voyagiez seul, en couple, avec des amis ou en famille, vous trouverez \u00e0 Credencial Apartments l&rsquo;endroit id\u00e9al pour vous reposer et recharger vos batteries apr\u00e8s une journ\u00e9e d&rsquo;exploration et d&rsquo;aventure.   <strong>. Choisissez vos dates et r\u00e9servez votre s\u00e9jour !<\/strong><\/p>\t\t\t\t\t\t\t\t<\/div>\n\t\t\t\t<\/div>\n\t\t\t\t\t<\/div>\n\t\t<\/div>\n\t\t\t\t<div class=\"elementor-column elementor-col-50 elementor-inner-column elementor-element elementor-element-ac19cf8\" data-id=\"ac19cf8\" data-element_type=\"column\" data-e-type=\"column\">\n\t\t\t<div class=\"elementor-widget-wrap\">\n\t\t\t\t\t\t\t<\/div>\n\t\t<\/div>\n\t\t\t\t\t<\/div>\n\t\t<\/section>\n\t\t\t\t<section class=\"elementor-section elementor-inner-section elementor-element elementor-element-20c55d8 elementor-section-boxed elementor-section-height-default elementor-section-height-default\" data-id=\"20c55d8\" data-element_type=\"section\" data-e-type=\"section\" data-settings=\"{&quot;background_background&quot;:&quot;classic&quot;}\">\n\t\t\t\t\t\t<div class=\"elementor-container elementor-column-gap-default\">\n\t\t\t\t\t<div class=\"elementor-column elementor-col-33 elementor-inner-column elementor-element elementor-element-3043d21\" data-id=\"3043d21\" data-element_type=\"column\" data-e-type=\"column\">\n\t\t\t<div class=\"elementor-widget-wrap elementor-element-populated\">\n\t\t\t\t\t\t<div class=\"elementor-element elementor-element-cd16c56 elementor-widget elementor-widget-heading\" data-id=\"cd16c56\" data-element_type=\"widget\" data-e-type=\"widget\" data-widget_type=\"heading.default\">\n\t\t\t\t<div class=\"elementor-widget-container\">\n\t\t\t\t\t<span class=\"elementor-heading-title elementor-size-default\">10<\/span>\t\t\t\t<\/div>\n\t\t\t\t<\/div>\n\t\t\t\t<div class=\"elementor-element elementor-element-aa5357b elementor-widget elementor-widget-text-editor\" data-id=\"aa5357b\" data-element_type=\"widget\" data-e-type=\"widget\" data-widget_type=\"text-editor.default\">\n\t\t\t\t<div class=\"elementor-widget-container\">\n\t\t\t\t\t\t\t\t\t<p style=\"text-align: center;\">ann\u00e9es d&rsquo;exp\u00e9rience<\/p>\t\t\t\t\t\t\t\t<\/div>\n\t\t\t\t<\/div>\n\t\t\t\t\t<\/div>\n\t\t<\/div>\n\t\t\t\t<div class=\"elementor-column elementor-col-33 elementor-inner-column elementor-element elementor-element-a5da383\" data-id=\"a5da383\" data-element_type=\"column\" data-e-type=\"column\">\n\t\t\t<div class=\"elementor-widget-wrap elementor-element-populated\">\n\t\t\t\t\t\t<div class=\"elementor-element elementor-element-cd64e36 elementor-widget elementor-widget-heading\" data-id=\"cd64e36\" data-element_type=\"widget\" data-e-type=\"widget\" data-widget_type=\"heading.default\">\n\t\t\t\t<div class=\"elementor-widget-container\">\n\t\t\t\t\t<span class=\"elementor-heading-title elementor-size-default\">54<\/span>\t\t\t\t<\/div>\n\t\t\t\t<\/div>\n\t\t\t\t<div class=\"elementor-element elementor-element-0c29c79 elementor-widget elementor-widget-text-editor\" data-id=\"0c29c79\" data-element_type=\"widget\" data-e-type=\"widget\" data-widget_type=\"text-editor.default\">\n\t\t\t\t<div class=\"elementor-widget-container\">\n\t\t\t\t\t\t\t\t\t<p>lieux<\/p>\t\t\t\t\t\t\t\t<\/div>\n\t\t\t\t<\/div>\n\t\t\t\t\t<\/div>\n\t\t<\/div>\n\t\t\t\t<div class=\"elementor-column elementor-col-33 elementor-inner-column elementor-element elementor-element-abdabcc\" data-id=\"abdabcc\" data-element_type=\"column\" data-e-type=\"column\">\n\t\t\t<div class=\"elementor-widget-wrap elementor-element-populated\">\n\t\t\t\t\t\t<div class=\"elementor-element elementor-element-5546e1e elementor-widget elementor-widget-heading\" data-id=\"5546e1e\" data-element_type=\"widget\" data-e-type=\"widget\" data-widget_type=\"heading.default\">\n\t\t\t\t<div class=\"elementor-widget-container\">\n\t\t\t\t\t<span class=\"elementor-heading-title elementor-size-default\">12<\/span>\t\t\t\t<\/div>\n\t\t\t\t<\/div>\n\t\t\t\t<div class=\"elementor-element elementor-element-0914f57 elementor-widget elementor-widget-text-editor\" data-id=\"0914f57\" data-element_type=\"widget\" data-e-type=\"widget\" data-widget_type=\"text-editor.default\">\n\t\t\t\t<div class=\"elementor-widget-container\">\n\t\t\t\t\t\t\t\t\t<p style=\"text-align: center;\">Appartement<\/p><p> <\/p>\t\t\t\t\t\t\t\t<\/div>\n\t\t\t\t<\/div>\n\t\t\t\t\t<\/div>\n\t\t<\/div>\n\t\t\t\t\t<\/div>\n\t\t<\/section>\n\t\t\t\t\t<\/div>\n\t\t<\/div>\n\t\t\t\t\t<\/div>\n\t\t<\/section>\n\t\t\t\t<section class=\"elementor-section elementor-top-section elementor-element elementor-element-a1a96ca elementor-section-boxed elementor-section-height-default elementor-section-height-default\" data-id=\"a1a96ca\" data-element_type=\"section\" data-e-type=\"section\" data-settings=\"{&quot;background_background&quot;:&quot;classic&quot;}\">\n\t\t\t\t\t\t<div class=\"elementor-container elementor-column-gap-default\">\n\t\t\t\t\t<div class=\"elementor-column elementor-col-100 elementor-top-column elementor-element elementor-element-bf85687\" data-id=\"bf85687\" data-element_type=\"column\" data-e-type=\"column\">\n\t\t\t<div class=\"elementor-widget-wrap elementor-element-populated\">\n\t\t\t\t\t\t<section class=\"elementor-section elementor-inner-section elementor-element elementor-element-9a9a959 elementor-section-boxed elementor-section-height-default elementor-section-height-default\" data-id=\"9a9a959\" data-element_type=\"section\" data-e-type=\"section\">\n\t\t\t\t\t\t<div class=\"elementor-container elementor-column-gap-default\">\n\t\t\t\t\t<div class=\"elementor-column elementor-col-100 elementor-inner-column elementor-element elementor-element-302f159\" data-id=\"302f159\" data-element_type=\"column\" data-e-type=\"column\">\n\t\t\t<div class=\"elementor-widget-wrap elementor-element-populated\">\n\t\t\t\t\t\t<div class=\"elementor-element elementor-element-00355e4 elementor-widget elementor-widget-heading\" data-id=\"00355e4\" data-element_type=\"widget\" data-e-type=\"widget\" data-widget_type=\"heading.default\">\n\t\t\t\t<div class=\"elementor-widget-container\">\n\t\t\t\t\t<h2 class=\"elementor-heading-title elementor-size-default\">Tout le confort et la commodit\u00e9 que vous m\u00e9ritez<\/h2>\t\t\t\t<\/div>\n\t\t\t\t<\/div>\n\t\t\t\t<div class=\"elementor-element elementor-element-fefe956 elementor-widget__width-initial elementor-widget elementor-widget-image\" data-id=\"fefe956\" data-element_type=\"widget\" data-e-type=\"widget\" data-widget_type=\"image.default\">\n\t\t\t\t<div class=\"elementor-widget-container\">\n\t\t\t\t\t\t\t\t\t\t\t\t\t\t\t<img decoding=\"async\" width=\"202\" height=\"43\" src=\"https:\/\/apartamentoscredencial.com\/wp-content\/uploads\/2024\/07\/LUCIA-LP-PEREZ-5.webp\" class=\"attachment-full size-full wp-image-1643\" alt=\"\" \/>\t\t\t\t\t\t\t\t\t\t\t\t\t\t\t<\/div>\n\t\t\t\t<\/div>\n\t\t\t\t<div class=\"elementor-element elementor-element-2c9f7ed elementor-widget elementor-widget-text-editor\" data-id=\"2c9f7ed\" data-element_type=\"widget\" data-e-type=\"widget\" data-widget_type=\"text-editor.default\">\n\t\t\t\t<div class=\"elementor-widget-container\">\n\t\t\t\t\t\t\t\t\t<p style=\"text-align: center;\">\u00c0 <strong>Credencial Apartments<\/strong>, nous sommes fiers d&rsquo;offrir une gamme compl\u00e8te de services con\u00e7us pour rendre votre s\u00e9jour aussi confortable et agr\u00e9able que possible. Des services essentiels aux \u00e9quipements suppl\u00e9mentaires qui feront de votre visite \u00e0 Sarria une exp\u00e9rience m\u00e9morable, nous veillons \u00e0 ce que vous ne manquiez de rien pendant votre s\u00e9jour. D\u00e9couvrez ci-dessous tous les services que nous mettons \u00e0 votre disposition.  <\/p>\t\t\t\t\t\t\t\t<\/div>\n\t\t\t\t<\/div>\n\t\t\t\t\t<\/div>\n\t\t<\/div>\n\t\t\t\t\t<\/div>\n\t\t<\/section>\n\t\t\t\t<div class=\"elementor-element elementor-element-5b4d6bf elementor-arrows-position-inside elementor-widget elementor-widget-n-carousel\" data-id=\"5b4d6bf\" data-element_type=\"widget\" data-e-type=\"widget\" data-settings=\"{&quot;carousel_items&quot;:[{&quot;slide_title&quot;:&quot;Slide #1&quot;,&quot;_id&quot;:&quot;8a65f9f&quot;},{&quot;slide_title&quot;:&quot;Slide #3&quot;,&quot;_id&quot;:&quot;26b6a2c&quot;},{&quot;slide_title&quot;:&quot;Slide #2&quot;,&quot;_id&quot;:&quot;af02ad3&quot;},{&quot;slide_title&quot;:&quot;Slide #3&quot;,&quot;_id&quot;:&quot;df2d8e4&quot;},{&quot;slide_title&quot;:&quot;Slide #3&quot;,&quot;_id&quot;:&quot;ba45e11&quot;}],&quot;slides_to_show&quot;:&quot;2&quot;,&quot;slides_to_scroll&quot;:&quot;1&quot;,&quot;slides_to_show_tablet&quot;:&quot;2&quot;,&quot;slides_to_show_mobile&quot;:&quot;1&quot;,&quot;autoplay&quot;:&quot;yes&quot;,&quot;autoplay_speed&quot;:5000,&quot;pause_on_interaction&quot;:&quot;yes&quot;,&quot;infinite&quot;:&quot;yes&quot;,&quot;speed&quot;:500,&quot;offset_sides&quot;:&quot;none&quot;,&quot;arrows&quot;:&quot;yes&quot;,&quot;image_spacing_custom&quot;:{&quot;unit&quot;:&quot;px&quot;,&quot;size&quot;:10,&quot;sizes&quot;:[]},&quot;image_spacing_custom_tablet&quot;:{&quot;unit&quot;:&quot;px&quot;,&quot;size&quot;:&quot;&quot;,&quot;sizes&quot;:[]},&quot;image_spacing_custom_mobile&quot;:{&quot;unit&quot;:&quot;px&quot;,&quot;size&quot;:&quot;&quot;,&quot;sizes&quot;:[]}}\" data-widget_type=\"nested-carousel.default\">\n\t\t\t\t<div class=\"elementor-widget-container\">\n\t\t\t\t\t\t\t<div class=\"e-n-carousel swiper\" role=\"region\" aria-roledescription=\"carousel\" aria-label=\"Carousel\" dir=\"ltr\">\n\t\t\t<div class=\"swiper-wrapper\" aria-live=\"off\">\n\t\t\t\t\t\t\t\t\t\t<div class=\"swiper-slide\" data-slide=\"1\" role=\"group\" aria-roledescription=\"slide\" aria-label=\"1 sur 5\">\n\t\t\t\t\t\t\t<div class=\"elementor-element elementor-element-0314e3b e-flex e-con-boxed e-con e-child\" data-id=\"0314e3b\" data-element_type=\"container\" data-e-type=\"container\">\n\t\t\t\t\t<div class=\"e-con-inner\">\n\t\t\t\t<div class=\"elementor-element elementor-element-a8fc3a4 elementor-cta--layout-image-right elementor-cta--valign-middle elementor-cta--mobile-layout-image-above elementor-cta--skin-classic elementor-animated-content elementor-bg-transform elementor-bg-transform-zoom-in elementor-widget elementor-widget-call-to-action\" data-id=\"a8fc3a4\" data-element_type=\"widget\" data-e-type=\"widget\" data-widget_type=\"call-to-action.default\">\n\t\t\t\t<div class=\"elementor-widget-container\">\n\t\t\t\t\t\t\t<div class=\"elementor-cta\">\n\t\t\t\t\t<div class=\"elementor-cta__bg-wrapper\">\n\t\t\t\t<div class=\"elementor-cta__bg elementor-bg\" style=\"background-image: url(https:\/\/apartamentoscredencial.com\/wp-content\/uploads\/2026\/04\/Diseno-sin-titulo-2026-04-23T113854.212-1024x676.jpg);\" role=\"img\" aria-label=\"Cocina de un apartamento del Grupo Credencial en Sarria, en pleno camino de Santiago\"><\/div>\n\t\t\t\t<div class=\"elementor-cta__bg-overlay\"><\/div>\n\t\t\t<\/div>\n\t\t\t\t\t\t\t<div class=\"elementor-cta__content\">\n\t\t\t\t\n\t\t\t\t\t\t\t\t\t<h2 class=\"elementor-cta__title elementor-cta__content-item elementor-content-item\">\n\t\t\t\t\t\tCuisines bien \u00e9quip\u00e9es  \t\t\t\t\t<\/h2>\n\t\t\t\t\n\t\t\t\t\t\t\t\t\t<div class=\"elementor-cta__description elementor-cta__content-item elementor-content-item\">\n\t\t\t\t\t\tChaque appartement dispose d'une cuisine enti\u00e8rement \u00e9quip\u00e9e pour que vous vous sentiez comme chez vous pendant votre s\u00e9jour.\t\t\t\t\t<\/div>\n\t\t\t\t\n\t\t\t\t\t\t\t<\/div>\n\t\t\t\t\t\t<\/div>\n\t\t\t\t\t\t<\/div>\n\t\t\t\t<\/div>\n\t\t\t\t\t<\/div>\n\t\t\t\t<\/div>\n\t\t\t\t\t\t\t\t<\/div>\n\t\t\t\t\t\t\t\t\t\t\t<div class=\"swiper-slide\" data-slide=\"2\" role=\"group\" aria-roledescription=\"slide\" aria-label=\"2 sur 5\">\n\t\t\t\t\t\t\t<div class=\"elementor-element elementor-element-7dca239 e-flex e-con-boxed e-con e-child\" data-id=\"7dca239\" data-element_type=\"container\" data-e-type=\"container\">\n\t\t\t\t\t<div class=\"e-con-inner\">\n\t\t\t\t<div class=\"elementor-element elementor-element-af0f360 elementor-cta--layout-image-right elementor-cta--valign-middle elementor-cta--skin-classic elementor-animated-content elementor-bg-transform elementor-bg-transform-zoom-in elementor-widget elementor-widget-call-to-action\" data-id=\"af0f360\" data-element_type=\"widget\" data-e-type=\"widget\" data-widget_type=\"call-to-action.default\">\n\t\t\t\t<div class=\"elementor-widget-container\">\n\t\t\t\t\t\t\t<div class=\"elementor-cta\">\n\t\t\t\t\t<div class=\"elementor-cta__bg-wrapper\">\n\t\t\t\t<div class=\"elementor-cta__bg elementor-bg\" style=\"background-image: url(https:\/\/apartamentoscredencial.com\/wp-content\/uploads\/2026\/04\/Diseno-sin-titulo-2026-04-23T113927.961-1024x676.jpg);\" role=\"img\" aria-label=\"Habitaci\u00f3n de la pensi\u00f3n Credencial con las toallas en forma de concha, en el camino de Santiago\"><\/div>\n\t\t\t\t<div class=\"elementor-cta__bg-overlay\"><\/div>\n\t\t\t<\/div>\n\t\t\t\t\t\t\t<div class=\"elementor-cta__content\">\n\t\t\t\t\n\t\t\t\t\t\t\t\t\t<h2 class=\"elementor-cta__title elementor-cta__content-item elementor-content-item\">\n\t\t\t\t\t\tDraps et serviettes  \t\t\t\t\t<\/h2>\n\t\t\t\t\n\t\t\t\t\t\t\t\t\t<div class=\"elementor-cta__description elementor-cta__content-item elementor-content-item\">\n\t\t\t\t\t\tNous vous fournissons des draps et des serviettes de qualit\u00e9 pour que vous n'ayez \u00e0 vous soucier que de profiter de Sarria.\t\t\t\t\t<\/div>\n\t\t\t\t\n\t\t\t\t\t\t\t<\/div>\n\t\t\t\t\t\t<\/div>\n\t\t\t\t\t\t<\/div>\n\t\t\t\t<\/div>\n\t\t\t\t\t<\/div>\n\t\t\t\t<\/div>\n\t\t\t\t\t\t\t\t<\/div>\n\t\t\t\t\t\t\t\t\t\t\t<div class=\"swiper-slide\" data-slide=\"3\" role=\"group\" aria-roledescription=\"slide\" aria-label=\"3 sur 5\">\n\t\t\t\t\t\t\t<div class=\"elementor-element elementor-element-fe049f1 e-flex e-con-boxed e-con e-child\" data-id=\"fe049f1\" data-element_type=\"container\" data-e-type=\"container\">\n\t\t\t\t\t<div class=\"e-con-inner\">\n\t\t\t\t<div class=\"elementor-element elementor-element-44d854d elementor-cta--layout-image-right elementor-cta--valign-middle elementor-cta--skin-classic elementor-animated-content elementor-bg-transform elementor-bg-transform-zoom-in elementor-widget elementor-widget-call-to-action\" data-id=\"44d854d\" data-element_type=\"widget\" data-e-type=\"widget\" data-widget_type=\"call-to-action.default\">\n\t\t\t\t<div class=\"elementor-widget-container\">\n\t\t\t\t\t\t\t<div class=\"elementor-cta\">\n\t\t\t\t\t<div class=\"elementor-cta__bg-wrapper\">\n\t\t\t\t<div class=\"elementor-cta__bg elementor-bg\" style=\"background-image: url(https:\/\/apartamentoscredencial.com\/wp-content\/uploads\/2026\/04\/Diseno-sin-titulo-2026-04-23T115147.563-1024x676.jpg);\" role=\"img\" aria-label=\"Recepci\u00f3n del Grupo Credencial con maletas apiladas listas para recoger, en Sarria\"><\/div>\n\t\t\t\t<div class=\"elementor-cta__bg-overlay\"><\/div>\n\t\t\t<\/div>\n\t\t\t\t\t\t\t<div class=\"elementor-cta__content\">\n\t\t\t\t\n\t\t\t\t\t\t\t\t\t<h2 class=\"elementor-cta__title elementor-cta__content-item elementor-content-item\">\n\t\t\t\t\t\tGestion des transferts de bagages\t\t\t\t\t<\/h2>\n\t\t\t\t\n\t\t\t\t\t\t\t\t\t<div class=\"elementor-cta__description elementor-cta__content-item elementor-content-item\">\n\t\t\t\t\t\t\nNous g\u00e9rons le transport de vos bagages afin que vous puissiez marcher sur le Camino en toute libert\u00e9 et sans fardeau.\t\t\t\t\t<\/div>\n\t\t\t\t\n\t\t\t\t\t\t\t<\/div>\n\t\t\t\t\t\t<\/div>\n\t\t\t\t\t\t<\/div>\n\t\t\t\t<\/div>\n\t\t\t\t\t<\/div>\n\t\t\t\t<\/div>\n\t\t\t\t\t\t\t\t<\/div>\n\t\t\t\t\t\t\t\t\t\t\t<div class=\"swiper-slide\" data-slide=\"4\" role=\"group\" aria-roledescription=\"slide\" aria-label=\"4 sur 5\">\n\t\t\t\t\t\t\t<div class=\"elementor-element elementor-element-b141e9f e-flex e-con-boxed e-con e-child\" data-id=\"b141e9f\" data-element_type=\"container\" data-e-type=\"container\">\n\t\t\t\t\t<div class=\"e-con-inner\">\n\t\t\t\t<div class=\"elementor-element elementor-element-9c2a301 elementor-cta--layout-image-right elementor-cta--valign-middle elementor-cta--skin-classic elementor-animated-content elementor-bg-transform elementor-bg-transform-zoom-in elementor-widget elementor-widget-call-to-action\" data-id=\"9c2a301\" data-element_type=\"widget\" data-e-type=\"widget\" data-widget_type=\"call-to-action.default\">\n\t\t\t\t<div class=\"elementor-widget-container\">\n\t\t\t\t\t\t\t<div class=\"elementor-cta\">\n\t\t\t\t\t<div class=\"elementor-cta__bg-wrapper\">\n\t\t\t\t<div class=\"elementor-cta__bg elementor-bg\" style=\"background-image: url(https:\/\/apartamentoscredencial.com\/wp-content\/uploads\/2026\/04\/Diseno-sin-titulo-2026-04-23T114611.252-1024x676.jpg);\" role=\"img\" aria-label=\"Un aparcamiento privado en los apartamentos del grupo credencial\"><\/div>\n\t\t\t\t<div class=\"elementor-cta__bg-overlay\"><\/div>\n\t\t\t<\/div>\n\t\t\t\t\t\t\t<div class=\"elementor-cta__content\">\n\t\t\t\t\n\t\t\t\t\t\t\t\t\t<h2 class=\"elementor-cta__title elementor-cta__content-item elementor-content-item\">\n\t\t\t\t\t\tParking priv\u00e9\t\t\t\t\t<\/h2>\n\t\t\t\t\n\t\t\t\t\t\t\t\t\t<div class=\"elementor-cta__description elementor-cta__content-item elementor-content-item\">\n\t\t\t\t\t\tParking priv\u00e9 et s\u00e9curis\u00e9 \u00e0 proximit\u00e9 de votre appartement pour seulement 5\u20ac\/nuit, disponible pour tous nos clients.\t\t\t\t\t<\/div>\n\t\t\t\t\n\t\t\t\t\t\t\t<\/div>\n\t\t\t\t\t\t<\/div>\n\t\t\t\t\t\t<\/div>\n\t\t\t\t<\/div>\n\t\t\t\t\t<\/div>\n\t\t\t\t<\/div>\n\t\t\t\t\t\t\t\t<\/div>\n\t\t\t\t\t\t\t\t\t\t\t<div class=\"swiper-slide\" data-slide=\"5\" role=\"group\" aria-roledescription=\"slide\" aria-label=\"5 sur 5\">\n\t\t\t\t\t\t\t<div class=\"elementor-element elementor-element-eb14137 e-flex e-con-boxed e-con e-child\" data-id=\"eb14137\" data-element_type=\"container\" data-e-type=\"container\">\n\t\t\t\t\t<div class=\"e-con-inner\">\n\t\t\t\t<div class=\"elementor-element elementor-element-de4e2bc elementor-cta--layout-image-right elementor-cta--valign-middle elementor-cta--skin-classic elementor-animated-content elementor-bg-transform elementor-bg-transform-zoom-in elementor-widget elementor-widget-call-to-action\" data-id=\"de4e2bc\" data-element_type=\"widget\" data-e-type=\"widget\" data-widget_type=\"call-to-action.default\">\n\t\t\t\t<div class=\"elementor-widget-container\">\n\t\t\t\t\t\t\t<div class=\"elementor-cta\">\n\t\t\t\t\t<div class=\"elementor-cta__bg-wrapper\">\n\t\t\t\t<div class=\"elementor-cta__bg elementor-bg\" style=\"background-image: url(https:\/\/apartamentoscredencial.com\/wp-content\/uploads\/2024\/07\/transfer-1024x676.webp);\" role=\"img\" aria-label=\"Servicio de transporte de peregrinos al aeropuerto de Santiago, grupo Credencial\"><\/div>\n\t\t\t\t<div class=\"elementor-cta__bg-overlay\"><\/div>\n\t\t\t<\/div>\n\t\t\t\t\t\t\t<div class=\"elementor-cta__content\">\n\t\t\t\t\n\t\t\t\t\t\t\t\t\t<h2 class=\"elementor-cta__title elementor-cta__content-item elementor-content-item\">\n\t\t\t\t\t\tService de transport\t\t\t\t\t<\/h2>\n\t\t\t\t\n\t\t\t\t\t\t\t\t\t<div class=\"elementor-cta__description elementor-cta__content-item elementor-content-item\">\n\t\t\t\t\t\tNous g\u00e9rons votre transfert depuis l'a\u00e9roport ou d'autres points d'origine, en vous offrant une option confortable \u00e0 un prix fixe et sans surprises.\t\t\t\t\t<\/div>\n\t\t\t\t\n\t\t\t\t\t\t\t<\/div>\n\t\t\t\t\t\t<\/div>\n\t\t\t\t\t\t<\/div>\n\t\t\t\t<\/div>\n\t\t\t\t\t<\/div>\n\t\t\t\t<\/div>\n\t\t\t\t\t\t\t\t<\/div>\n\t\t\t\t\t\t\t\t<\/div>\n\t\t<\/div>\n\t\t\t\t\t<div class=\"elementor-swiper-button elementor-swiper-button-prev\" role=\"button\" tabindex=\"0\" aria-label=\"Pr\u00e9c\u00e9dent\">\n\t\t\t\t<svg aria-hidden=\"true\" class=\"e-font-icon-svg e-eicon-chevron-left\" viewBox=\"0 0 1000 1000\" xmlns=\"http:\/\/www.w3.org\/2000\/svg\"><path d=\"M646 125C629 125 613 133 604 142L308 442C296 454 292 471 292 487 292 504 296 521 308 533L604 854C617 867 629 875 646 875 663 875 679 871 692 858 704 846 713 829 713 812 713 796 708 779 692 767L438 487 692 225C700 217 708 204 708 187 708 171 704 154 692 142 675 129 663 125 646 125Z\"><\/path><\/svg>\t\t\t<\/div>\n\t\t\t<div class=\"elementor-swiper-button elementor-swiper-button-next\" role=\"button\" tabindex=\"0\" aria-label=\"Suivant\">\n\t\t\t\t<svg aria-hidden=\"true\" class=\"e-font-icon-svg e-eicon-chevron-right\" viewBox=\"0 0 1000 1000\" xmlns=\"http:\/\/www.w3.org\/2000\/svg\"><path d=\"M696 533C708 521 713 504 713 487 713 471 708 454 696 446L400 146C388 133 375 125 354 125 338 125 325 129 313 142 300 154 292 171 292 187 292 204 296 221 308 233L563 492 304 771C292 783 288 800 288 817 288 833 296 850 308 863 321 871 338 875 354 875 371 875 388 867 400 854L696 533Z\"><\/path><\/svg>\t\t\t<\/div>\n\t\t\t\t\t\t<\/div>\n\t\t\t\t<\/div>\n\t\t\t\t\t<\/div>\n\t\t<\/div>\n\t\t\t\t\t<\/div>\n\t\t<\/section>\n\t\t<div class=\"elementor-element elementor-element-7589bbb e-flex e-con-boxed e-con e-parent\" data-id=\"7589bbb\" data-element_type=\"container\" data-e-type=\"container\">\n\t\t\t\t\t<div class=\"e-con-inner\">\n\t\t<div class=\"elementor-element elementor-element-951eb7d e-con-full e-flex e-con e-child\" data-id=\"951eb7d\" data-element_type=\"container\" data-e-type=\"container\">\n\t\t\t\t<\/div>\n\t\t\t\t\t<\/div>\n\t\t\t\t<\/div>\n\t\t\t\t<section class=\"elementor-section elementor-top-section elementor-element elementor-element-cfb6874 elementor-section-boxed elementor-section-height-default elementor-section-height-default\" data-id=\"cfb6874\" data-element_type=\"section\" data-e-type=\"section\" data-settings=\"{&quot;background_background&quot;:&quot;classic&quot;}\">\n\t\t\t\t\t\t<div class=\"elementor-container elementor-column-gap-default\">\n\t\t\t\t\t<div class=\"elementor-column elementor-col-100 elementor-top-column elementor-element elementor-element-724f262\" data-id=\"724f262\" data-element_type=\"column\" data-e-type=\"column\">\n\t\t\t<div class=\"elementor-widget-wrap elementor-element-populated\">\n\t\t\t\t\t\t<div class=\"elementor-element elementor-element-d132f48 elementor-widget elementor-widget-heading\" data-id=\"d132f48\" data-element_type=\"widget\" data-e-type=\"widget\" data-widget_type=\"heading.default\">\n\t\t\t\t<div class=\"elementor-widget-container\">\n\t\t\t\t\t<h2 class=\"elementor-heading-title elementor-size-default\">Des espaces confortables pour votre repos<\/h2>\t\t\t\t<\/div>\n\t\t\t\t<\/div>\n\t\t\t\t<div class=\"elementor-element elementor-element-8b28efb elementor-widget elementor-widget-image\" data-id=\"8b28efb\" data-element_type=\"widget\" data-e-type=\"widget\" data-widget_type=\"image.default\">\n\t\t\t\t<div class=\"elementor-widget-container\">\n\t\t\t\t\t\t\t\t\t\t\t\t\t\t\t<img decoding=\"async\" width=\"202\" height=\"43\" src=\"https:\/\/apartamentoscredencial.com\/wp-content\/uploads\/2024\/07\/LUCIA-LP-PEREZ-4.webp\" class=\"attachment-full size-full wp-image-1638\" alt=\"\" \/>\t\t\t\t\t\t\t\t\t\t\t\t\t\t\t<\/div>\n\t\t\t\t<\/div>\n\t\t\t\t\t<\/div>\n\t\t<\/div>\n\t\t\t\t\t<\/div>\n\t\t<\/section>\n\t\t<div class=\"elementor-element elementor-element-703f817 e-flex e-con-boxed e-con e-parent\" data-id=\"703f817\" data-element_type=\"container\" data-e-type=\"container\">\n\t\t\t\t\t<div class=\"e-con-inner\">\n\t\t<div class=\"elementor-element elementor-element-a37909d e-con-full e-flex elementor-invisible e-con e-child\" data-id=\"a37909d\" data-element_type=\"container\" data-e-type=\"container\" data-settings=\"{&quot;animation&quot;:&quot;slideInLeft&quot;}\">\n\t\t\t\t<div class=\"elementor-element elementor-element-4173fc2 elementor-widget elementor-widget-image-carousel\" data-id=\"4173fc2\" data-element_type=\"widget\" data-e-type=\"widget\" data-settings=\"{&quot;slides_to_show&quot;:&quot;1&quot;,&quot;navigation&quot;:&quot;none&quot;,&quot;infinite&quot;:&quot;yes&quot;,&quot;effect&quot;:&quot;slide&quot;,&quot;speed&quot;:500}\" data-widget_type=\"image-carousel.default\">\n\t\t\t\t<div class=\"elementor-widget-container\">\n\t\t\t\t\t\t\t<div class=\"elementor-image-carousel-wrapper swiper\" role=\"region\" aria-roledescription=\"carousel\" aria-label=\"Carrusel de im\u00e1genes\" dir=\"ltr\">\n\t\t\t<div class=\"elementor-image-carousel swiper-wrapper swiper-image-stretch\" aria-live=\"polite\">\n\t\t\t\t\t\t\t\t<div class=\"swiper-slide\" role=\"group\" aria-roledescription=\"slide\" aria-label=\"1 sur 6\"><figure class=\"swiper-slide-inner\"><img decoding=\"async\" class=\"swiper-slide-image\" src=\"https:\/\/apartamentoscredencial.com\/wp-content\/uploads\/2026\/03\/imagen.webp\" alt=\"Sal\u00f3n del apartamenro\" \/><\/figure><\/div><div class=\"swiper-slide\" role=\"group\" aria-roledescription=\"slide\" aria-label=\"2 sur 6\"><figure class=\"swiper-slide-inner\"><img decoding=\"async\" class=\"swiper-slide-image\" src=\"https:\/\/apartamentoscredencial.com\/wp-content\/uploads\/2026\/04\/Diseno-sin-titulo-2026-04-28T093853.579.webp\" alt=\"HABITACI\u00d3N DOBLE DEL ATICO DUPLEX CREDENCIAL CON CAMAS INDIVIDUALES EN SARRIA\" \/><\/figure><\/div><div class=\"swiper-slide\" role=\"group\" aria-roledescription=\"slide\" aria-label=\"3 sur 6\"><figure class=\"swiper-slide-inner\"><img decoding=\"async\" class=\"swiper-slide-image\" src=\"https:\/\/apartamentoscredencial.com\/wp-content\/uploads\/2026\/04\/Diseno-sin-titulo-2026-04-28T093800.622.webp\" alt=\"HABITACI\u00d3N DOBLE DEL ATICO DUPLEX CREDENCIAL CON CAMA DE MATRIMONIO EN SARRIA\" \/><\/figure><\/div><div class=\"swiper-slide\" role=\"group\" aria-roledescription=\"slide\" aria-label=\"4 sur 6\"><figure class=\"swiper-slide-inner\"><img decoding=\"async\" class=\"swiper-slide-image\" src=\"https:\/\/apartamentoscredencial.com\/wp-content\/uploads\/2026\/04\/Diseno-sin-titulo-2026-04-28T093833.101.webp\" alt=\"hABITACI\u00d3N DOBLE CON CAMAS INDIVIDUALES DEL ATICO DUPLEX CREDENCIAL EN SARRIA\" \/><\/figure><\/div><div class=\"swiper-slide\" role=\"group\" aria-roledescription=\"slide\" aria-label=\"5 sur 6\"><figure class=\"swiper-slide-inner\"><img decoding=\"async\" class=\"swiper-slide-image\" src=\"https:\/\/apartamentoscredencial.com\/wp-content\/uploads\/2026\/04\/Diseno-sin-titulo-2026-04-28T093821.796.webp\" alt=\"TERRAZA DEL ATICO DUPLEX CREDENCIAL CON VISTAS AL CAMINO DE SANTIAGO EN SARRIA\" \/><\/figure><\/div><div class=\"swiper-slide\" role=\"group\" aria-roledescription=\"slide\" aria-label=\"6 sur 6\"><figure class=\"swiper-slide-inner\"><img decoding=\"async\" class=\"swiper-slide-image\" src=\"https:\/\/apartamentoscredencial.com\/wp-content\/uploads\/2026\/04\/Diseno-sin-titulo-2026-04-28T094140.068.webp\" alt=\"TERRAZA DEL ATICO DUPLEX CREDENCIAL DE NOCHE CON VISTAS AL CAMINO DE SANTIAGO EN SARRIA\" \/><\/figure><\/div>\t\t\t<\/div>\n\t\t\t\t\t\t\t\n\t\t\t\t\t\t\t\t\t<\/div>\n\t\t\t\t\t\t<\/div>\n\t\t\t\t<\/div>\n\t\t\t\t<div class=\"elementor-element elementor-element-6106bd9 elementor-widget elementor-widget-image-box\" data-id=\"6106bd9\" data-element_type=\"widget\" data-e-type=\"widget\" data-widget_type=\"image-box.default\">\n\t\t\t\t<div class=\"elementor-widget-container\">\n\t\t\t\t\t<div class=\"elementor-image-box-wrapper\"><div class=\"elementor-image-box-content\"><h3 class=\"elementor-image-box-title\"><a href=\"https:\/\/apartamentoscredencial.com\/fr\/duplex-penthouse-credential\/\">ATICO DUPLEX CREDENCIAL<\/a><\/h3><p class=\"elementor-image-box-description\">Le Credencial Duplex Penthouse avec 4 chambres \u00e0 coucher \u00e0 Sarria offre un grand espace luxueux avec une cuisine compl\u00e8te, une terrasse et de nombreux services, id\u00e9al pour les groupes et les familles \u00e0 la recherche d'un s\u00e9jour confortable et relaxant.<\/p><\/div><\/div>\t\t\t\t<\/div>\n\t\t\t\t<\/div>\n\t\t<div class=\"elementor-element elementor-element-ae1c33c e-con-full e-flex e-con e-child\" data-id=\"ae1c33c\" data-element_type=\"container\" data-e-type=\"container\">\n\t\t\t\t<div class=\"elementor-element elementor-element-82d451d elementor-align-center elementor-widget elementor-widget-button\" data-id=\"82d451d\" data-element_type=\"widget\" data-e-type=\"widget\" data-widget_type=\"button.default\">\n\t\t\t\t<div class=\"elementor-widget-container\">\n\t\t\t\t\t\t\t\t\t<div class=\"elementor-button-wrapper\">\n\t\t\t\t\t<a class=\"elementor-button elementor-button-link elementor-size-sm\" href=\"https:\/\/apartamentoscredencial.com\/fr\/duplex-penthouse-credential\/\">\n\t\t\t\t\t\t<span class=\"elementor-button-content-wrapper\">\n\t\t\t\t\t\t\t\t\t<span class=\"elementor-button-text\">VOIR D\u00c9TAILS<\/span>\n\t\t\t\t\t<\/span>\n\t\t\t\t\t<\/a>\n\t\t\t\t<\/div>\n\t\t\t\t\t\t\t\t<\/div>\n\t\t\t\t<\/div>\n\t\t\t\t<div class=\"elementor-element elementor-element-cb3619c elementor-widget elementor-widget-text-editor\" data-id=\"cb3619c\" data-element_type=\"widget\" data-e-type=\"widget\" data-widget_type=\"text-editor.default\">\n\t\t\t\t<div class=\"elementor-widget-container\">\n\t\t\t\t\t\t\t\t\t<p><strong><a href=\"https:\/\/apartamentoscredencial.com\/fr\/disponibilite\/\">Livre<\/a><\/strong><\/p>\t\t\t\t\t\t\t\t<\/div>\n\t\t\t\t<\/div>\n\t\t\t\t<\/div>\n\t\t\t\t<\/div>\n\t\t<div class=\"elementor-element elementor-element-bce3c60 e-con-full e-flex elementor-invisible e-con e-child\" data-id=\"bce3c60\" data-element_type=\"container\" data-e-type=\"container\" data-settings=\"{&quot;animation&quot;:&quot;slideInLeft&quot;}\">\n\t\t\t\t<div class=\"elementor-element elementor-element-c3cf030 elementor-widget elementor-widget-image-carousel\" data-id=\"c3cf030\" data-element_type=\"widget\" data-e-type=\"widget\" data-settings=\"{&quot;slides_to_show&quot;:&quot;1&quot;,&quot;navigation&quot;:&quot;none&quot;,&quot;infinite&quot;:&quot;yes&quot;,&quot;effect&quot;:&quot;slide&quot;,&quot;speed&quot;:500}\" data-widget_type=\"image-carousel.default\">\n\t\t\t\t<div class=\"elementor-widget-container\">\n\t\t\t\t\t\t\t<div class=\"elementor-image-carousel-wrapper swiper\" role=\"region\" aria-roledescription=\"carousel\" aria-label=\"Carrusel de im\u00e1genes\" dir=\"ltr\">\n\t\t\t<div class=\"elementor-image-carousel swiper-wrapper swiper-image-stretch\" aria-live=\"polite\">\n\t\t\t\t\t\t\t\t<div class=\"swiper-slide\" role=\"group\" aria-roledescription=\"slide\" aria-label=\"1 sur 6\"><figure class=\"swiper-slide-inner\"><img decoding=\"async\" class=\"swiper-slide-image\" src=\"https:\/\/apartamentoscredencial.com\/wp-content\/uploads\/2026\/04\/Diseno-sin-titulo-2026-04-28T094807.834.webp\" alt=\"Sal\u00f3n apartamento km115 credencial en sarria\" \/><\/figure><\/div><div class=\"swiper-slide\" role=\"group\" aria-roledescription=\"slide\" aria-label=\"2 sur 6\"><figure class=\"swiper-slide-inner\"><img decoding=\"async\" class=\"swiper-slide-image\" src=\"https:\/\/apartamentoscredencial.com\/wp-content\/uploads\/2026\/04\/Diseno-sin-titulo-2026-04-28T095223.984.webp\" alt=\"Cocina del  apartamento km115 credencial en sarria\" \/><\/figure><\/div><div class=\"swiper-slide\" role=\"group\" aria-roledescription=\"slide\" aria-label=\"3 sur 6\"><figure class=\"swiper-slide-inner\"><img decoding=\"async\" class=\"swiper-slide-image\" src=\"https:\/\/apartamentoscredencial.com\/wp-content\/uploads\/2026\/04\/Diseno-sin-titulo-2026-04-28T094925.860.webp\" alt=\"Habitaci\u00f3n doble con cama de matrimonio apartamento km115 credencial en sarria\" \/><\/figure><\/div><div class=\"swiper-slide\" role=\"group\" aria-roledescription=\"slide\" aria-label=\"4 sur 6\"><figure class=\"swiper-slide-inner\"><img decoding=\"async\" class=\"swiper-slide-image\" src=\"https:\/\/apartamentoscredencial.com\/wp-content\/uploads\/2026\/04\/Diseno-sin-titulo-2026-04-28T094842.117.webp\" alt=\"Habitaci\u00f3n doble con camas individuales apartamento km115 credencial en sarria\" \/><\/figure><\/div><div class=\"swiper-slide\" role=\"group\" aria-roledescription=\"slide\" aria-label=\"5 sur 6\"><figure class=\"swiper-slide-inner\"><img decoding=\"async\" class=\"swiper-slide-image\" src=\"https:\/\/apartamentoscredencial.com\/wp-content\/uploads\/2026\/04\/Diseno-sin-titulo-2026-04-28T094736.251.webp\" alt=\"Habitaci\u00f3n doble con cama de matrimonio apartamento km115 credencial en sarria\" \/><\/figure><\/div><div class=\"swiper-slide\" role=\"group\" aria-roledescription=\"slide\" aria-label=\"6 sur 6\"><figure class=\"swiper-slide-inner\"><img decoding=\"async\" class=\"swiper-slide-image\" src=\"https:\/\/apartamentoscredencial.com\/wp-content\/uploads\/2026\/04\/Diseno-sin-titulo-2026-04-28T095255.589.webp\" alt=\"Vistas al camino de Santiago desde el apartamento km115 credencial en sarria\" \/><\/figure><\/div>\t\t\t<\/div>\n\t\t\t\t\t\t\t\n\t\t\t\t\t\t\t\t\t<\/div>\n\t\t\t\t\t\t<\/div>\n\t\t\t\t<\/div>\n\t\t\t\t<div class=\"elementor-element elementor-element-a058894 elementor-widget elementor-widget-image-box\" data-id=\"a058894\" data-element_type=\"widget\" data-e-type=\"widget\" data-widget_type=\"image-box.default\">\n\t\t\t\t<div class=\"elementor-widget-container\">\n\t\t\t\t\t<div class=\"elementor-image-box-wrapper\"><div class=\"elementor-image-box-content\"><h3 class=\"elementor-image-box-title\"><a href=\"https:\/\/apartamentoscredencial.com\/fr\/titre-de-competence-km-115\/\">KM 115 CREDENCIAL<\/a><\/h3><p class=\"elementor-image-box-description\">Appartement spacieux et lumineux. Il peut accueillir jusqu'\u00e0 7 personnes. Un espace con\u00e7u pour les groupes et les familles afin de profiter d'un s\u00e9jour confortable, avec tout ce dont vous avez besoin pour vous sentir comme chez vous.  <\/p><\/div><\/div>\t\t\t\t<\/div>\n\t\t\t\t<\/div>\n\t\t<div class=\"elementor-element elementor-element-00e941c e-con-full e-flex e-con e-child\" data-id=\"00e941c\" data-element_type=\"container\" data-e-type=\"container\">\n\t\t\t\t<div class=\"elementor-element elementor-element-c3c241a elementor-align-center elementor-widget elementor-widget-button\" data-id=\"c3c241a\" data-element_type=\"widget\" data-e-type=\"widget\" data-widget_type=\"button.default\">\n\t\t\t\t<div class=\"elementor-widget-container\">\n\t\t\t\t\t\t\t\t\t<div class=\"elementor-button-wrapper\">\n\t\t\t\t\t<a class=\"elementor-button elementor-button-link elementor-size-sm\" href=\"https:\/\/apartamentoscredencial.com\/fr\/titre-de-competence-km-115\/\">\n\t\t\t\t\t\t<span class=\"elementor-button-content-wrapper\">\n\t\t\t\t\t\t\t\t\t<span class=\"elementor-button-text\">VOIR D\u00c9TAILS<\/span>\n\t\t\t\t\t<\/span>\n\t\t\t\t\t<\/a>\n\t\t\t\t<\/div>\n\t\t\t\t\t\t\t\t<\/div>\n\t\t\t\t<\/div>\n\t\t\t\t<div class=\"elementor-element elementor-element-2d91d75 elementor-widget__width-initial elementor-widget elementor-widget-text-editor\" data-id=\"2d91d75\" data-element_type=\"widget\" data-e-type=\"widget\" data-widget_type=\"text-editor.default\">\n\t\t\t\t<div class=\"elementor-widget-container\">\n\t\t\t\t\t\t\t\t\t<p><strong><a href=\"https:\/\/apartamentoscredencial.com\/fr\/disponibilite\/\">Livre<\/a><\/strong><\/p>\t\t\t\t\t\t\t\t<\/div>\n\t\t\t\t<\/div>\n\t\t\t\t<\/div>\n\t\t\t\t<\/div>\n\t\t<div class=\"elementor-element elementor-element-c4f7682 e-con-full e-flex elementor-invisible e-con e-child\" data-id=\"c4f7682\" data-element_type=\"container\" data-e-type=\"container\" data-settings=\"{&quot;animation&quot;:&quot;slideInLeft&quot;}\">\n\t\t\t\t<div class=\"elementor-element elementor-element-dfb7e1d elementor-widget elementor-widget-image-carousel\" data-id=\"dfb7e1d\" data-element_type=\"widget\" data-e-type=\"widget\" data-settings=\"{&quot;slides_to_show&quot;:&quot;1&quot;,&quot;navigation&quot;:&quot;none&quot;,&quot;lazyload&quot;:&quot;yes&quot;,&quot;infinite&quot;:&quot;yes&quot;,&quot;effect&quot;:&quot;slide&quot;,&quot;speed&quot;:500}\" data-widget_type=\"image-carousel.default\">\n\t\t\t\t<div class=\"elementor-widget-container\">\n\t\t\t\t\t\t\t<div class=\"elementor-image-carousel-wrapper swiper\" role=\"region\" aria-roledescription=\"carousel\" aria-label=\"Carrusel de im\u00e1genes\" dir=\"ltr\">\n\t\t\t<div class=\"elementor-image-carousel swiper-wrapper swiper-image-stretch\" aria-live=\"polite\">\n\t\t\t\t\t\t\t\t<div class=\"swiper-slide\" role=\"group\" aria-roledescription=\"slide\" aria-label=\"1 sur 8\"><figure class=\"swiper-slide-inner\"><img class=\"swiper-slide-image swiper-lazy\" data-src=\"https:\/\/apartamentoscredencial.com\/wp-content\/uploads\/2026\/04\/Diseno-sin-titulo-2026-04-28T095757.128.webp\" alt=\"Dise\u00f1o sin t\u00edtulo - 2026-04-28T095757.128\" \/><div class=\"swiper-lazy-preloader\"><\/div><\/figure><\/div><div class=\"swiper-slide\" role=\"group\" aria-roledescription=\"slide\" aria-label=\"2 sur 8\"><figure class=\"swiper-slide-inner\"><img class=\"swiper-slide-image swiper-lazy\" data-src=\"https:\/\/apartamentoscredencial.com\/wp-content\/uploads\/2026\/04\/typeelementorsiteurlhttpsapartamentoscredencial.comwp-jsonelementsidc3cf030elTypewidgetisInnerfalseisLockedfalsesettingscarousel_nameCarrusel-de-3.webp\" alt=\"{typeelementor,siteurlhttpsapartamentoscredencial.comwp-json,elements[{idc3cf030,elTypewidget,isInnerfalse,isLockedfalse,settings{carousel_nameCarrusel de (3)\" \/><div class=\"swiper-lazy-preloader\"><\/div><\/figure><\/div><div class=\"swiper-slide\" role=\"group\" aria-roledescription=\"slide\" aria-label=\"3 sur 8\"><figure class=\"swiper-slide-inner\"><img class=\"swiper-slide-image swiper-lazy\" data-src=\"https:\/\/apartamentoscredencial.com\/wp-content\/uploads\/2026\/04\/typeelementorsiteurlhttpsapartamentoscredencial.comwp-jsonelementsidc3cf030elTypewidgetisInnerfalseisLockedfalsesettingscarousel_nameCarrusel-de-2.webp\" alt=\"{typeelementor,siteurlhttpsapartamentoscredencial.comwp-json,elements[{idc3cf030,elTypewidget,isInnerfalse,isLockedfalse,settings{carousel_nameCarrusel de (2)\" \/><div class=\"swiper-lazy-preloader\"><\/div><\/figure><\/div><div class=\"swiper-slide\" role=\"group\" aria-roledescription=\"slide\" aria-label=\"4 sur 8\"><figure class=\"swiper-slide-inner\"><img class=\"swiper-slide-image swiper-lazy\" data-src=\"https:\/\/apartamentoscredencial.com\/wp-content\/uploads\/2026\/04\/typeelementorsiteurlhttpsapartamentoscredencial.comwp-jsonelementsidc3cf030elTypewidgetisInnerfalseisLockedfalsesettingscarousel_nameCarrusel-de-1.webp\" alt=\"{typeelementor,siteurlhttpsapartamentoscredencial.comwp-json,elements[{idc3cf030,elTypewidget,isInnerfalse,isLockedfalse,settings{carousel_nameCarrusel de (1)\" \/><div class=\"swiper-lazy-preloader\"><\/div><\/figure><\/div><div class=\"swiper-slide\" role=\"group\" aria-roledescription=\"slide\" aria-label=\"5 sur 8\"><figure class=\"swiper-slide-inner\"><img class=\"swiper-slide-image swiper-lazy\" data-src=\"https:\/\/apartamentoscredencial.com\/wp-content\/uploads\/2026\/04\/typeelementorsiteurlhttpsapartamentoscredencial.comwp-jsonelementsidc3cf030elTypewidgetisInnerfalseisLockedfalsesettingscarousel_nameCarrusel-de.webp\" alt=\"{typeelementor,siteurlhttpsapartamentoscredencial.comwp-json,elements[{idc3cf030,elTypewidget,isInnerfalse,isLockedfalse,settings{carousel_nameCarrusel de\" \/><div class=\"swiper-lazy-preloader\"><\/div><\/figure><\/div><div class=\"swiper-slide\" role=\"group\" aria-roledescription=\"slide\" aria-label=\"6 sur 8\"><figure class=\"swiper-slide-inner\"><img class=\"swiper-slide-image swiper-lazy\" data-src=\"https:\/\/apartamentoscredencial.com\/wp-content\/uploads\/2026\/04\/Diseno-sin-titulo-2026-04-28T095919.826.webp\" alt=\"Dise\u00f1o sin t\u00edtulo - 2026-04-28T095919.826\" \/><div class=\"swiper-lazy-preloader\"><\/div><\/figure><\/div><div class=\"swiper-slide\" role=\"group\" aria-roledescription=\"slide\" aria-label=\"7 sur 8\"><figure class=\"swiper-slide-inner\"><img class=\"swiper-slide-image swiper-lazy\" data-src=\"https:\/\/apartamentoscredencial.com\/wp-content\/uploads\/2026\/04\/Diseno-sin-titulo-2026-04-28T095912.178.webp\" alt=\"Dise\u00f1o sin t\u00edtulo - 2026-04-28T095912.178\" \/><div class=\"swiper-lazy-preloader\"><\/div><\/figure><\/div><div class=\"swiper-slide\" role=\"group\" aria-roledescription=\"slide\" aria-label=\"8 sur 8\"><figure class=\"swiper-slide-inner\"><img class=\"swiper-slide-image swiper-lazy\" data-src=\"https:\/\/apartamentoscredencial.com\/wp-content\/uploads\/2026\/04\/Diseno-sin-titulo-2026-04-28T095857.558.webp\" alt=\"Dise\u00f1o sin t\u00edtulo - 2026-04-28T095857.558\" \/><div class=\"swiper-lazy-preloader\"><\/div><\/figure><\/div>\t\t\t<\/div>\n\t\t\t\t\t\t\t\n\t\t\t\t\t\t\t\t\t<\/div>\n\t\t\t\t\t\t<\/div>\n\t\t\t\t<\/div>\n\t\t\t\t<div class=\"elementor-element elementor-element-ba31663 elementor-widget elementor-widget-image-box\" data-id=\"ba31663\" data-element_type=\"widget\" data-e-type=\"widget\" data-widget_type=\"image-box.default\">\n\t\t\t\t<div class=\"elementor-widget-container\">\n\t\t\t\t\t<div class=\"elementor-image-box-wrapper\"><div class=\"elementor-image-box-content\"><h3 class=\"elementor-image-box-title\"><a href=\"https:\/\/apartamentoscredencial.com\/fr\/carte-de-competence-du-boulevard\/\">CREDENCIAL BULEVAR<\/a><\/h3><p class=\"elementor-image-box-description\">Nos six appartements de vacances sont con\u00e7us pour vous offrir un s\u00e9jour unique et relaxant. Chaque appartement est \u00e9quip\u00e9 de tout le confort, l'endroit id\u00e9al pour se reposer et se ressourcer. <\/p><\/div><\/div>\t\t\t\t<\/div>\n\t\t\t\t<\/div>\n\t\t<div class=\"elementor-element elementor-element-bd746a6 e-con-full e-flex e-con e-child\" data-id=\"bd746a6\" data-element_type=\"container\" data-e-type=\"container\">\n\t\t\t\t<div class=\"elementor-element elementor-element-8da6989 elementor-align-center elementor-widget elementor-widget-button\" data-id=\"8da6989\" data-element_type=\"widget\" data-e-type=\"widget\" data-widget_type=\"button.default\">\n\t\t\t\t<div class=\"elementor-widget-container\">\n\t\t\t\t\t\t\t\t\t<div class=\"elementor-button-wrapper\">\n\t\t\t\t\t<a class=\"elementor-button elementor-button-link elementor-size-sm\" href=\"https:\/\/apartamentoscredencial.com\/fr\/carte-de-competence-du-boulevard\/\">\n\t\t\t\t\t\t<span class=\"elementor-button-content-wrapper\">\n\t\t\t\t\t\t\t\t\t<span class=\"elementor-button-text\">VOIR D\u00c9TAILS<\/span>\n\t\t\t\t\t<\/span>\n\t\t\t\t\t<\/a>\n\t\t\t\t<\/div>\n\t\t\t\t\t\t\t\t<\/div>\n\t\t\t\t<\/div>\n\t\t\t\t<div class=\"elementor-element elementor-element-77a2831 elementor-widget__width-initial elementor-widget elementor-widget-text-editor\" data-id=\"77a2831\" data-element_type=\"widget\" data-e-type=\"widget\" data-widget_type=\"text-editor.default\">\n\t\t\t\t<div class=\"elementor-widget-container\">\n\t\t\t\t\t\t\t\t\t<p><strong><a href=\"https:\/\/apartamentoscredencial.com\/fr\/disponibilite\/\">Livre<\/a><\/strong><\/p>\t\t\t\t\t\t\t\t<\/div>\n\t\t\t\t<\/div>\n\t\t\t\t<\/div>\n\t\t\t\t<\/div>\n\t\t<div class=\"elementor-element elementor-element-08cda89 e-con-full e-flex elementor-invisible e-con e-child\" data-id=\"08cda89\" data-element_type=\"container\" data-e-type=\"container\" data-settings=\"{&quot;animation&quot;:&quot;slideInLeft&quot;}\">\n\t\t\t\t<div class=\"elementor-element elementor-element-83211fc elementor-widget elementor-widget-image-carousel\" data-id=\"83211fc\" data-element_type=\"widget\" data-e-type=\"widget\" data-settings=\"{&quot;slides_to_show&quot;:&quot;1&quot;,&quot;navigation&quot;:&quot;none&quot;,&quot;infinite&quot;:&quot;yes&quot;,&quot;effect&quot;:&quot;slide&quot;,&quot;speed&quot;:500}\" data-widget_type=\"image-carousel.default\">\n\t\t\t\t<div class=\"elementor-widget-container\">\n\t\t\t\t\t\t\t<div class=\"elementor-image-carousel-wrapper swiper\" role=\"region\" aria-roledescription=\"carousel\" aria-label=\"Carrusel de im\u00e1genes\" dir=\"ltr\">\n\t\t\t<div class=\"elementor-image-carousel swiper-wrapper swiper-image-stretch\" aria-live=\"polite\">\n\t\t\t\t\t\t\t\t<div class=\"swiper-slide\" role=\"group\" aria-roledescription=\"slide\" aria-label=\"1 sur 4\"><figure class=\"swiper-slide-inner\"><img decoding=\"async\" class=\"swiper-slide-image\" src=\"https:\/\/apartamentoscredencial.com\/wp-content\/uploads\/2026\/04\/credencial-84.webp\" alt=\"apartamento credencial avda. becerre\u00e1 en sarria\" \/><\/figure><\/div><div class=\"swiper-slide\" role=\"group\" aria-roledescription=\"slide\" aria-label=\"2 sur 4\"><figure class=\"swiper-slide-inner\"><img decoding=\"async\" class=\"swiper-slide-image\" src=\"https:\/\/apartamentoscredencial.com\/wp-content\/uploads\/2026\/04\/credencial-87.webp\" alt=\"habitaci\u00f3n doble apartamento credencial avda. becerre\u00e1\" \/><\/figure><\/div><div class=\"swiper-slide\" role=\"group\" aria-roledescription=\"slide\" aria-label=\"3 sur 4\"><figure class=\"swiper-slide-inner\"><img decoding=\"async\" class=\"swiper-slide-image\" src=\"https:\/\/apartamentoscredencial.com\/wp-content\/uploads\/2026\/04\/credencial-86.webp\" alt=\"habitacion doble con camas individualesapartamento credencial avda. becerre\u00e1\" \/><\/figure><\/div><div class=\"swiper-slide\" role=\"group\" aria-roledescription=\"slide\" aria-label=\"4 sur 4\"><figure class=\"swiper-slide-inner\"><img decoding=\"async\" class=\"swiper-slide-image\" src=\"https:\/\/apartamentoscredencial.com\/wp-content\/uploads\/2026\/04\/credencial-85.webp\" alt=\"Habitaci\u00f3n doble apartamento credencial avda. becerre\u00e1\" \/><\/figure><\/div>\t\t\t<\/div>\n\t\t\t\t\t\t\t\n\t\t\t\t\t\t\t\t\t<\/div>\n\t\t\t\t\t\t<\/div>\n\t\t\t\t<\/div>\n\t\t\t\t<div class=\"elementor-element elementor-element-906954e elementor-widget elementor-widget-image-box\" data-id=\"906954e\" data-element_type=\"widget\" data-e-type=\"widget\" data-widget_type=\"image-box.default\">\n\t\t\t\t<div class=\"elementor-widget-container\">\n\t\t\t\t\t<div class=\"elementor-image-box-wrapper\"><div class=\"elementor-image-box-content\"><h3 class=\"elementor-image-box-title\"><a href=\"https:\/\/apartamentoscredencial.com\/fr\/credential-flat-avda-becerrea\/\">APARTAMENTO CREDENCIAL AVDA. BECERRE\u00c1 <\/a><\/h3><p class=\"elementor-image-box-description\">Credencial Avda. Becerra est un appartement touristique spacieux et confortable \u00e0 Sarria, id\u00e9al pour les familles et les groupes. Pouvant accueillir jusqu'\u00e0 6 personnes, il offre tout le confort n\u00e9cessaire pour un s\u00e9jour relaxant.  <\/p><\/div><\/div>\t\t\t\t<\/div>\n\t\t\t\t<\/div>\n\t\t<div class=\"elementor-element elementor-element-6f4ef66 e-con-full e-flex e-con e-child\" data-id=\"6f4ef66\" data-element_type=\"container\" data-e-type=\"container\">\n\t\t\t\t<div class=\"elementor-element elementor-element-90bbcec elementor-align-center elementor-widget elementor-widget-button\" data-id=\"90bbcec\" data-element_type=\"widget\" data-e-type=\"widget\" data-widget_type=\"button.default\">\n\t\t\t\t<div class=\"elementor-widget-container\">\n\t\t\t\t\t\t\t\t\t<div class=\"elementor-button-wrapper\">\n\t\t\t\t\t<a class=\"elementor-button elementor-button-link elementor-size-sm\" href=\"https:\/\/apartamentoscredencial.com\/fr\/credential-flat-avda-becerrea\/\">\n\t\t\t\t\t\t<span class=\"elementor-button-content-wrapper\">\n\t\t\t\t\t\t\t\t\t<span class=\"elementor-button-text\">VOIR D\u00c9TAILS<\/span>\n\t\t\t\t\t<\/span>\n\t\t\t\t\t<\/a>\n\t\t\t\t<\/div>\n\t\t\t\t\t\t\t\t<\/div>\n\t\t\t\t<\/div>\n\t\t\t\t<div class=\"elementor-element elementor-element-6d27e5f elementor-widget elementor-widget-text-editor\" data-id=\"6d27e5f\" data-element_type=\"widget\" data-e-type=\"widget\" data-widget_type=\"text-editor.default\">\n\t\t\t\t<div class=\"elementor-widget-container\">\n\t\t\t\t\t\t\t\t\t<p><strong><a href=\"https:\/\/apartamentoscredencial.com\/fr\/disponibilite\/\">Livre<\/a><\/strong><\/p>\t\t\t\t\t\t\t\t<\/div>\n\t\t\t\t<\/div>\n\t\t\t\t<\/div>\n\t\t\t\t<\/div>\n\t\t<div class=\"elementor-element elementor-element-200dc51 e-con-full e-flex elementor-invisible e-con e-child\" data-id=\"200dc51\" data-element_type=\"container\" data-e-type=\"container\" data-settings=\"{&quot;animation&quot;:&quot;slideInLeft&quot;}\">\n\t\t\t\t<div class=\"elementor-element elementor-element-23dda70 elementor-widget elementor-widget-image-carousel\" data-id=\"23dda70\" data-element_type=\"widget\" data-e-type=\"widget\" data-settings=\"{&quot;slides_to_show&quot;:&quot;1&quot;,&quot;navigation&quot;:&quot;none&quot;,&quot;infinite&quot;:&quot;yes&quot;,&quot;effect&quot;:&quot;slide&quot;,&quot;speed&quot;:500}\" data-widget_type=\"image-carousel.default\">\n\t\t\t\t<div class=\"elementor-widget-container\">\n\t\t\t\t\t\t\t<div class=\"elementor-image-carousel-wrapper swiper\" role=\"region\" aria-roledescription=\"carousel\" aria-label=\"Carrusel de im\u00e1genes\" dir=\"ltr\">\n\t\t\t<div class=\"elementor-image-carousel swiper-wrapper swiper-image-stretch\" aria-live=\"polite\">\n\t\t\t\t\t\t\t\t<div class=\"swiper-slide\" role=\"group\" aria-roledescription=\"slide\" aria-label=\"1 sur 6\"><figure class=\"swiper-slide-inner\"><img decoding=\"async\" class=\"swiper-slide-image\" src=\"https:\/\/apartamentoscredencial.com\/wp-content\/uploads\/2026\/04\/Diseno-sin-titulo-2026-04-23T111111.736.webp\" alt=\"SDAl\u00f3n del apartamento Credencial Castelao, con vistas al camino de Santiago, en Sarria\" \/><\/figure><\/div><div class=\"swiper-slide\" role=\"group\" aria-roledescription=\"slide\" aria-label=\"2 sur 6\"><figure class=\"swiper-slide-inner\"><img decoding=\"async\" class=\"swiper-slide-image\" src=\"https:\/\/apartamentoscredencial.com\/wp-content\/uploads\/2026\/04\/credencial-92.webp\" alt=\"Cocina del apartamento Credencial Castelao, con vistas al camino de Santiago, en Sarria\" \/><\/figure><\/div><div class=\"swiper-slide\" role=\"group\" aria-roledescription=\"slide\" aria-label=\"3 sur 6\"><figure class=\"swiper-slide-inner\"><img decoding=\"async\" class=\"swiper-slide-image\" src=\"https:\/\/apartamentoscredencial.com\/wp-content\/uploads\/2026\/04\/credencial-95.webp\" alt=\"Cama de matrimonio apartamento Credencial Castelao, con vistas al camino de Santiago, en Sarria\" \/><\/figure><\/div><div class=\"swiper-slide\" role=\"group\" aria-roledescription=\"slide\" aria-label=\"4 sur 6\"><figure class=\"swiper-slide-inner\"><img decoding=\"async\" class=\"swiper-slide-image\" src=\"https:\/\/apartamentoscredencial.com\/wp-content\/uploads\/2026\/04\/credencial-94.webp\" alt=\"habitaci\u00f3n doble con camas individuales del apartamento Credencial Castelao, en Sarria\" \/><\/figure><\/div><div class=\"swiper-slide\" role=\"group\" aria-roledescription=\"slide\" aria-label=\"5 sur 6\"><figure class=\"swiper-slide-inner\"><img decoding=\"async\" class=\"swiper-slide-image\" src=\"https:\/\/apartamentoscredencial.com\/wp-content\/uploads\/2026\/04\/credencial-93.webp\" alt=\"habitaci\u00f3n doble con camas individuales del apartamento Credencial Castelao, en Sarria\" \/><\/figure><\/div><div class=\"swiper-slide\" role=\"group\" aria-roledescription=\"slide\" aria-label=\"6 sur 6\"><figure class=\"swiper-slide-inner\"><img decoding=\"async\" class=\"swiper-slide-image\" src=\"https:\/\/apartamentoscredencial.com\/wp-content\/uploads\/2026\/04\/credencial-96.webp\" alt=\"Vistas desde el apartamento Credencial Castelao, con vistas al camino de Santiago, en Sarria\" \/><\/figure><\/div>\t\t\t<\/div>\n\t\t\t\t\t\t\t\n\t\t\t\t\t\t\t\t\t<\/div>\n\t\t\t\t\t\t<\/div>\n\t\t\t\t<\/div>\n\t\t\t\t<div class=\"elementor-element elementor-element-8773fdb elementor-widget elementor-widget-image-box\" data-id=\"8773fdb\" data-element_type=\"widget\" data-e-type=\"widget\" data-widget_type=\"image-box.default\">\n\t\t\t\t<div class=\"elementor-widget-container\">\n\t\t\t\t\t<div class=\"elementor-image-box-wrapper\"><div class=\"elementor-image-box-content\"><h3 class=\"elementor-image-box-title\"><a href=\"https:\/\/apartamentoscredencial.com\/fr\/certificat-catelao\/\">LETTRE DE CR\u00c9ANCE <br>CASTELAO<\/a><\/h3><p class=\"elementor-image-box-description\">Le Credencial Castelao est un appartement touristique spacieux et confortable \u00e0 Sarria, id\u00e9al pour les familles et les groupes. Pouvant accueillir jusqu'\u00e0 6 personnes, il offre tout le confort n\u00e9cessaire pour un s\u00e9jour relaxant au c\u0153ur du Camino de Santiago. <\/p><\/div><\/div>\t\t\t\t<\/div>\n\t\t\t\t<\/div>\n\t\t<div class=\"elementor-element elementor-element-f14a038 e-con-full e-flex e-con e-child\" data-id=\"f14a038\" data-element_type=\"container\" data-e-type=\"container\">\n\t\t\t\t<div class=\"elementor-element elementor-element-455512f elementor-align-center elementor-widget elementor-widget-button\" data-id=\"455512f\" data-element_type=\"widget\" data-e-type=\"widget\" data-widget_type=\"button.default\">\n\t\t\t\t<div class=\"elementor-widget-container\">\n\t\t\t\t\t\t\t\t\t<div class=\"elementor-button-wrapper\">\n\t\t\t\t\t<a class=\"elementor-button elementor-button-link elementor-size-sm\" href=\"https:\/\/apartamentoscredencial.com\/fr\/certificat-catelao\/\">\n\t\t\t\t\t\t<span class=\"elementor-button-content-wrapper\">\n\t\t\t\t\t\t\t\t\t<span class=\"elementor-button-text\">VOIR D\u00c9TAILS<\/span>\n\t\t\t\t\t<\/span>\n\t\t\t\t\t<\/a>\n\t\t\t\t<\/div>\n\t\t\t\t\t\t\t\t<\/div>\n\t\t\t\t<\/div>\n\t\t\t\t<div class=\"elementor-element elementor-element-62d8a1d elementor-widget elementor-widget-text-editor\" data-id=\"62d8a1d\" data-element_type=\"widget\" data-e-type=\"widget\" data-widget_type=\"text-editor.default\">\n\t\t\t\t<div class=\"elementor-widget-container\">\n\t\t\t\t\t\t\t\t\t<p><strong><a href=\"https:\/\/apartamentoscredencial.com\/fr\/disponibilite\/\">Livre<\/a><\/strong><\/p>\t\t\t\t\t\t\t\t<\/div>\n\t\t\t\t<\/div>\n\t\t\t\t<\/div>\n\t\t\t\t<\/div>\n\t\t<div class=\"elementor-element elementor-element-8c19e5a e-con-full e-flex elementor-invisible e-con e-child\" data-id=\"8c19e5a\" data-element_type=\"container\" data-e-type=\"container\" data-settings=\"{&quot;animation&quot;:&quot;slideInLeft&quot;}\">\n\t\t\t\t<div class=\"elementor-element elementor-element-f0923a2 elementor-widget elementor-widget-image-carousel\" data-id=\"f0923a2\" data-element_type=\"widget\" data-e-type=\"widget\" data-settings=\"{&quot;slides_to_show&quot;:&quot;1&quot;,&quot;navigation&quot;:&quot;none&quot;,&quot;infinite&quot;:&quot;yes&quot;,&quot;effect&quot;:&quot;slide&quot;,&quot;speed&quot;:500}\" data-widget_type=\"image-carousel.default\">\n\t\t\t\t<div class=\"elementor-widget-container\">\n\t\t\t\t\t\t\t<div class=\"elementor-image-carousel-wrapper swiper\" role=\"region\" aria-roledescription=\"carousel\" aria-label=\"Carrusel de im\u00e1genes\" dir=\"ltr\">\n\t\t\t<div class=\"elementor-image-carousel swiper-wrapper swiper-image-stretch\" aria-live=\"polite\">\n\t\t\t\t\t\t\t\t<div class=\"swiper-slide\" role=\"group\" aria-roledescription=\"slide\" aria-label=\"1 sur 4\"><figure class=\"swiper-slide-inner\"><img decoding=\"async\" class=\"swiper-slide-image\" src=\"https:\/\/apartamentoscredencial.com\/wp-content\/uploads\/2026\/04\/credencial-90.webp\" alt=\"Habitaci\u00f3n doble cama matrimonio apartamento SYCA Credencial en Sarria\" \/><\/figure><\/div><div class=\"swiper-slide\" role=\"group\" aria-roledescription=\"slide\" aria-label=\"2 sur 4\"><figure class=\"swiper-slide-inner\"><img decoding=\"async\" class=\"swiper-slide-image\" src=\"https:\/\/apartamentoscredencial.com\/wp-content\/uploads\/2026\/04\/credencial-91.webp\" alt=\"apartamento SYCA Credencial en Sarria camino de santiago\" \/><\/figure><\/div><div class=\"swiper-slide\" role=\"group\" aria-roledescription=\"slide\" aria-label=\"3 sur 4\"><figure class=\"swiper-slide-inner\"><img decoding=\"async\" class=\"swiper-slide-image\" src=\"https:\/\/apartamentoscredencial.com\/wp-content\/uploads\/2026\/04\/credencial-89.webp\" alt=\"Cocina totalmente equipada del apartamento SYCA Credencial en Sarria\" \/><\/figure><\/div><div class=\"swiper-slide\" role=\"group\" aria-roledescription=\"slide\" aria-label=\"4 sur 4\"><figure class=\"swiper-slide-inner\"><img decoding=\"async\" class=\"swiper-slide-image\" src=\"https:\/\/apartamentoscredencial.com\/wp-content\/uploads\/2026\/04\/credencial-88.webp\" alt=\"cocina del apartamento SYCA Credencial en Sarria en el camino de Santiago\" \/><\/figure><\/div>\t\t\t<\/div>\n\t\t\t\t\t\t\t\n\t\t\t\t\t\t\t\t\t<\/div>\n\t\t\t\t\t\t<\/div>\n\t\t\t\t<\/div>\n\t\t\t\t<div class=\"elementor-element elementor-element-a15a260 elementor-widget elementor-widget-image-box\" data-id=\"a15a260\" data-element_type=\"widget\" data-e-type=\"widget\" data-widget_type=\"image-box.default\">\n\t\t\t\t<div class=\"elementor-widget-container\">\n\t\t\t\t\t<div class=\"elementor-image-box-wrapper\"><div class=\"elementor-image-box-content\"><h3 class=\"elementor-image-box-title\"><a href=\"https:\/\/apartamentoscredencial.com\/fr\/certificat-sayca\/\">TITRE DE COMP\u00c9TENCE DE SAYCA <br><\/a><\/h3><p class=\"elementor-image-box-description\">Cet appartement se compose de 3 chambres, d'un salon, d'une cuisine enti\u00e8rement \u00e9quip\u00e9e avec r\u00e9frig\u00e9rateur et machine \u00e0 caf\u00e9 et de 2 salles de bains avec bidet et douche. Il est situ\u00e9 en plein centre de Sarria et dispose d'une belle cour commune. <\/p><\/div><\/div>\t\t\t\t<\/div>\n\t\t\t\t<\/div>\n\t\t<div class=\"elementor-element elementor-element-f8a1c4a e-con-full e-flex e-con e-child\" data-id=\"f8a1c4a\" data-element_type=\"container\" data-e-type=\"container\">\n\t\t\t\t<div class=\"elementor-element elementor-element-cc0122f elementor-align-center elementor-widget elementor-widget-button\" data-id=\"cc0122f\" data-element_type=\"widget\" data-e-type=\"widget\" data-widget_type=\"button.default\">\n\t\t\t\t<div class=\"elementor-widget-container\">\n\t\t\t\t\t\t\t\t\t<div class=\"elementor-button-wrapper\">\n\t\t\t\t\t<a class=\"elementor-button elementor-button-link elementor-size-sm\" href=\"https:\/\/apartamentoscredencial.com\/fr\/certificat-sayca\/\">\n\t\t\t\t\t\t<span class=\"elementor-button-content-wrapper\">\n\t\t\t\t\t\t\t\t\t<span class=\"elementor-button-text\">VOIR D\u00c9TAILS<\/span>\n\t\t\t\t\t<\/span>\n\t\t\t\t\t<\/a>\n\t\t\t\t<\/div>\n\t\t\t\t\t\t\t\t<\/div>\n\t\t\t\t<\/div>\n\t\t\t\t<div class=\"elementor-element elementor-element-6c80b0f elementor-widget elementor-widget-text-editor\" data-id=\"6c80b0f\" data-element_type=\"widget\" data-e-type=\"widget\" data-widget_type=\"text-editor.default\">\n\t\t\t\t<div class=\"elementor-widget-container\">\n\t\t\t\t\t\t\t\t\t<p><strong><a href=\"https:\/\/apartamentoscredencial.com\/fr\/disponibilite\/\">Livre<\/a><\/strong><\/p>\t\t\t\t\t\t\t\t<\/div>\n\t\t\t\t<\/div>\n\t\t\t\t<\/div>\n\t\t\t\t<\/div>\n\t\t\t\t\t<\/div>\n\t\t\t\t<\/div>\n\t\t\t\t<section class=\"elementor-section elementor-top-section elementor-element elementor-element-151135b elementor-section-boxed elementor-section-height-default elementor-section-height-default\" data-id=\"151135b\" data-element_type=\"section\" data-e-type=\"section\" data-settings=\"{&quot;background_background&quot;:&quot;classic&quot;}\">\n\t\t\t\t\t\t<div class=\"elementor-container elementor-column-gap-default\">\n\t\t\t\t\t<div class=\"elementor-column elementor-col-100 elementor-top-column elementor-element elementor-element-fc2f9c4\" data-id=\"fc2f9c4\" data-element_type=\"column\" data-e-type=\"column\">\n\t\t\t<div class=\"elementor-widget-wrap elementor-element-populated\">\n\t\t\t\t\t\t<div class=\"elementor-element elementor-element-0c21fd3 elementor-widget elementor-widget-heading\" data-id=\"0c21fd3\" data-element_type=\"widget\" data-e-type=\"widget\" data-widget_type=\"heading.default\">\n\t\t\t\t<div class=\"elementor-widget-container\">\n\t\t\t\t\t<h2 class=\"elementor-heading-title elementor-size-default\">D\u00e9couvrez nos espaces<\/h2>\t\t\t\t<\/div>\n\t\t\t\t<\/div>\n\t\t\t\t<div class=\"elementor-element elementor-element-d6f71ee elementor-widget__width-initial elementor-widget elementor-widget-image\" data-id=\"d6f71ee\" data-element_type=\"widget\" data-e-type=\"widget\" data-widget_type=\"image.default\">\n\t\t\t\t<div class=\"elementor-widget-container\">\n\t\t\t\t\t\t\t\t\t\t\t\t\t\t\t<img decoding=\"async\" width=\"202\" height=\"43\" src=\"https:\/\/apartamentoscredencial.com\/wp-content\/uploads\/2024\/07\/LUCIA-LP-PEREZ-5.webp\" class=\"attachment-full size-full wp-image-1643\" alt=\"\" \/>\t\t\t\t\t\t\t\t\t\t\t\t\t\t\t<\/div>\n\t\t\t\t<\/div>\n\t\t\t\t<div class=\"elementor-element elementor-element-86d4ba7 elementor-widget elementor-widget-gallery\" data-id=\"86d4ba7\" data-element_type=\"widget\" data-e-type=\"widget\" data-settings=\"{&quot;lazyload&quot;:&quot;yes&quot;,&quot;gallery_layout&quot;:&quot;grid&quot;,&quot;columns&quot;:4,&quot;columns_tablet&quot;:2,&quot;columns_mobile&quot;:1,&quot;gap&quot;:{&quot;unit&quot;:&quot;px&quot;,&quot;size&quot;:10,&quot;sizes&quot;:[]},&quot;gap_tablet&quot;:{&quot;unit&quot;:&quot;px&quot;,&quot;size&quot;:10,&quot;sizes&quot;:[]},&quot;gap_mobile&quot;:{&quot;unit&quot;:&quot;px&quot;,&quot;size&quot;:10,&quot;sizes&quot;:[]},&quot;aspect_ratio&quot;:&quot;3:2&quot;,&quot;overlay_background&quot;:&quot;yes&quot;,&quot;content_hover_animation&quot;:&quot;fade-in&quot;}\" data-widget_type=\"gallery.default\">\n\t\t\t\t<div class=\"elementor-widget-container\">\n\t\t\t\t\t\t\t<div class=\"elementor-gallery__container\">\n\t\t\t\t\t\t\t<div class=\"e-gallery-item elementor-gallery-item elementor-animated-content\">\n\t\t\t\t\t<div class=\"e-gallery-image elementor-gallery-item__image\" data-thumbnail=\"https:\/\/apartamentoscredencial.com\/wp-content\/uploads\/2025\/11\/Diseno-sin-titulo-2025-11-20T154043.923.webp\" data-width=\"1920\" data-height=\"1301\" aria-label=\"Sal\u00f3n cocina del apartamento \u00e1tico Credencial Bulevar en Sarria\" role=\"img\" ><\/div>\n\t\t\t\t\t\t\t\t\t\t\t<div class=\"elementor-gallery-item__overlay\"><\/div>\n\t\t\t\t\t\t\t\t\t\t\t\t\t\t<\/div>\n\t\t\t\t\t\t\t<div class=\"e-gallery-item elementor-gallery-item elementor-animated-content\">\n\t\t\t\t\t<div class=\"e-gallery-image elementor-gallery-item__image\" data-thumbnail=\"https:\/\/apartamentoscredencial.com\/wp-content\/uploads\/2025\/11\/Diseno-sin-titulo-2025-11-20T164125.704.webp\" data-width=\"1920\" data-height=\"1301\" aria-label=\"Habitaci\u00f3n doble con un sof\u00e1 cama supletorio, Grupo Credencial en el camino de Santiago\" role=\"img\" ><\/div>\n\t\t\t\t\t\t\t\t\t\t\t<div class=\"elementor-gallery-item__overlay\"><\/div>\n\t\t\t\t\t\t\t\t\t\t\t\t\t\t<\/div>\n\t\t\t\t\t\t\t<div class=\"e-gallery-item elementor-gallery-item elementor-animated-content\">\n\t\t\t\t\t<div class=\"e-gallery-image elementor-gallery-item__image\" data-thumbnail=\"https:\/\/apartamentoscredencial.com\/wp-content\/uploads\/2026\/04\/Diseno-sin-titulo-2026-04-28T090749.520.webp\" data-width=\"1920\" data-height=\"1301\" aria-label=\"terraza del apartamento credencial bulevar con vistas a la estaci\u00f3n de tren de sarria\" role=\"img\" ><\/div>\n\t\t\t\t\t\t\t\t\t\t\t<div class=\"elementor-gallery-item__overlay\"><\/div>\n\t\t\t\t\t\t\t\t\t\t\t\t\t\t<\/div>\n\t\t\t\t\t\t\t<div class=\"e-gallery-item elementor-gallery-item elementor-animated-content\">\n\t\t\t\t\t<div class=\"e-gallery-image elementor-gallery-item__image\" data-thumbnail=\"https:\/\/apartamentoscredencial.com\/wp-content\/uploads\/2026\/04\/Diseno-sin-titulo-2026-04-23T114957.084.webp\" data-width=\"1920\" data-height=\"1268\" aria-label=\"PLano detalle de la chimenea y la mesa con credenciales del apartamento Credencial Bulevar en pleno camino de Santiago\" role=\"img\" ><\/div>\n\t\t\t\t\t\t\t\t\t\t\t<div class=\"elementor-gallery-item__overlay\"><\/div>\n\t\t\t\t\t\t\t\t\t\t\t\t\t\t<\/div>\n\t\t\t\t\t\t\t<div class=\"e-gallery-item elementor-gallery-item elementor-animated-content\">\n\t\t\t\t\t<div class=\"e-gallery-image elementor-gallery-item__image\" data-thumbnail=\"https:\/\/apartamentoscredencial.com\/wp-content\/uploads\/2026\/04\/Diseno-sin-titulo-2026-04-23T115031.617.webp\" data-width=\"1920\" data-height=\"1268\" aria-label=\"PLanio detalle de un mueble de televisor del apartamento Credencial Bulevar en Sarria, Lugo\" role=\"img\" ><\/div>\n\t\t\t\t\t\t\t\t\t\t\t<div class=\"elementor-gallery-item__overlay\"><\/div>\n\t\t\t\t\t\t\t\t\t\t\t\t\t\t<\/div>\n\t\t\t\t\t\t\t<div class=\"e-gallery-item elementor-gallery-item elementor-animated-content\">\n\t\t\t\t\t<div class=\"e-gallery-image elementor-gallery-item__image\" data-thumbnail=\"https:\/\/apartamentoscredencial.com\/wp-content\/uploads\/2026\/04\/typeelementorsiteurlhttpsapartamentoscredencial.comwp-jsonelementsidc3cf030elTypewidgetisInnerfalseisLockedfalsesettingscarousel_nameCarrusel-de-3.webp\" data-width=\"1920\" data-height=\"1440\" aria-label=\"\" role=\"img\" ><\/div>\n\t\t\t\t\t\t\t\t\t\t\t<div class=\"elementor-gallery-item__overlay\"><\/div>\n\t\t\t\t\t\t\t\t\t\t\t\t\t\t<\/div>\n\t\t\t\t\t\t\t<div class=\"e-gallery-item elementor-gallery-item elementor-animated-content\">\n\t\t\t\t\t<div class=\"e-gallery-image elementor-gallery-item__image\" data-thumbnail=\"https:\/\/apartamentoscredencial.com\/wp-content\/uploads\/2024\/07\/transfer5.webp\" data-width=\"1920\" data-height=\"1268\" aria-label=\"Plano detalle de una mesa de una cocina de l apartamento Credencial, en Sarria, Lugo\" role=\"img\" ><\/div>\n\t\t\t\t\t\t\t\t\t\t\t<div class=\"elementor-gallery-item__overlay\"><\/div>\n\t\t\t\t\t\t\t\t\t\t\t\t\t\t<\/div>\n\t\t\t\t\t\t\t<div class=\"e-gallery-item elementor-gallery-item elementor-animated-content\">\n\t\t\t\t\t<div class=\"e-gallery-image elementor-gallery-item__image\" data-thumbnail=\"https:\/\/apartamentoscredencial.com\/wp-content\/uploads\/2024\/07\/u-4.webp\" data-width=\"1920\" data-height=\"1301\" aria-label=\"Recepci\u00f3n del grupo Credencial en Sarria, Camino de Santiago\" role=\"img\" ><\/div>\n\t\t\t\t\t\t\t\t\t\t\t<div class=\"elementor-gallery-item__overlay\"><\/div>\n\t\t\t\t\t\t\t\t\t\t\t\t\t\t<\/div>\n\t\t\t\t\t<\/div>\n\t\t\t\t\t<\/div>\n\t\t\t\t<\/div>\n\t\t\t\t\t<\/div>\n\t\t<\/div>\n\t\t\t\t\t<\/div>\n\t\t<\/section>\n\t\t\t\t<section class=\"elementor-section elementor-top-section elementor-element elementor-element-2b31945 elementor-section-boxed elementor-section-height-default elementor-section-height-default\" data-id=\"2b31945\" data-element_type=\"section\" data-e-type=\"section\" data-settings=\"{&quot;background_background&quot;:&quot;classic&quot;}\">\n\t\t\t\t\t\t\t<div class=\"elementor-background-overlay\"><\/div>\n\t\t\t\t\t\t\t<div class=\"elementor-container elementor-column-gap-default\">\n\t\t\t\t\t<div class=\"elementor-column elementor-col-100 elementor-top-column elementor-element elementor-element-ac0913f\" data-id=\"ac0913f\" data-element_type=\"column\" data-e-type=\"column\">\n\t\t\t<div class=\"elementor-widget-wrap elementor-element-populated\">\n\t\t\t\t\t\t<div class=\"elementor-element elementor-element-3ec9bb8 elementor-widget elementor-widget-heading\" data-id=\"3ec9bb8\" data-element_type=\"widget\" data-e-type=\"widget\" data-widget_type=\"heading.default\">\n\t\t\t\t<div class=\"elementor-widget-container\">\n\t\t\t\t\t<h2 class=\"elementor-heading-title elementor-size-default\">Explorez Sarria et ses environs<\/h2>\t\t\t\t<\/div>\n\t\t\t\t<\/div>\n\t\t\t\t<div class=\"elementor-element elementor-element-67e55f6 elementor-widget elementor-widget-image\" data-id=\"67e55f6\" data-element_type=\"widget\" data-e-type=\"widget\" data-widget_type=\"image.default\">\n\t\t\t\t<div class=\"elementor-widget-container\">\n\t\t\t\t\t\t\t\t\t\t\t\t\t\t\t<img decoding=\"async\" width=\"202\" height=\"43\" src=\"https:\/\/apartamentoscredencial.com\/wp-content\/uploads\/2024\/07\/LUCIA-LP-PEREZ-4.webp\" class=\"attachment-full size-full wp-image-1638\" alt=\"\" \/>\t\t\t\t\t\t\t\t\t\t\t\t\t\t\t<\/div>\n\t\t\t\t<\/div>\n\t\t\t\t<section class=\"elementor-section elementor-inner-section elementor-element elementor-element-2c5351f elementor-section-boxed elementor-section-height-default elementor-section-height-default\" data-id=\"2c5351f\" data-element_type=\"section\" data-e-type=\"section\" data-settings=\"{&quot;background_background&quot;:&quot;classic&quot;}\">\n\t\t\t\t\t\t<div class=\"elementor-container elementor-column-gap-no\">\n\t\t\t\t\t<div class=\"elementor-column elementor-col-25 elementor-inner-column elementor-element elementor-element-dcde043\" data-id=\"dcde043\" data-element_type=\"column\" data-e-type=\"column\">\n\t\t\t<div class=\"elementor-widget-wrap elementor-element-populated\">\n\t\t\t\t\t\t<div class=\"elementor-element elementor-element-aquentro-content-block elementor-widget elementor-widget-aquentro-content-block\" data-id=\"aquentro-content-block\" data-element_type=\"widget\" data-e-type=\"widget\" data-widget_type=\"aquentro-content-block.default\">\n\t\t\t\t<div class=\"elementor-widget-container\">\n\t\t\t\t\t        <div class=\"aquentro-content-block\">\r\n            <div class=\"content-block-wrapper\">\r\n               <div class=\"number\">\r\n                   01.                   <span class=\"square\"><\/span>\r\n               <\/div>\r\n               <h2 class=\"block-title\">\r\n                   <a href=\"https:\/\/www.turismo.gal\/que-facer\/birding-in-galicia\/onde-ver-aves-en-galicia\/agras\/comarcas-de-lugo-e-sarria?langId=es_ES\" target=\"_blank\">Au-del\u00e0 de Sarria<\/a>               <\/h2>\r\n                <div class=\"block-content\">\r\n                    Sarria est strat\u00e9giquement situ\u00e9 \u00e0 proximit\u00e9 de merveilles telles que Lugo, c\u00e9l\u00e8bre pour sa muraille romaine et sa cath\u00e9drale, et la Ribeira Sacra, connue pour ses paysages \u00e9poustouflants et ses vignobles. Les canyons de Sil sont parfaits pour les randonn\u00e9es et les excursions en bateau, et il y a tant d&#039;autres choses \u00e0 d\u00e9couvrir !  <a href=\"https:\/\/www.turismo.gal\/que-facer\/birding-in-galicia\/onde-ver-aves-en-galicia\/agras\/comarcas-de-lugo-e-sarria?langId=es_ES\"  target=\"_blank\" class=\"more-link\">D\u00e9couvrez<\/a>                <\/div>\r\n            <\/div>\r\n        <\/div>\r\n        \t\t\t\t<\/div>\n\t\t\t\t<\/div>\n\t\t\t\t\t<\/div>\n\t\t<\/div>\n\t\t\t\t<div class=\"elementor-column elementor-col-25 elementor-inner-column elementor-element elementor-element-4c2b2f5\" data-id=\"4c2b2f5\" data-element_type=\"column\" data-e-type=\"column\">\n\t\t\t<div class=\"elementor-widget-wrap elementor-element-populated\">\n\t\t\t\t\t\t<div class=\"elementor-element elementor-element-aquentro-content-block elementor-widget elementor-widget-aquentro-content-block\" data-id=\"aquentro-content-block\" data-element_type=\"widget\" data-e-type=\"widget\" data-widget_type=\"aquentro-content-block.default\">\n\t\t\t\t<div class=\"elementor-widget-container\">\n\t\t\t\t\t        <div class=\"aquentro-content-block\">\r\n            <div class=\"content-block-wrapper\">\r\n               <div class=\"number\">\r\n                   02.                   <span class=\"square\"><\/span>\r\n               <\/div>\r\n               <h2 class=\"block-title\">\r\n                   <a href=\"https:\/\/www.turismo.gal\/que-facer\/birding-in-galicia\/onde-ver-aves-en-galicia\/agras\/comarcas-de-lugo-e-sarria?langId=es_ES\" target=\"_blank\">Au-del\u00e0 de Sarria<\/a>               <\/h2>\r\n                <div class=\"block-content\">\r\n                    Sarria est strat\u00e9giquement situ\u00e9 \u00e0 proximit\u00e9 de merveilles telles que Lugo, c\u00e9l\u00e8bre pour sa muraille romaine et sa cath\u00e9drale, et la Ribeira Sacra, connue pour ses paysages \u00e9poustouflants et ses vignobles. Les canyons de Sil sont parfaits pour les randonn\u00e9es et les excursions en bateau, et il y a tant d&#039;autres choses \u00e0 d\u00e9couvrir !  <a href=\"https:\/\/www.turismo.gal\/que-facer\/birding-in-galicia\/onde-ver-aves-en-galicia\/agras\/comarcas-de-lugo-e-sarria?langId=es_ES\"  target=\"_blank\" class=\"more-link\">D\u00e9couvrez<\/a>                <\/div>\r\n            <\/div>\r\n        <\/div>\r\n        \t\t\t\t<\/div>\n\t\t\t\t<\/div>\n\t\t\t\t\t<\/div>\n\t\t<\/div>\n\t\t\t\t<div class=\"elementor-column elementor-col-25 elementor-inner-column elementor-element elementor-element-5398e4c\" data-id=\"5398e4c\" data-element_type=\"column\" data-e-type=\"column\">\n\t\t\t<div class=\"elementor-widget-wrap elementor-element-populated\">\n\t\t\t\t\t\t<div class=\"elementor-element elementor-element-aquentro-content-block elementor-widget elementor-widget-aquentro-content-block\" data-id=\"aquentro-content-block\" data-element_type=\"widget\" data-e-type=\"widget\" data-widget_type=\"aquentro-content-block.default\">\n\t\t\t\t<div class=\"elementor-widget-container\">\n\t\t\t\t\t        <div class=\"aquentro-content-block\">\r\n            <div class=\"content-block-wrapper\">\r\n               <div class=\"number\">\r\n                   03.                   <span class=\"square\"><\/span>\r\n               <\/div>\r\n               <h2 class=\"block-title\">\r\n                   <a href=\"https:\/\/www.turismo.gal\/que-facer\/birding-in-galicia\/onde-ver-aves-en-galicia\/agras\/comarcas-de-lugo-e-sarria?langId=es_ES\" target=\"_blank\">Au-del\u00e0 de Sarria<\/a>               <\/h2>\r\n                <div class=\"block-content\">\r\n                    Sarria est strat\u00e9giquement situ\u00e9 \u00e0 proximit\u00e9 de merveilles telles que Lugo, c\u00e9l\u00e8bre pour sa muraille romaine et sa cath\u00e9drale, et la Ribeira Sacra, connue pour ses paysages \u00e9poustouflants et ses vignobles. Les canyons de Sil sont parfaits pour les randonn\u00e9es et les excursions en bateau, et il y a tant d&#039;autres choses \u00e0 d\u00e9couvrir !  <a href=\"https:\/\/www.turismo.gal\/que-facer\/birding-in-galicia\/onde-ver-aves-en-galicia\/agras\/comarcas-de-lugo-e-sarria?langId=es_ES\"  target=\"_blank\" class=\"more-link\">D\u00e9couvrez<\/a>                <\/div>\r\n            <\/div>\r\n        <\/div>\r\n        \t\t\t\t<\/div>\n\t\t\t\t<\/div>\n\t\t\t\t\t<\/div>\n\t\t<\/div>\n\t\t\t\t<div class=\"elementor-column elementor-col-25 elementor-inner-column elementor-element elementor-element-227838e\" data-id=\"227838e\" data-element_type=\"column\" data-e-type=\"column\">\n\t\t\t<div class=\"elementor-widget-wrap elementor-element-populated\">\n\t\t\t\t\t\t<div class=\"elementor-element elementor-element-aquentro-content-block elementor-widget elementor-widget-aquentro-content-block\" data-id=\"aquentro-content-block\" data-element_type=\"widget\" data-e-type=\"widget\" data-widget_type=\"aquentro-content-block.default\">\n\t\t\t\t<div class=\"elementor-widget-container\">\n\t\t\t\t\t        <div class=\"aquentro-content-block\">\r\n            <div class=\"content-block-wrapper\">\r\n               <div class=\"number\">\r\n                   04.                   <span class=\"square\"><\/span>\r\n               <\/div>\r\n               <h2 class=\"block-title\">\r\n                   <a href=\"https:\/\/www.turismo.gal\/que-facer\/birding-in-galicia\/onde-ver-aves-en-galicia\/agras\/comarcas-de-lugo-e-sarria?langId=es_ES\" target=\"_blank\">Au-del\u00e0 de Sarria<\/a>               <\/h2>\r\n                <div class=\"block-content\">\r\n                    Sarria est strat\u00e9giquement situ\u00e9 \u00e0 proximit\u00e9 de merveilles telles que Lugo, c\u00e9l\u00e8bre pour sa muraille romaine et sa cath\u00e9drale, et la Ribeira Sacra, connue pour ses paysages \u00e9poustouflants et ses vignobles. Les canyons de Sil sont parfaits pour les randonn\u00e9es et les excursions en bateau, et il y a tant d&#039;autres choses \u00e0 d\u00e9couvrir !  <a href=\"https:\/\/www.turismo.gal\/que-facer\/birding-in-galicia\/onde-ver-aves-en-galicia\/agras\/comarcas-de-lugo-e-sarria?langId=es_ES\"  target=\"_blank\" class=\"more-link\">D\u00e9couvrez<\/a>                <\/div>\r\n            <\/div>\r\n        <\/div>\r\n        \t\t\t\t<\/div>\n\t\t\t\t<\/div>\n\t\t\t\t\t<\/div>\n\t\t<\/div>\n\t\t\t\t\t<\/div>\n\t\t<\/section>\n\t\t\t\t\t<\/div>\n\t\t<\/div>\n\t\t\t\t\t<\/div>\n\t\t<\/section>\n\t\t<div class=\"elementor-element elementor-element-00381ee e-flex e-con-boxed e-con e-parent\" data-id=\"00381ee\" data-element_type=\"container\" data-e-type=\"container\" data-settings=\"{&quot;background_background&quot;:&quot;classic&quot;}\">\n\t\t\t\t\t<div class=\"e-con-inner\">\n\t\t\t\t<div class=\"elementor-element elementor-element-fe6d3e6 elementor-widget elementor-widget-heading\" data-id=\"fe6d3e6\" data-element_type=\"widget\" data-e-type=\"widget\" data-widget_type=\"heading.default\">\n\t\t\t\t<div class=\"elementor-widget-container\">\n\t\t\t\t\t<h2 class=\"elementor-heading-title elementor-size-default\">Trouvez votre logement \u00e0 Sarria<\/h2>\t\t\t\t<\/div>\n\t\t\t\t<\/div>\n\t\t\t\t<div class=\"elementor-element elementor-element-aa345d3 elementor-widget elementor-widget-text-editor\" data-id=\"aa345d3\" data-element_type=\"widget\" data-e-type=\"widget\" data-widget_type=\"text-editor.default\">\n\t\t\t\t<div class=\"elementor-widget-container\">\n\t\t\t\t\t\t\t\t\t<p class=\"font-claude-response-body break-words whitespace-normal leading-[1.7]\">Grupo Credencial propose 6 appartements touristiques, 1 maison d&rsquo;h\u00f4tes et 1 auberge \u00e0 Sarria, Lugo.  <span style=\"font-size: 1rem;\">&#8211; Point de d\u00e9part officiel des 100 derniers kilom\u00e8tres du Chemin de Saint-Jacques de Compostelle. Tous les logements se trouvent \u00e0 moins de 5 minutes de marche du centre historique, de l&rsquo;\u00e9glise Santa Mari\u00f1a et du monast\u00e8re de la Magdalena. <\/span><\/p>\t\t\t\t\t\t\t\t<\/div>\n\t\t\t\t<\/div>\n\t\t\t\t<div class=\"elementor-element elementor-element-c2e930b elementor-widget__width-initial elementor-widget elementor-widget-html\" data-id=\"c2e930b\" data-element_type=\"widget\" data-e-type=\"widget\" data-widget_type=\"html.default\">\n\t\t\t\t<div class=\"elementor-widget-container\">\n\t\t\t\t\t<iframe src=\"https:\/\/www.google.com\/maps\/d\/u\/1\/embed?mid=17R0GnNadEsBvRnZla2gIRh2hgiRy9mQ&amp;ehbc=2E312F&amp;noprof=1\" width=\"640\" height=\"480\"><\/iframe>\t\t\t\t<\/div>\n\t\t\t\t<\/div>\n\t\t\t\t\t<\/div>\n\t\t\t\t<\/div>\n\t\t<div class=\"elementor-element elementor-element-c77ad2f e-flex e-con-boxed e-con e-parent\" data-id=\"c77ad2f\" data-element_type=\"container\" data-e-type=\"container\" data-settings=\"{&quot;background_background&quot;:&quot;classic&quot;}\">\n\t\t\t\t\t<div class=\"e-con-inner\">\n\t\t\t\t<div class=\"elementor-element elementor-element-98e64f3 elementor-widget__width-initial elementor-widget elementor-widget-image\" data-id=\"98e64f3\" data-element_type=\"widget\" data-e-type=\"widget\" data-widget_type=\"image.default\">\n\t\t\t\t<div class=\"elementor-widget-container\">\n\t\t\t\t\t\t\t\t\t\t\t\t\t\t\t<img fetchpriority=\"high\" decoding=\"async\" width=\"512\" height=\"512\" src=\"https:\/\/apartamentoscredencial.com\/wp-content\/uploads\/2025\/11\/Diseno-sin-titulo-2025-11-25T094013.922.webp\" class=\"attachment-large size-large wp-image-4002\" alt=\"\" \/>\t\t\t\t\t\t\t\t\t\t\t\t\t\t\t<\/div>\n\t\t\t\t<\/div>\n\t\t\t\t<div class=\"elementor-element elementor-element-dbcb049 elementor-widget__width-initial elementor-widget elementor-widget-text-editor\" data-id=\"dbcb049\" data-element_type=\"widget\" data-e-type=\"widget\" data-widget_type=\"text-editor.default\">\n\t\t\t\t<div class=\"elementor-widget-container\">\n\t\t\t\t\t\t\t\t\t<p style=\"text-align: center;\">Au Credencial Group, nous sommes fiers d&rsquo;offrir une vari\u00e9t\u00e9 de logements pour r\u00e9pondre aux besoins de tous nos clients. Chacun de nos logements est con\u00e7u avec le souci du d\u00e9tail et un engagement in\u00e9branlable en faveur de la qualit\u00e9 et de l&rsquo;hospitalit\u00e9.   <strong>Explorez nos options et trouvez l&rsquo;endroit id\u00e9al pour votre prochain s\u00e9jour \u00e0 Sarria !<\/strong><\/p>\t\t\t\t\t\t\t\t<\/div>\n\t\t\t\t<\/div>\n\t\t\t\t\t<\/div>\n\t\t\t\t<\/div>\n\t\t<div class=\"elementor-element elementor-element-08d05aa e-flex e-con-boxed e-con e-parent\" data-id=\"08d05aa\" data-element_type=\"container\" data-e-type=\"container\" data-settings=\"{&quot;background_background&quot;:&quot;classic&quot;}\">\n\t\t\t\t\t<div class=\"e-con-inner\">\n\t\t<div class=\"elementor-element elementor-element-8fa0bdd e-con-full e-flex e-con e-child\" data-id=\"8fa0bdd\" data-element_type=\"container\" data-e-type=\"container\">\n\t\t\t\t<div class=\"elementor-element elementor-element-38d2793 elementor-cta--skin-cover elementor-widget__width-initial elementor-animated-content elementor-bg-transform elementor-bg-transform-zoom-in elementor-widget elementor-widget-call-to-action\" data-id=\"38d2793\" data-element_type=\"widget\" data-e-type=\"widget\" data-widget_type=\"call-to-action.default\">\n\t\t\t\t<div class=\"elementor-widget-container\">\n\t\t\t\t\t\t\t<a class=\"elementor-cta\" href=\"http:\/\/www.alberguecredencial.com\">\n\t\t\t\t\t<div class=\"elementor-cta__bg-wrapper\">\n\t\t\t\t<div class=\"elementor-cta__bg elementor-bg\" style=\"background-image: url(https:\/\/apartamentoscredencial.com\/wp-content\/uploads\/2024\/07\/u-5.webp);\" role=\"img\" aria-label=\"Foto de la zona de descanso del albergue Credencial, en la calle del peregrino en SArria\"><\/div>\n\t\t\t\t<div class=\"elementor-cta__bg-overlay\"><\/div>\n\t\t\t<\/div>\n\t\t\t\t\t\t\t<div class=\"elementor-cta__content\">\n\t\t\t\t\n\t\t\t\t\t\t\t\t\t<h2 class=\"elementor-cta__title elementor-cta__content-item elementor-content-item elementor-animated-item--grow\">\n\t\t\t\t\t\tAuberge Credencial\t\t\t\t\t<\/h2>\n\t\t\t\t\n\t\t\t\t\n\t\t\t\t\t\t\t\t\t<div class=\"elementor-cta__button-wrapper elementor-cta__content-item elementor-content-item elementor-animated-item--grow\">\n\t\t\t\t\t<span class=\"elementor-cta__button elementor-button elementor-size-\">\n\t\t\t\t\t\tEn savoir plus\t\t\t\t\t<\/span>\n\t\t\t\t\t<\/div>\n\t\t\t\t\t\t\t<\/div>\n\t\t\t\t\t\t<\/a>\n\t\t\t\t\t\t<\/div>\n\t\t\t\t<\/div>\n\t\t\t\t<\/div>\n\t\t<div class=\"elementor-element elementor-element-505867c e-con-full e-flex e-con e-child\" data-id=\"505867c\" data-element_type=\"container\" data-e-type=\"container\">\n\t\t\t\t<div class=\"elementor-element elementor-element-5cdea39 elementor-cta--skin-cover elementor-widget__width-initial elementor-animated-content elementor-bg-transform elementor-bg-transform-zoom-in elementor-widget elementor-widget-call-to-action\" data-id=\"5cdea39\" data-element_type=\"widget\" data-e-type=\"widget\" data-widget_type=\"call-to-action.default\">\n\t\t\t\t<div class=\"elementor-widget-container\">\n\t\t\t\t\t\t\t<a class=\"elementor-cta\" href=\"http:\/\/www.pensioncredencial.com\">\n\t\t\t\t\t<div class=\"elementor-cta__bg-wrapper\">\n\t\t\t\t<div class=\"elementor-cta__bg elementor-bg\" style=\"background-image: url(https:\/\/apartamentoscredencial.com\/wp-content\/uploads\/2018\/07\/Diseno-sin-titulo-2024-07-18T131446.019.webp);\" role=\"img\" aria-label=\"Habitaci\u00f3n Ledicia de la pensi\u00f3n Credencial en Sarria, Lugo\"><\/div>\n\t\t\t\t<div class=\"elementor-cta__bg-overlay\"><\/div>\n\t\t\t<\/div>\n\t\t\t\t\t\t\t<div class=\"elementor-cta__content\">\n\t\t\t\t\n\t\t\t\t\t\t\t\t\t<h2 class=\"elementor-cta__title elementor-cta__content-item elementor-content-item elementor-animated-item--grow\">\n\t\t\t\t\t\tPension de retraite\t\t\t\t\t<\/h2>\n\t\t\t\t\n\t\t\t\t\n\t\t\t\t\t\t\t\t\t<div class=\"elementor-cta__button-wrapper elementor-cta__content-item elementor-content-item elementor-animated-item--grow\">\n\t\t\t\t\t<span class=\"elementor-cta__button elementor-button elementor-size-\">\n\t\t\t\t\t\tEn savoir plus\t\t\t\t\t<\/span>\n\t\t\t\t\t<\/div>\n\t\t\t\t\t\t\t<\/div>\n\t\t\t\t\t\t<\/a>\n\t\t\t\t\t\t<\/div>\n\t\t\t\t<\/div>\n\t\t\t\t<\/div>\n\t\t\t\t\t<\/div>\n\t\t\t\t<\/div>\n\t\t\t\t<\/div>\n\t\t","protected":false},"excerpt":{"rendered":"<p>Appartements touristiques \u00e0 Sarria V\u00e9rifiez les disponibilit\u00e9s et r\u00e9servez votre s\u00e9jour. Votre base sur le Camino de Santiago V\u00e9rifiez les disponibilit\u00e9s et r\u00e9servez votre s\u00e9jour. Grupo Credencial, 10 ans \u00e0 Sarria R\u00e9servation sans interm\u00e9diaire Bienvenue aux Apartamentos Credencial &#8211; votre refuge id\u00e9al \u00e0 Sarria Bienvenue aux Apartamentos Credencial, o\u00f9 le confort et l&rsquo;hospitalit\u00e9 se rencontrent &hellip; <a href=\"https:\/\/apartamentoscredencial.com\/fr\/\" class=\"more-link\">Continue reading<span class=\"screen-reader-text\"> \u00ab\u00a0Accueil\u00a0\u00bb<\/span><\/a><\/p>\n","protected":false},"author":1,"featured_media":0,"parent":0,"menu_order":0,"comment_status":"closed","ping_status":"closed","template":"template-front-page.php","meta":{"footnotes":""},"class_list":["post-2381","page","type-page","status-publish","hentry"],"yoast_head":"<!-- This site is optimized with the Yoast SEO plugin v27.5 - https:\/\/yoast.com\/product\/yoast-seo-wordpress\/ -->\n<title>Appartements touristiques \u00e0 Sarria | Credencial Group<\/title>\n<meta name=\"description\" content=\"S\u00e9journez dans nos appartements touristiques \u00e0 Sarria, porte d&#039;entr\u00e9e des 100 derniers kilom\u00e8tres du Camino de Santiago. Confort et cuisine enti\u00e8rement \u00e9quip\u00e9e.\" \/>\n<meta name=\"robots\" content=\"index, follow, max-snippet:-1, max-image-preview:large, max-video-preview:-1\" \/>\n<link rel=\"canonical\" href=\"https:\/\/apartamentoscredencial.com\/fr\/accueil\/\" \/>\n<meta property=\"og:locale\" content=\"fr_FR\" \/>\n<meta property=\"og:type\" content=\"article\" \/>\n<meta property=\"og:title\" content=\"Appartements touristiques \u00e0 Sarria | Credencial Group\" \/>\n<meta property=\"og:description\" content=\"S\u00e9journez dans nos appartements touristiques \u00e0 Sarria, porte d&#039;entr\u00e9e des 100 derniers kilom\u00e8tres du Camino de Santiago. Confort et cuisine enti\u00e8rement \u00e9quip\u00e9e.\" \/>\n<meta property=\"og:url\" content=\"https:\/\/apartamentoscredencial.com\/fr\/accueil\/\" \/>\n<meta property=\"og:site_name\" content=\"Apartamentos Credencial\" \/>\n<meta property=\"article:publisher\" content=\"https:\/\/www.facebook.com\/albergueyapartamentoscredencial\/\" \/>\n<meta property=\"article:modified_time\" content=\"2026-04-29T16:23:10+00:00\" \/>\n<meta property=\"og:image\" content=\"https:\/\/apartamentoscredencial.com\/wp-content\/uploads\/2024\/07\/LUCIA-LP-PEREZ-4.webp\" \/>\n<meta name=\"twitter:card\" content=\"summary_large_image\" \/>\n<meta name=\"twitter:label1\" content=\"Dur\u00e9e de lecture estim\u00e9e\" \/>\n\t<meta name=\"twitter:data1\" content=\"5 minutes\" \/>\n<!-- \/ Yoast SEO plugin. -->","yoast_head_json":{"title":"Appartements touristiques \u00e0 Sarria | Credencial Group","description":"S\u00e9journez dans nos appartements touristiques \u00e0 Sarria, porte d'entr\u00e9e des 100 derniers kilom\u00e8tres du Camino de Santiago. Confort et cuisine enti\u00e8rement \u00e9quip\u00e9e.","robots":{"index":"index","follow":"follow","max-snippet":"max-snippet:-1","max-image-preview":"max-image-preview:large","max-video-preview":"max-video-preview:-1"},"canonical":"https:\/\/apartamentoscredencial.com\/fr\/accueil\/","og_locale":"fr_FR","og_type":"article","og_title":"Appartements touristiques \u00e0 Sarria | Credencial Group","og_description":"S\u00e9journez dans nos appartements touristiques \u00e0 Sarria, porte d'entr\u00e9e des 100 derniers kilom\u00e8tres du Camino de Santiago. Confort et cuisine enti\u00e8rement \u00e9quip\u00e9e.","og_url":"https:\/\/apartamentoscredencial.com\/fr\/accueil\/","og_site_name":"Apartamentos Credencial","article_publisher":"https:\/\/www.facebook.com\/albergueyapartamentoscredencial\/","article_modified_time":"2026-04-29T16:23:10+00:00","og_image":[{"url":"https:\/\/apartamentoscredencial.com\/wp-content\/uploads\/2024\/07\/LUCIA-LP-PEREZ-4.webp","type":"","width":"","height":""}],"twitter_card":"summary_large_image","twitter_misc":{"Dur\u00e9e de lecture estim\u00e9e":"5 minutes"},"schema":{"@context":"https:\/\/schema.org","@graph":[{"@type":"WebPage","@id":"https:\/\/apartamentoscredencial.com\/fr\/accueil\/","url":"https:\/\/apartamentoscredencial.com\/fr\/accueil\/","name":"Appartements touristiques \u00e0 Sarria | Credencial Group","isPartOf":{"@id":"https:\/\/apartamentoscredencial.com\/#website"},"primaryImageOfPage":{"@id":"https:\/\/apartamentoscredencial.com\/fr\/accueil\/#primaryimage"},"image":{"@id":"https:\/\/apartamentoscredencial.com\/fr\/accueil\/#primaryimage"},"thumbnailUrl":"https:\/\/apartamentoscredencial.com\/wp-content\/uploads\/2024\/07\/LUCIA-LP-PEREZ-4.webp","datePublished":"2018-07-19T08:31:50+00:00","dateModified":"2026-04-29T16:23:10+00:00","description":"S\u00e9journez dans nos appartements touristiques \u00e0 Sarria, porte d'entr\u00e9e des 100 derniers kilom\u00e8tres du Camino de Santiago. Confort et cuisine enti\u00e8rement \u00e9quip\u00e9e.","breadcrumb":{"@id":"https:\/\/apartamentoscredencial.com\/fr\/accueil\/#breadcrumb"},"inLanguage":"fr-FR","potentialAction":[{"@type":"ReadAction","target":["https:\/\/apartamentoscredencial.com\/fr\/accueil\/"]}]},{"@type":"ImageObject","inLanguage":"fr-FR","@id":"https:\/\/apartamentoscredencial.com\/fr\/accueil\/#primaryimage","url":"https:\/\/apartamentoscredencial.com\/wp-content\/uploads\/2024\/07\/LUCIA-LP-PEREZ-4.webp","contentUrl":"https:\/\/apartamentoscredencial.com\/wp-content\/uploads\/2024\/07\/LUCIA-LP-PEREZ-4.webp"},{"@type":"BreadcrumbList","@id":"https:\/\/apartamentoscredencial.com\/fr\/accueil\/#breadcrumb","itemListElement":[{"@type":"ListItem","position":1,"name":"Portada","item":"https:\/\/apartamentoscredencial.com\/fr\/accueil\/"},{"@type":"ListItem","position":2,"name":"Accueil"}]},{"@type":"WebSite","@id":"https:\/\/apartamentoscredencial.com\/#website","url":"https:\/\/apartamentoscredencial.com\/","name":"Apartamentos Credencial","description":"Sitio web de Apartamentos Credencial","publisher":{"@id":"https:\/\/apartamentoscredencial.com\/#organization"},"potentialAction":[{"@type":"SearchAction","target":{"@type":"EntryPoint","urlTemplate":"https:\/\/apartamentoscredencial.com\/?s={search_term_string}"},"query-input":{"@type":"PropertyValueSpecification","valueRequired":true,"valueName":"search_term_string"}}],"inLanguage":"fr-FR"},{"@type":"Organization","@id":"https:\/\/apartamentoscredencial.com\/#organization","name":"Apartamentos Credencial","url":"https:\/\/apartamentoscredencial.com\/","logo":{"@type":"ImageObject","inLanguage":"fr-FR","@id":"https:\/\/apartamentoscredencial.com\/#\/schema\/logo\/image\/","url":"https:\/\/apartamentoscredencial.com\/wp-content\/uploads\/2025\/11\/Credencial-Group-APARTAMENTOS-1.webp","contentUrl":"https:\/\/apartamentoscredencial.com\/wp-content\/uploads\/2025\/11\/Credencial-Group-APARTAMENTOS-1.webp","width":90,"height":90,"caption":"Apartamentos Credencial"},"image":{"@id":"https:\/\/apartamentoscredencial.com\/#\/schema\/logo\/image\/"},"sameAs":["https:\/\/www.facebook.com\/albergueyapartamentoscredencial\/","https:\/\/www.instagram.com\/alberguecredencial_sarria\/?igsh=MW9jZzZleG51eGI1Ng"]}]}},"_links":{"self":[{"href":"https:\/\/apartamentoscredencial.com\/fr\/wp-json\/wp\/v2\/pages\/2381","targetHints":{"allow":["GET"]}}],"collection":[{"href":"https:\/\/apartamentoscredencial.com\/fr\/wp-json\/wp\/v2\/pages"}],"about":[{"href":"https:\/\/apartamentoscredencial.com\/fr\/wp-json\/wp\/v2\/types\/page"}],"author":[{"embeddable":true,"href":"https:\/\/apartamentoscredencial.com\/fr\/wp-json\/wp\/v2\/users\/1"}],"replies":[{"embeddable":true,"href":"https:\/\/apartamentoscredencial.com\/fr\/wp-json\/wp\/v2\/comments?post=2381"}],"version-history":[{"count":37,"href":"https:\/\/apartamentoscredencial.com\/fr\/wp-json\/wp\/v2\/pages\/2381\/revisions"}],"predecessor-version":[{"id":6592,"href":"https:\/\/apartamentoscredencial.com\/fr\/wp-json\/wp\/v2\/pages\/2381\/revisions\/6592"}],"wp:attachment":[{"href":"https:\/\/apartamentoscredencial.com\/fr\/wp-json\/wp\/v2\/media?parent=2381"}],"curies":[{"name":"wp","href":"https:\/\/api.w.org\/{rel}","templated":true}]}}