{"id":2366,"date":"2018-07-19T08:31:50","date_gmt":"2018-07-19T08:31:50","guid":{"rendered":"https:\/\/apartamentoscredencial.com\/casa\/"},"modified":"2026-04-29T16:23:04","modified_gmt":"2026-04-29T16:23:04","slug":"casa","status":"publish","type":"page","link":"https:\/\/apartamentoscredencial.com\/pt-pt\/","title":{"rendered":"Casa"},"content":{"rendered":"\t\t<div data-elementor-type=\"wp-post\" data-elementor-id=\"2366\" class=\"elementor elementor-2366 elementor-41\" data-elementor-post-type=\"page\">\n\t\t\t\t<div class=\"elementor-element elementor-element-781a064 e-con-full e-flex e-con e-parent\" data-id=\"781a064\" data-element_type=\"container\" data-e-type=\"container\">\n\t\t\t\t<div class=\"elementor-element elementor-element-0542d8b elementor--h-position-center elementor--v-position-middle elementor-widget elementor-widget-slides\" data-id=\"0542d8b\" data-element_type=\"widget\" data-e-type=\"widget\" data-settings=\"{&quot;navigation&quot;:&quot;none&quot;,&quot;transition&quot;:&quot;fade&quot;,&quot;autoplay&quot;:&quot;yes&quot;,&quot;pause_on_hover&quot;:&quot;yes&quot;,&quot;pause_on_interaction&quot;:&quot;yes&quot;,&quot;autoplay_speed&quot;:5000,&quot;infinite&quot;:&quot;yes&quot;,&quot;transition_speed&quot;:500}\" data-widget_type=\"slides.default\">\n\t\t\t\t<div class=\"elementor-widget-container\">\n\t\t\t\t\t\t\t\t\t<div class=\"elementor-swiper\">\n\t\t\t\t\t<div class=\"elementor-slides-wrapper elementor-main-swiper swiper\" role=\"region\" aria-roledescription=\"carousel\" aria-label=\"Slides\" dir=\"ltr\" data-animation=\"fadeInUp\">\n\t\t\t\t<div class=\"swiper-wrapper elementor-slides\">\n\t\t\t\t\t\t\t\t\t\t<div class=\"elementor-repeater-item-6ee5788 swiper-slide\" role=\"group\" aria-roledescription=\"slide\"><div class=\"swiper-slide-bg elementor-ken-burns elementor-ken-burns--in\" role=\"img\" aria-label=\"Habitaci\u00f3n del apartamento Credencial Bulevar, en el centro de Sarria\"><\/div><div class=\"elementor-background-overlay\"><\/div><a class=\"swiper-slide-inner\" href=\"https:\/\/apartamentoscredencial.com\/pt-pt\/disponibilidade\/\"><div class=\"swiper-slide-contents\"><div class=\"elementor-slide-heading\">Apartamentos tur\u00edsticos <br>em Sarria<\/div><div class=\"elementor-slide-description\"><p>Verifica a disponibilidade e reserva a tua pausa.<\/p>\n<\/div><\/div><\/a><\/div><div class=\"elementor-repeater-item-8a66ac3 swiper-slide\" role=\"group\" aria-roledescription=\"slide\"><div class=\"swiper-slide-bg elementor-ken-burns elementor-ken-burns--in\" role=\"img\" aria-label=\"Habitaci\u00f3n del apartamento Credencial Bulevar, en el centro de Sarria\"><\/div><div class=\"elementor-background-overlay\"><\/div><a class=\"swiper-slide-inner\" href=\"https:\/\/apartamentoscredencial.com\/pt-pt\/disponibilidade\/\"><div class=\"swiper-slide-contents\"><div class=\"elementor-slide-heading\">  A tua base no<br> Caminho de Santiago<\/div><div class=\"elementor-slide-description\"><p>Verifica a disponibilidade e reserva a tua pausa.<\/p>\n<\/div><\/div><\/a><\/div><div class=\"elementor-repeater-item-2cf54d0 swiper-slide\" role=\"group\" aria-roledescription=\"slide\"><div class=\"swiper-slide-bg elementor-ken-burns elementor-ken-burns--in\" role=\"img\" aria-label=\"Cocina totalmente amueblada en apartamento Credencial Bulevar en Sarria, Lugo\"><\/div><div class=\"elementor-background-overlay\"><\/div><a class=\"swiper-slide-inner\" href=\"https:\/\/apartamentoscredencial.com\/pt-pt\/disponibilidade\/\"><div class=\"swiper-slide-contents\"><div class=\"elementor-slide-heading\">  Grupo Credencial, <br>10 anos em Sarria<\/div><div class=\"elementor-slide-description\"><p>Reserva sem intermedi\u00e1rios<\/p>\n<\/div><\/div><\/a><\/div>\t\t\t\t<\/div>\n\t\t\t\t\t\t\t\t\t\t\t\t\t\t\t\t\t\t\t\t\t<\/div>\n\t\t\t\t<\/div>\n\t\t\t\t\t\t\t\t<\/div>\n\t\t\t\t<\/div>\n\t\t\t\t<div class=\"elementor-element elementor-element-4bc470b elementor-absolute elementor-widget__width-initial elementor-widget elementor-widget-shortcode\" data-id=\"4bc470b\" data-element_type=\"widget\" data-e-type=\"widget\" data-settings=\"{&quot;_position&quot;:&quot;absolute&quot;}\" data-widget_type=\"shortcode.default\">\n\t\t\t\t<div class=\"elementor-widget-container\">\n\t\t\t\t\t\t\t<div class=\"elementor-shortcode\"><style>input[readonly][disabled] { background: none !important; } .TS_inputs_precio, .TS_input_filtro_V2 { background: none !important; }<\/style>\n<!-- MISTERPLAN PLUGIN 1.1.45-->\n<!-- MISTERPLAN PLUGIN MOTOR TIPO 3 DESTINO 5927 PV 9436-->\n<div class=\"MrPlanPlugin_BuscadorContainer\">\n        <div class=\"MrPlanPlugin_Buscador\" id=\"MrPlanPlugin_Buscador\">\n        <div id=\"TSh_TSearch_ParentDiv_5927_9436\" class=\"MrPlanPlugin_Buscador_Capa TTaq_texto_base\" capaMapa=\"SEn_Mapa_capaPadre_5927_9436\">\n            <script nowprocket id=\"TSh_parent_script_5927_9436\" name=\"TSh_parent_script_5927_9436\" src=\"https:\/\/mrplan.io\/scr\/modulos\/TSearch\/lib\/TSearchInc.php?\nWdgControl=TSh_parent_script_5927_9436\n&id_punto_venta=9436\n&id_operador=5927\n&id_oficina=undefined\n&id_idioma=0\n&capa_search=TSh_TSearch_ParentDiv_5927_9436\n&capa_resultados=TSh_TSearch_ResultsDiv_5927_9436\n&autoSearch=0\n&v_results=1\n&modo_widget=2\n&v_form=10\n&tipo_buscador=1\n&disableUbicacion=1\n&disableCodAgencia=1\n&no_bootstrap=0\n&TSn_localidad_comarca=8|0\n&filtroDiscountCode=\n&codificacion_results=ISO-8859-1\n&activarSelectorTipo=1        \n&TEwsScrollToResults=1\n&landing_buscador=https:\/\/apartamentoscredencial.com\/buscador-home\/\n&forzar_landing_ficha=https:\/\/apartamentoscredencial.com\/buscador-home\/\n&source_plugin=MrPlanPlugin\n&web_plugin=https%3A%2F%2Fapartamentoscredencial.com%2Fpt-pt%2F\"><\/script>\n\n            <div class=\"TMrPlanPlugin_Loading\">\n                <img decoding=\"async\" src=\"https:\/\/apartamentoscredencial.com\/wp-content\/plugins\/misterplan\/assets\/images\/loading.svg\">\n            <\/div>\n        <\/div>\n    <\/div>\n        <div id=\"SEn_Mapa_capaPadre_5927_9436\" style=\"margin-bottom: 40px; width: 100%; height: 450px; display: none;\">Loading Map ....<\/div>\n<\/div>\n\n\n<div class=\"MrPlanPlugin_BuscadorContainer\">\n    <\/div>\n<\/div>\n\t\t\t\t\t\t<\/div>\n\t\t\t\t<\/div>\n\t\t\t\t<\/div>\n\t\t\t\t<section class=\"elementor-section elementor-top-section elementor-element elementor-element-606f9ca elementor-section-boxed elementor-section-height-default elementor-section-height-default\" data-id=\"606f9ca\" data-element_type=\"section\" data-e-type=\"section\" data-settings=\"{&quot;background_background&quot;:&quot;classic&quot;}\">\n\t\t\t\t\t\t<div class=\"elementor-container elementor-column-gap-default\">\n\t\t\t\t\t<div class=\"elementor-column elementor-col-100 elementor-top-column elementor-element elementor-element-0f961d6\" data-id=\"0f961d6\" data-element_type=\"column\" data-e-type=\"column\" data-settings=\"{&quot;background_background&quot;:&quot;classic&quot;}\">\n\t\t\t<div class=\"elementor-widget-wrap elementor-element-populated\">\n\t\t\t\t\t\t<section class=\"elementor-section elementor-inner-section elementor-element elementor-element-c09afa3 elementor-section-boxed elementor-section-height-default elementor-section-height-default\" data-id=\"c09afa3\" data-element_type=\"section\" data-e-type=\"section\">\n\t\t\t\t\t\t<div class=\"elementor-container elementor-column-gap-default\">\n\t\t\t\t\t<div class=\"elementor-column elementor-col-50 elementor-inner-column elementor-element elementor-element-7e115db\" data-id=\"7e115db\" data-element_type=\"column\" data-e-type=\"column\" data-settings=\"{&quot;background_background&quot;:&quot;classic&quot;}\">\n\t\t\t<div class=\"elementor-widget-wrap elementor-element-populated\">\n\t\t\t\t\t\t<div class=\"elementor-element elementor-element-9fe237f elementor-widget elementor-widget-heading\" data-id=\"9fe237f\" data-element_type=\"widget\" data-e-type=\"widget\" data-widget_type=\"heading.default\">\n\t\t\t\t<div class=\"elementor-widget-container\">\n\t\t\t\t\t<h2 class=\"elementor-heading-title elementor-size-default\">Bem-vindo aos Apartamentos Credencial -<i><br> <\/i>o teu ref\u00fagio perfeito em Sarria<\/h2>\t\t\t\t<\/div>\n\t\t\t\t<\/div>\n\t\t\t\t<div class=\"elementor-element elementor-element-07e5578 elementor-widget__width-initial elementor-widget elementor-widget-image\" data-id=\"07e5578\" data-element_type=\"widget\" data-e-type=\"widget\" data-widget_type=\"image.default\">\n\t\t\t\t<div class=\"elementor-widget-container\">\n\t\t\t\t\t\t\t\t\t\t\t\t\t\t\t<img decoding=\"async\" width=\"202\" height=\"43\" src=\"https:\/\/apartamentoscredencial.com\/wp-content\/uploads\/2024\/07\/LUCIA-LP-PEREZ-4.webp\" class=\"attachment-full size-full wp-image-1641\" alt=\"\" \/>\t\t\t\t\t\t\t\t\t\t\t\t\t\t\t<\/div>\n\t\t\t\t<\/div>\n\t\t\t\t<div class=\"elementor-element elementor-element-6d4e4fc elementor-widget elementor-widget-text-editor\" data-id=\"6d4e4fc\" data-element_type=\"widget\" data-e-type=\"widget\" data-widget_type=\"text-editor.default\">\n\t\t\t\t<div class=\"elementor-widget-container\">\n\t\t\t\t\t\t\t\t\t<p>Bem-vindo aos <strong>Apartamentos Credencial<\/strong>, onde o conforto e a hospitalidade se encontram no cora\u00e7\u00e3o do Caminho de Santiago. Pertencentes ao reconhecido Grupo Credencial, os nossos seis apartamentos tur\u00edsticos foram concebidos para te proporcionar uma estadia \u00fanica e relaxante. Cada apartamento est\u00e1 equipado com todos os confortos modernos para que te sintas em casa, desde cozinhas totalmente equipadas a Wi-Fi gratuito. Quer viajes sozinho, em casal, com amigos ou em fam\u00edlia, nos Apartamentos Credencial encontrar\u00e1s o local perfeito para descansar e recarregar baterias ap\u00f3s um dia de explora\u00e7\u00e3o e aventura.   <strong>. Escolhe as tuas datas e reserva a tua pausa!<\/strong><\/p>\t\t\t\t\t\t\t\t<\/div>\n\t\t\t\t<\/div>\n\t\t\t\t\t<\/div>\n\t\t<\/div>\n\t\t\t\t<div class=\"elementor-column elementor-col-50 elementor-inner-column elementor-element elementor-element-ac19cf8\" data-id=\"ac19cf8\" data-element_type=\"column\" data-e-type=\"column\">\n\t\t\t<div class=\"elementor-widget-wrap\">\n\t\t\t\t\t\t\t<\/div>\n\t\t<\/div>\n\t\t\t\t\t<\/div>\n\t\t<\/section>\n\t\t\t\t<section class=\"elementor-section elementor-inner-section elementor-element elementor-element-20c55d8 elementor-section-boxed elementor-section-height-default elementor-section-height-default\" data-id=\"20c55d8\" data-element_type=\"section\" data-e-type=\"section\" data-settings=\"{&quot;background_background&quot;:&quot;classic&quot;}\">\n\t\t\t\t\t\t<div class=\"elementor-container elementor-column-gap-default\">\n\t\t\t\t\t<div class=\"elementor-column elementor-col-33 elementor-inner-column elementor-element elementor-element-3043d21\" data-id=\"3043d21\" data-element_type=\"column\" data-e-type=\"column\">\n\t\t\t<div class=\"elementor-widget-wrap elementor-element-populated\">\n\t\t\t\t\t\t<div class=\"elementor-element elementor-element-cd16c56 elementor-widget elementor-widget-heading\" data-id=\"cd16c56\" data-element_type=\"widget\" data-e-type=\"widget\" data-widget_type=\"heading.default\">\n\t\t\t\t<div class=\"elementor-widget-container\">\n\t\t\t\t\t<span class=\"elementor-heading-title elementor-size-default\">10<\/span>\t\t\t\t<\/div>\n\t\t\t\t<\/div>\n\t\t\t\t<div class=\"elementor-element elementor-element-aa5357b elementor-widget elementor-widget-text-editor\" data-id=\"aa5357b\" data-element_type=\"widget\" data-e-type=\"widget\" data-widget_type=\"text-editor.default\">\n\t\t\t\t<div class=\"elementor-widget-container\">\n\t\t\t\t\t\t\t\t\t<p style=\"text-align: center;\">anos de experi\u00eancia<\/p>\t\t\t\t\t\t\t\t<\/div>\n\t\t\t\t<\/div>\n\t\t\t\t\t<\/div>\n\t\t<\/div>\n\t\t\t\t<div class=\"elementor-column elementor-col-33 elementor-inner-column elementor-element elementor-element-a5da383\" data-id=\"a5da383\" data-element_type=\"column\" data-e-type=\"column\">\n\t\t\t<div class=\"elementor-widget-wrap elementor-element-populated\">\n\t\t\t\t\t\t<div class=\"elementor-element elementor-element-cd64e36 elementor-widget elementor-widget-heading\" data-id=\"cd64e36\" data-element_type=\"widget\" data-e-type=\"widget\" data-widget_type=\"heading.default\">\n\t\t\t\t<div class=\"elementor-widget-container\">\n\t\t\t\t\t<span class=\"elementor-heading-title elementor-size-default\">54<\/span>\t\t\t\t<\/div>\n\t\t\t\t<\/div>\n\t\t\t\t<div class=\"elementor-element elementor-element-0c29c79 elementor-widget elementor-widget-text-editor\" data-id=\"0c29c79\" data-element_type=\"widget\" data-e-type=\"widget\" data-widget_type=\"text-editor.default\">\n\t\t\t\t<div class=\"elementor-widget-container\">\n\t\t\t\t\t\t\t\t\t<p>lugares<\/p>\t\t\t\t\t\t\t\t<\/div>\n\t\t\t\t<\/div>\n\t\t\t\t\t<\/div>\n\t\t<\/div>\n\t\t\t\t<div class=\"elementor-column elementor-col-33 elementor-inner-column elementor-element elementor-element-abdabcc\" data-id=\"abdabcc\" data-element_type=\"column\" data-e-type=\"column\">\n\t\t\t<div class=\"elementor-widget-wrap elementor-element-populated\">\n\t\t\t\t\t\t<div class=\"elementor-element elementor-element-5546e1e elementor-widget elementor-widget-heading\" data-id=\"5546e1e\" data-element_type=\"widget\" data-e-type=\"widget\" data-widget_type=\"heading.default\">\n\t\t\t\t<div class=\"elementor-widget-container\">\n\t\t\t\t\t<span class=\"elementor-heading-title elementor-size-default\">12<\/span>\t\t\t\t<\/div>\n\t\t\t\t<\/div>\n\t\t\t\t<div class=\"elementor-element elementor-element-0914f57 elementor-widget elementor-widget-text-editor\" data-id=\"0914f57\" data-element_type=\"widget\" data-e-type=\"widget\" data-widget_type=\"text-editor.default\">\n\t\t\t\t<div class=\"elementor-widget-container\">\n\t\t\t\t\t\t\t\t\t<p style=\"text-align: center;\">Apartamentos<\/p><p> <\/p>\t\t\t\t\t\t\t\t<\/div>\n\t\t\t\t<\/div>\n\t\t\t\t\t<\/div>\n\t\t<\/div>\n\t\t\t\t\t<\/div>\n\t\t<\/section>\n\t\t\t\t\t<\/div>\n\t\t<\/div>\n\t\t\t\t\t<\/div>\n\t\t<\/section>\n\t\t\t\t<section class=\"elementor-section elementor-top-section elementor-element elementor-element-a1a96ca elementor-section-boxed elementor-section-height-default elementor-section-height-default\" data-id=\"a1a96ca\" data-element_type=\"section\" data-e-type=\"section\" data-settings=\"{&quot;background_background&quot;:&quot;classic&quot;}\">\n\t\t\t\t\t\t<div class=\"elementor-container elementor-column-gap-default\">\n\t\t\t\t\t<div class=\"elementor-column elementor-col-100 elementor-top-column elementor-element elementor-element-bf85687\" data-id=\"bf85687\" data-element_type=\"column\" data-e-type=\"column\">\n\t\t\t<div class=\"elementor-widget-wrap elementor-element-populated\">\n\t\t\t\t\t\t<section class=\"elementor-section elementor-inner-section elementor-element elementor-element-9a9a959 elementor-section-boxed elementor-section-height-default elementor-section-height-default\" data-id=\"9a9a959\" data-element_type=\"section\" data-e-type=\"section\">\n\t\t\t\t\t\t<div class=\"elementor-container elementor-column-gap-default\">\n\t\t\t\t\t<div class=\"elementor-column elementor-col-100 elementor-inner-column elementor-element elementor-element-302f159\" data-id=\"302f159\" data-element_type=\"column\" data-e-type=\"column\">\n\t\t\t<div class=\"elementor-widget-wrap elementor-element-populated\">\n\t\t\t\t\t\t<div class=\"elementor-element elementor-element-00355e4 elementor-widget elementor-widget-heading\" data-id=\"00355e4\" data-element_type=\"widget\" data-e-type=\"widget\" data-widget_type=\"heading.default\">\n\t\t\t\t<div class=\"elementor-widget-container\">\n\t\t\t\t\t<h2 class=\"elementor-heading-title elementor-size-default\">Todo o conforto e comodidade que mereces<\/h2>\t\t\t\t<\/div>\n\t\t\t\t<\/div>\n\t\t\t\t<div class=\"elementor-element elementor-element-fefe956 elementor-widget__width-initial elementor-widget elementor-widget-image\" data-id=\"fefe956\" data-element_type=\"widget\" data-e-type=\"widget\" data-widget_type=\"image.default\">\n\t\t\t\t<div class=\"elementor-widget-container\">\n\t\t\t\t\t\t\t\t\t\t\t\t\t\t\t<img decoding=\"async\" width=\"202\" height=\"43\" src=\"https:\/\/apartamentoscredencial.com\/wp-content\/uploads\/2024\/07\/LUCIA-LP-PEREZ-5.webp\" class=\"attachment-full size-full wp-image-1646\" alt=\"\" \/>\t\t\t\t\t\t\t\t\t\t\t\t\t\t\t<\/div>\n\t\t\t\t<\/div>\n\t\t\t\t<div class=\"elementor-element elementor-element-2c9f7ed elementor-widget elementor-widget-text-editor\" data-id=\"2c9f7ed\" data-element_type=\"widget\" data-e-type=\"widget\" data-widget_type=\"text-editor.default\">\n\t\t\t\t<div class=\"elementor-widget-container\">\n\t\t\t\t\t\t\t\t\t<p style=\"text-align: center;\">Nos <strong>Apartamentos Credencial<\/strong>, orgulhamo-nos de oferecer uma gama completa de servi\u00e7os destinados a tornar a tua estadia o mais confort\u00e1vel e agrad\u00e1vel poss\u00edvel. Desde os servi\u00e7os essenciais \u00e0s comodidades adicionais que far\u00e3o da tua visita a Sarria uma experi\u00eancia memor\u00e1vel, garantimos que nada te faltar\u00e1 durante a tua estadia. Descobre abaixo todos os servi\u00e7os que colocamos \u00e0 tua disposi\u00e7\u00e3o.  <\/p>\t\t\t\t\t\t\t\t<\/div>\n\t\t\t\t<\/div>\n\t\t\t\t\t<\/div>\n\t\t<\/div>\n\t\t\t\t\t<\/div>\n\t\t<\/section>\n\t\t\t\t<div class=\"elementor-element elementor-element-5b4d6bf elementor-arrows-position-inside elementor-widget elementor-widget-n-carousel\" data-id=\"5b4d6bf\" data-element_type=\"widget\" data-e-type=\"widget\" data-settings=\"{&quot;carousel_items&quot;:[{&quot;slide_title&quot;:&quot;Slide #1&quot;,&quot;_id&quot;:&quot;8a65f9f&quot;},{&quot;slide_title&quot;:&quot;Slide #3&quot;,&quot;_id&quot;:&quot;26b6a2c&quot;},{&quot;slide_title&quot;:&quot;Slide #2&quot;,&quot;_id&quot;:&quot;af02ad3&quot;},{&quot;slide_title&quot;:&quot;Slide #3&quot;,&quot;_id&quot;:&quot;df2d8e4&quot;},{&quot;slide_title&quot;:&quot;Slide #3&quot;,&quot;_id&quot;:&quot;ba45e11&quot;}],&quot;slides_to_show&quot;:&quot;2&quot;,&quot;slides_to_scroll&quot;:&quot;1&quot;,&quot;slides_to_show_tablet&quot;:&quot;2&quot;,&quot;slides_to_show_mobile&quot;:&quot;1&quot;,&quot;autoplay&quot;:&quot;yes&quot;,&quot;autoplay_speed&quot;:5000,&quot;pause_on_interaction&quot;:&quot;yes&quot;,&quot;infinite&quot;:&quot;yes&quot;,&quot;speed&quot;:500,&quot;offset_sides&quot;:&quot;none&quot;,&quot;arrows&quot;:&quot;yes&quot;,&quot;image_spacing_custom&quot;:{&quot;unit&quot;:&quot;px&quot;,&quot;size&quot;:10,&quot;sizes&quot;:[]},&quot;image_spacing_custom_tablet&quot;:{&quot;unit&quot;:&quot;px&quot;,&quot;size&quot;:&quot;&quot;,&quot;sizes&quot;:[]},&quot;image_spacing_custom_mobile&quot;:{&quot;unit&quot;:&quot;px&quot;,&quot;size&quot;:&quot;&quot;,&quot;sizes&quot;:[]}}\" data-widget_type=\"nested-carousel.default\">\n\t\t\t\t<div class=\"elementor-widget-container\">\n\t\t\t\t\t\t\t<div class=\"e-n-carousel swiper\" role=\"region\" aria-roledescription=\"carousel\" aria-label=\"Carousel\" dir=\"ltr\">\n\t\t\t<div class=\"swiper-wrapper\" aria-live=\"off\">\n\t\t\t\t\t\t\t\t\t\t<div class=\"swiper-slide\" data-slide=\"1\" role=\"group\" aria-roledescription=\"slide\" aria-label=\"1 of 5\">\n\t\t\t\t\t\t\t<div class=\"elementor-element elementor-element-0314e3b e-flex e-con-boxed e-con e-child\" data-id=\"0314e3b\" data-element_type=\"container\" data-e-type=\"container\">\n\t\t\t\t\t<div class=\"e-con-inner\">\n\t\t\t\t<div class=\"elementor-element elementor-element-a8fc3a4 elementor-cta--layout-image-right elementor-cta--valign-middle elementor-cta--mobile-layout-image-above elementor-cta--skin-classic elementor-animated-content elementor-bg-transform elementor-bg-transform-zoom-in elementor-widget elementor-widget-call-to-action\" data-id=\"a8fc3a4\" data-element_type=\"widget\" data-e-type=\"widget\" data-widget_type=\"call-to-action.default\">\n\t\t\t\t<div class=\"elementor-widget-container\">\n\t\t\t\t\t\t\t<div class=\"elementor-cta\">\n\t\t\t\t\t<div class=\"elementor-cta__bg-wrapper\">\n\t\t\t\t<div class=\"elementor-cta__bg elementor-bg\" style=\"background-image: url(https:\/\/apartamentoscredencial.com\/wp-content\/uploads\/2026\/04\/Diseno-sin-titulo-2026-04-23T113854.212-1024x676.jpg);\" role=\"img\" aria-label=\"Cocina de un apartamento del Grupo Credencial en Sarria, en pleno camino de Santiago\"><\/div>\n\t\t\t\t<div class=\"elementor-cta__bg-overlay\"><\/div>\n\t\t\t<\/div>\n\t\t\t\t\t\t\t<div class=\"elementor-cta__content\">\n\t\t\t\t\n\t\t\t\t\t\t\t\t\t<h2 class=\"elementor-cta__title elementor-cta__content-item elementor-content-item\">\n\t\t\t\t\t\tCozinhas bem equipadas  \t\t\t\t\t<\/h2>\n\t\t\t\t\n\t\t\t\t\t\t\t\t\t<div class=\"elementor-cta__description elementor-cta__content-item elementor-content-item\">\n\t\t\t\t\t\tCada apartamento tem uma cozinha totalmente equipada para que te sintas em casa durante a tua estadia.\t\t\t\t\t<\/div>\n\t\t\t\t\n\t\t\t\t\t\t\t<\/div>\n\t\t\t\t\t\t<\/div>\n\t\t\t\t\t\t<\/div>\n\t\t\t\t<\/div>\n\t\t\t\t\t<\/div>\n\t\t\t\t<\/div>\n\t\t\t\t\t\t\t\t<\/div>\n\t\t\t\t\t\t\t\t\t\t\t<div class=\"swiper-slide\" data-slide=\"2\" role=\"group\" aria-roledescription=\"slide\" aria-label=\"2 of 5\">\n\t\t\t\t\t\t\t<div class=\"elementor-element elementor-element-7dca239 e-flex e-con-boxed e-con e-child\" data-id=\"7dca239\" data-element_type=\"container\" data-e-type=\"container\">\n\t\t\t\t\t<div class=\"e-con-inner\">\n\t\t\t\t<div class=\"elementor-element elementor-element-af0f360 elementor-cta--layout-image-right elementor-cta--valign-middle elementor-cta--skin-classic elementor-animated-content elementor-bg-transform elementor-bg-transform-zoom-in elementor-widget elementor-widget-call-to-action\" data-id=\"af0f360\" data-element_type=\"widget\" data-e-type=\"widget\" data-widget_type=\"call-to-action.default\">\n\t\t\t\t<div class=\"elementor-widget-container\">\n\t\t\t\t\t\t\t<div class=\"elementor-cta\">\n\t\t\t\t\t<div class=\"elementor-cta__bg-wrapper\">\n\t\t\t\t<div class=\"elementor-cta__bg elementor-bg\" style=\"background-image: url(https:\/\/apartamentoscredencial.com\/wp-content\/uploads\/2026\/04\/Diseno-sin-titulo-2026-04-23T113927.961-1024x676.jpg);\" role=\"img\" aria-label=\"Habitaci\u00f3n de la pensi\u00f3n Credencial con las toallas en forma de concha, en el camino de Santiago\"><\/div>\n\t\t\t\t<div class=\"elementor-cta__bg-overlay\"><\/div>\n\t\t\t<\/div>\n\t\t\t\t\t\t\t<div class=\"elementor-cta__content\">\n\t\t\t\t\n\t\t\t\t\t\t\t\t\t<h2 class=\"elementor-cta__title elementor-cta__content-item elementor-content-item\">\n\t\t\t\t\t\tRoupa de cama e toalhas  \t\t\t\t\t<\/h2>\n\t\t\t\t\n\t\t\t\t\t\t\t\t\t<div class=\"elementor-cta__description elementor-cta__content-item elementor-content-item\">\n\t\t\t\t\t\tFornecemos-te roupa de cama e toalhas de qualidade para que s\u00f3 tenhas de te preocupar em desfrutar de Sarria.\t\t\t\t\t<\/div>\n\t\t\t\t\n\t\t\t\t\t\t\t<\/div>\n\t\t\t\t\t\t<\/div>\n\t\t\t\t\t\t<\/div>\n\t\t\t\t<\/div>\n\t\t\t\t\t<\/div>\n\t\t\t\t<\/div>\n\t\t\t\t\t\t\t\t<\/div>\n\t\t\t\t\t\t\t\t\t\t\t<div class=\"swiper-slide\" data-slide=\"3\" role=\"group\" aria-roledescription=\"slide\" aria-label=\"3 of 5\">\n\t\t\t\t\t\t\t<div class=\"elementor-element elementor-element-fe049f1 e-flex e-con-boxed e-con e-child\" data-id=\"fe049f1\" data-element_type=\"container\" data-e-type=\"container\">\n\t\t\t\t\t<div class=\"e-con-inner\">\n\t\t\t\t<div class=\"elementor-element elementor-element-44d854d elementor-cta--layout-image-right elementor-cta--valign-middle elementor-cta--skin-classic elementor-animated-content elementor-bg-transform elementor-bg-transform-zoom-in elementor-widget elementor-widget-call-to-action\" data-id=\"44d854d\" data-element_type=\"widget\" data-e-type=\"widget\" data-widget_type=\"call-to-action.default\">\n\t\t\t\t<div class=\"elementor-widget-container\">\n\t\t\t\t\t\t\t<div class=\"elementor-cta\">\n\t\t\t\t\t<div class=\"elementor-cta__bg-wrapper\">\n\t\t\t\t<div class=\"elementor-cta__bg elementor-bg\" style=\"background-image: url(https:\/\/apartamentoscredencial.com\/wp-content\/uploads\/2026\/04\/Diseno-sin-titulo-2026-04-23T115147.563-1024x676.jpg);\" role=\"img\" aria-label=\"Recepci\u00f3n del Grupo Credencial con maletas apiladas listas para recoger, en Sarria\"><\/div>\n\t\t\t\t<div class=\"elementor-cta__bg-overlay\"><\/div>\n\t\t\t<\/div>\n\t\t\t\t\t\t\t<div class=\"elementor-cta__content\">\n\t\t\t\t\n\t\t\t\t\t\t\t\t\t<h2 class=\"elementor-cta__title elementor-cta__content-item elementor-content-item\">\n\t\t\t\t\t\tGest\u00e3o da transfer\u00eancia de bagagens\t\t\t\t\t<\/h2>\n\t\t\t\t\n\t\t\t\t\t\t\t\t\t<div class=\"elementor-cta__description elementor-cta__content-item elementor-content-item\">\n\t\t\t\t\t\t\nN\u00f3s tratamos do transporte da tua bagagem para que possas percorrer o Caminho com total liberdade e sem peso.\t\t\t\t\t<\/div>\n\t\t\t\t\n\t\t\t\t\t\t\t<\/div>\n\t\t\t\t\t\t<\/div>\n\t\t\t\t\t\t<\/div>\n\t\t\t\t<\/div>\n\t\t\t\t\t<\/div>\n\t\t\t\t<\/div>\n\t\t\t\t\t\t\t\t<\/div>\n\t\t\t\t\t\t\t\t\t\t\t<div class=\"swiper-slide\" data-slide=\"4\" role=\"group\" aria-roledescription=\"slide\" aria-label=\"4 of 5\">\n\t\t\t\t\t\t\t<div class=\"elementor-element elementor-element-b141e9f e-flex e-con-boxed e-con e-child\" data-id=\"b141e9f\" data-element_type=\"container\" data-e-type=\"container\">\n\t\t\t\t\t<div class=\"e-con-inner\">\n\t\t\t\t<div class=\"elementor-element elementor-element-9c2a301 elementor-cta--layout-image-right elementor-cta--valign-middle elementor-cta--skin-classic elementor-animated-content elementor-bg-transform elementor-bg-transform-zoom-in elementor-widget elementor-widget-call-to-action\" data-id=\"9c2a301\" data-element_type=\"widget\" data-e-type=\"widget\" data-widget_type=\"call-to-action.default\">\n\t\t\t\t<div class=\"elementor-widget-container\">\n\t\t\t\t\t\t\t<div class=\"elementor-cta\">\n\t\t\t\t\t<div class=\"elementor-cta__bg-wrapper\">\n\t\t\t\t<div class=\"elementor-cta__bg elementor-bg\" style=\"background-image: url(https:\/\/apartamentoscredencial.com\/wp-content\/uploads\/2026\/04\/Diseno-sin-titulo-2026-04-23T114611.252-1024x676.jpg);\" role=\"img\" aria-label=\"Un aparcamiento privado en los apartamentos del grupo credencial\"><\/div>\n\t\t\t\t<div class=\"elementor-cta__bg-overlay\"><\/div>\n\t\t\t<\/div>\n\t\t\t\t\t\t\t<div class=\"elementor-cta__content\">\n\t\t\t\t\n\t\t\t\t\t\t\t\t\t<h2 class=\"elementor-cta__title elementor-cta__content-item elementor-content-item\">\n\t\t\t\t\t\tEstacionamento privado\t\t\t\t\t<\/h2>\n\t\t\t\t\n\t\t\t\t\t\t\t\t\t<div class=\"elementor-cta__description elementor-cta__content-item elementor-content-item\">\n\t\t\t\t\t\tEstacionamento privado e seguro perto do teu apartamento por apenas 5\u20ac\/noite, dispon\u00edvel para todos os nossos h\u00f3spedes.\t\t\t\t\t<\/div>\n\t\t\t\t\n\t\t\t\t\t\t\t<\/div>\n\t\t\t\t\t\t<\/div>\n\t\t\t\t\t\t<\/div>\n\t\t\t\t<\/div>\n\t\t\t\t\t<\/div>\n\t\t\t\t<\/div>\n\t\t\t\t\t\t\t\t<\/div>\n\t\t\t\t\t\t\t\t\t\t\t<div class=\"swiper-slide\" data-slide=\"5\" role=\"group\" aria-roledescription=\"slide\" aria-label=\"5 of 5\">\n\t\t\t\t\t\t\t<div class=\"elementor-element elementor-element-eb14137 e-flex e-con-boxed e-con e-child\" data-id=\"eb14137\" data-element_type=\"container\" data-e-type=\"container\">\n\t\t\t\t\t<div class=\"e-con-inner\">\n\t\t\t\t<div class=\"elementor-element elementor-element-de4e2bc elementor-cta--layout-image-right elementor-cta--valign-middle elementor-cta--skin-classic elementor-animated-content elementor-bg-transform elementor-bg-transform-zoom-in elementor-widget elementor-widget-call-to-action\" data-id=\"de4e2bc\" data-element_type=\"widget\" data-e-type=\"widget\" data-widget_type=\"call-to-action.default\">\n\t\t\t\t<div class=\"elementor-widget-container\">\n\t\t\t\t\t\t\t<div class=\"elementor-cta\">\n\t\t\t\t\t<div class=\"elementor-cta__bg-wrapper\">\n\t\t\t\t<div class=\"elementor-cta__bg elementor-bg\" style=\"background-image: url(https:\/\/apartamentoscredencial.com\/wp-content\/uploads\/2024\/07\/transfer-1024x676.webp);\" role=\"img\" aria-label=\"Servicio de transporte de peregrinos al aeropuerto de Santiago, grupo Credencial\"><\/div>\n\t\t\t\t<div class=\"elementor-cta__bg-overlay\"><\/div>\n\t\t\t<\/div>\n\t\t\t\t\t\t\t<div class=\"elementor-cta__content\">\n\t\t\t\t\n\t\t\t\t\t\t\t\t\t<h2 class=\"elementor-cta__title elementor-cta__content-item elementor-content-item\">\n\t\t\t\t\t\tServi\u00e7o de transporte\t\t\t\t\t<\/h2>\n\t\t\t\t\n\t\t\t\t\t\t\t\t\t<div class=\"elementor-cta__description elementor-cta__content-item elementor-content-item\">\n\t\t\t\t\t\tN\u00f3s gerimos o teu transfer do aeroporto ou de outros pontos de origem, oferecendo-te uma op\u00e7\u00e3o confort\u00e1vel por um pre\u00e7o fixo e sem surpresas.\t\t\t\t\t<\/div>\n\t\t\t\t\n\t\t\t\t\t\t\t<\/div>\n\t\t\t\t\t\t<\/div>\n\t\t\t\t\t\t<\/div>\n\t\t\t\t<\/div>\n\t\t\t\t\t<\/div>\n\t\t\t\t<\/div>\n\t\t\t\t\t\t\t\t<\/div>\n\t\t\t\t\t\t\t\t<\/div>\n\t\t<\/div>\n\t\t\t\t\t<div class=\"elementor-swiper-button elementor-swiper-button-prev\" role=\"button\" tabindex=\"0\" aria-label=\"Anterior\">\n\t\t\t\t<svg aria-hidden=\"true\" class=\"e-font-icon-svg e-eicon-chevron-left\" viewBox=\"0 0 1000 1000\" xmlns=\"http:\/\/www.w3.org\/2000\/svg\"><path d=\"M646 125C629 125 613 133 604 142L308 442C296 454 292 471 292 487 292 504 296 521 308 533L604 854C617 867 629 875 646 875 663 875 679 871 692 858 704 846 713 829 713 812 713 796 708 779 692 767L438 487 692 225C700 217 708 204 708 187 708 171 704 154 692 142 675 129 663 125 646 125Z\"><\/path><\/svg>\t\t\t<\/div>\n\t\t\t<div class=\"elementor-swiper-button elementor-swiper-button-next\" role=\"button\" tabindex=\"0\" aria-label=\"Next\">\n\t\t\t\t<svg aria-hidden=\"true\" class=\"e-font-icon-svg e-eicon-chevron-right\" viewBox=\"0 0 1000 1000\" xmlns=\"http:\/\/www.w3.org\/2000\/svg\"><path d=\"M696 533C708 521 713 504 713 487 713 471 708 454 696 446L400 146C388 133 375 125 354 125 338 125 325 129 313 142 300 154 292 171 292 187 292 204 296 221 308 233L563 492 304 771C292 783 288 800 288 817 288 833 296 850 308 863 321 871 338 875 354 875 371 875 388 867 400 854L696 533Z\"><\/path><\/svg>\t\t\t<\/div>\n\t\t\t\t\t\t<\/div>\n\t\t\t\t<\/div>\n\t\t\t\t\t<\/div>\n\t\t<\/div>\n\t\t\t\t\t<\/div>\n\t\t<\/section>\n\t\t<div class=\"elementor-element elementor-element-7589bbb e-flex e-con-boxed e-con e-parent\" data-id=\"7589bbb\" data-element_type=\"container\" data-e-type=\"container\">\n\t\t\t\t\t<div class=\"e-con-inner\">\n\t\t<div class=\"elementor-element elementor-element-951eb7d e-con-full e-flex e-con e-child\" data-id=\"951eb7d\" data-element_type=\"container\" data-e-type=\"container\">\n\t\t\t\t<\/div>\n\t\t\t\t\t<\/div>\n\t\t\t\t<\/div>\n\t\t\t\t<section class=\"elementor-section elementor-top-section elementor-element elementor-element-cfb6874 elementor-section-boxed elementor-section-height-default elementor-section-height-default\" data-id=\"cfb6874\" data-element_type=\"section\" data-e-type=\"section\" data-settings=\"{&quot;background_background&quot;:&quot;classic&quot;}\">\n\t\t\t\t\t\t<div class=\"elementor-container elementor-column-gap-default\">\n\t\t\t\t\t<div class=\"elementor-column elementor-col-100 elementor-top-column elementor-element elementor-element-724f262\" data-id=\"724f262\" data-element_type=\"column\" data-e-type=\"column\">\n\t\t\t<div class=\"elementor-widget-wrap elementor-element-populated\">\n\t\t\t\t\t\t<div class=\"elementor-element elementor-element-d132f48 elementor-widget elementor-widget-heading\" data-id=\"d132f48\" data-element_type=\"widget\" data-e-type=\"widget\" data-widget_type=\"heading.default\">\n\t\t\t\t<div class=\"elementor-widget-container\">\n\t\t\t\t\t<h2 class=\"elementor-heading-title elementor-size-default\">Espa\u00e7os confort\u00e1veis para o teu descanso<\/h2>\t\t\t\t<\/div>\n\t\t\t\t<\/div>\n\t\t\t\t<div class=\"elementor-element elementor-element-8b28efb elementor-widget elementor-widget-image\" data-id=\"8b28efb\" data-element_type=\"widget\" data-e-type=\"widget\" data-widget_type=\"image.default\">\n\t\t\t\t<div class=\"elementor-widget-container\">\n\t\t\t\t\t\t\t\t\t\t\t\t\t\t\t<img decoding=\"async\" width=\"202\" height=\"43\" src=\"https:\/\/apartamentoscredencial.com\/wp-content\/uploads\/2024\/07\/LUCIA-LP-PEREZ-4.webp\" class=\"attachment-full size-full wp-image-1641\" alt=\"\" \/>\t\t\t\t\t\t\t\t\t\t\t\t\t\t\t<\/div>\n\t\t\t\t<\/div>\n\t\t\t\t\t<\/div>\n\t\t<\/div>\n\t\t\t\t\t<\/div>\n\t\t<\/section>\n\t\t<div class=\"elementor-element elementor-element-703f817 e-flex e-con-boxed e-con e-parent\" data-id=\"703f817\" data-element_type=\"container\" data-e-type=\"container\">\n\t\t\t\t\t<div class=\"e-con-inner\">\n\t\t<div class=\"elementor-element elementor-element-a37909d e-con-full e-flex elementor-invisible e-con e-child\" data-id=\"a37909d\" data-element_type=\"container\" data-e-type=\"container\" data-settings=\"{&quot;animation&quot;:&quot;slideInLeft&quot;}\">\n\t\t\t\t<div class=\"elementor-element elementor-element-4173fc2 elementor-widget elementor-widget-image-carousel\" data-id=\"4173fc2\" data-element_type=\"widget\" data-e-type=\"widget\" data-settings=\"{&quot;slides_to_show&quot;:&quot;1&quot;,&quot;navigation&quot;:&quot;none&quot;,&quot;infinite&quot;:&quot;yes&quot;,&quot;effect&quot;:&quot;slide&quot;,&quot;speed&quot;:500}\" data-widget_type=\"image-carousel.default\">\n\t\t\t\t<div class=\"elementor-widget-container\">\n\t\t\t\t\t\t\t<div class=\"elementor-image-carousel-wrapper swiper\" role=\"region\" aria-roledescription=\"carousel\" aria-label=\"Carrusel de im\u00e1genes\" dir=\"ltr\">\n\t\t\t<div class=\"elementor-image-carousel swiper-wrapper swiper-image-stretch\" aria-live=\"polite\">\n\t\t\t\t\t\t\t\t<div class=\"swiper-slide\" role=\"group\" aria-roledescription=\"slide\" aria-label=\"1 of 6\"><figure class=\"swiper-slide-inner\"><img decoding=\"async\" class=\"swiper-slide-image\" src=\"https:\/\/apartamentoscredencial.com\/wp-content\/uploads\/2026\/03\/imagen.webp\" alt=\"Sal\u00f3n del apartamenro\" \/><\/figure><\/div><div class=\"swiper-slide\" role=\"group\" aria-roledescription=\"slide\" aria-label=\"2 of 6\"><figure class=\"swiper-slide-inner\"><img decoding=\"async\" class=\"swiper-slide-image\" src=\"https:\/\/apartamentoscredencial.com\/wp-content\/uploads\/2026\/04\/Diseno-sin-titulo-2026-04-28T093853.579.webp\" alt=\"HABITACI\u00d3N DOBLE DEL ATICO DUPLEX CREDENCIAL CON CAMAS INDIVIDUALES EN SARRIA\" \/><\/figure><\/div><div class=\"swiper-slide\" role=\"group\" aria-roledescription=\"slide\" aria-label=\"3 of 6\"><figure class=\"swiper-slide-inner\"><img decoding=\"async\" class=\"swiper-slide-image\" src=\"https:\/\/apartamentoscredencial.com\/wp-content\/uploads\/2026\/04\/Diseno-sin-titulo-2026-04-28T093800.622.webp\" alt=\"HABITACI\u00d3N DOBLE DEL ATICO DUPLEX CREDENCIAL CON CAMA DE MATRIMONIO EN SARRIA\" \/><\/figure><\/div><div class=\"swiper-slide\" role=\"group\" aria-roledescription=\"slide\" aria-label=\"4 of 6\"><figure class=\"swiper-slide-inner\"><img decoding=\"async\" class=\"swiper-slide-image\" src=\"https:\/\/apartamentoscredencial.com\/wp-content\/uploads\/2026\/04\/Diseno-sin-titulo-2026-04-28T093833.101.webp\" alt=\"hABITACI\u00d3N DOBLE CON CAMAS INDIVIDUALES DEL ATICO DUPLEX CREDENCIAL EN SARRIA\" \/><\/figure><\/div><div class=\"swiper-slide\" role=\"group\" aria-roledescription=\"slide\" aria-label=\"5 of 6\"><figure class=\"swiper-slide-inner\"><img decoding=\"async\" class=\"swiper-slide-image\" src=\"https:\/\/apartamentoscredencial.com\/wp-content\/uploads\/2026\/04\/Diseno-sin-titulo-2026-04-28T093821.796.webp\" alt=\"TERRAZA DEL ATICO DUPLEX CREDENCIAL CON VISTAS AL CAMINO DE SANTIAGO EN SARRIA\" \/><\/figure><\/div><div class=\"swiper-slide\" role=\"group\" aria-roledescription=\"slide\" aria-label=\"6 of 6\"><figure class=\"swiper-slide-inner\"><img decoding=\"async\" class=\"swiper-slide-image\" src=\"https:\/\/apartamentoscredencial.com\/wp-content\/uploads\/2026\/04\/Diseno-sin-titulo-2026-04-28T094140.068.webp\" alt=\"TERRAZA DEL ATICO DUPLEX CREDENCIAL DE NOCHE CON VISTAS AL CAMINO DE SANTIAGO EN SARRIA\" \/><\/figure><\/div>\t\t\t<\/div>\n\t\t\t\t\t\t\t\n\t\t\t\t\t\t\t\t\t<\/div>\n\t\t\t\t\t\t<\/div>\n\t\t\t\t<\/div>\n\t\t\t\t<div class=\"elementor-element elementor-element-6106bd9 elementor-widget elementor-widget-image-box\" data-id=\"6106bd9\" data-element_type=\"widget\" data-e-type=\"widget\" data-widget_type=\"image-box.default\">\n\t\t\t\t<div class=\"elementor-widget-container\">\n\t\t\t\t\t<div class=\"elementor-image-box-wrapper\"><div class=\"elementor-image-box-content\"><h3 class=\"elementor-image-box-title\"><a href=\"https:\/\/apartamentoscredencial.com\/pt-pt\/credencial-duplex-penthouse\/\">CREDENCIAL DUPLEX PENTHOUSE<\/a><\/h3><p class=\"elementor-image-box-description\">O Credencial Duplex Penthouse com 4 quartos em Sarria oferece um espa\u00e7o amplo e luxuoso com cozinha completa, terra\u00e7o e m\u00faltiplos servi\u00e7os, ideal para grupos e fam\u00edlias que procuram uma estadia confort\u00e1vel e relaxante.<\/p><\/div><\/div>\t\t\t\t<\/div>\n\t\t\t\t<\/div>\n\t\t<div class=\"elementor-element elementor-element-ae1c33c e-con-full e-flex e-con e-child\" data-id=\"ae1c33c\" data-element_type=\"container\" data-e-type=\"container\">\n\t\t\t\t<div class=\"elementor-element elementor-element-82d451d elementor-align-center elementor-widget elementor-widget-button\" data-id=\"82d451d\" data-element_type=\"widget\" data-e-type=\"widget\" data-widget_type=\"button.default\">\n\t\t\t\t<div class=\"elementor-widget-container\">\n\t\t\t\t\t\t\t\t\t<div class=\"elementor-button-wrapper\">\n\t\t\t\t\t<a class=\"elementor-button elementor-button-link elementor-size-sm\" href=\"https:\/\/apartamentoscredencial.com\/pt-pt\/credencial-duplex-penthouse\/\">\n\t\t\t\t\t\t<span class=\"elementor-button-content-wrapper\">\n\t\t\t\t\t\t\t\t\t<span class=\"elementor-button-text\">VER DETALHES<\/span>\n\t\t\t\t\t<\/span>\n\t\t\t\t\t<\/a>\n\t\t\t\t<\/div>\n\t\t\t\t\t\t\t\t<\/div>\n\t\t\t\t<\/div>\n\t\t\t\t<div class=\"elementor-element elementor-element-cb3619c elementor-widget elementor-widget-text-editor\" data-id=\"cb3619c\" data-element_type=\"widget\" data-e-type=\"widget\" data-widget_type=\"text-editor.default\">\n\t\t\t\t<div class=\"elementor-widget-container\">\n\t\t\t\t\t\t\t\t\t<p><strong><a href=\"https:\/\/apartamentoscredencial.com\/pt-pt\/disponibilidade\/\">Livro<\/a><\/strong><\/p>\t\t\t\t\t\t\t\t<\/div>\n\t\t\t\t<\/div>\n\t\t\t\t<\/div>\n\t\t\t\t<\/div>\n\t\t<div class=\"elementor-element elementor-element-bce3c60 e-con-full e-flex elementor-invisible e-con e-child\" data-id=\"bce3c60\" data-element_type=\"container\" data-e-type=\"container\" data-settings=\"{&quot;animation&quot;:&quot;slideInLeft&quot;}\">\n\t\t\t\t<div class=\"elementor-element elementor-element-c3cf030 elementor-widget elementor-widget-image-carousel\" data-id=\"c3cf030\" data-element_type=\"widget\" data-e-type=\"widget\" data-settings=\"{&quot;slides_to_show&quot;:&quot;1&quot;,&quot;navigation&quot;:&quot;none&quot;,&quot;infinite&quot;:&quot;yes&quot;,&quot;effect&quot;:&quot;slide&quot;,&quot;speed&quot;:500}\" data-widget_type=\"image-carousel.default\">\n\t\t\t\t<div class=\"elementor-widget-container\">\n\t\t\t\t\t\t\t<div class=\"elementor-image-carousel-wrapper swiper\" role=\"region\" aria-roledescription=\"carousel\" aria-label=\"Carrusel de im\u00e1genes\" dir=\"ltr\">\n\t\t\t<div class=\"elementor-image-carousel swiper-wrapper swiper-image-stretch\" aria-live=\"polite\">\n\t\t\t\t\t\t\t\t<div class=\"swiper-slide\" role=\"group\" aria-roledescription=\"slide\" aria-label=\"1 of 6\"><figure class=\"swiper-slide-inner\"><img decoding=\"async\" class=\"swiper-slide-image\" src=\"https:\/\/apartamentoscredencial.com\/wp-content\/uploads\/2026\/04\/Diseno-sin-titulo-2026-04-28T094807.834.webp\" alt=\"Sal\u00f3n apartamento km115 credencial en sarria\" \/><\/figure><\/div><div class=\"swiper-slide\" role=\"group\" aria-roledescription=\"slide\" aria-label=\"2 of 6\"><figure class=\"swiper-slide-inner\"><img decoding=\"async\" class=\"swiper-slide-image\" src=\"https:\/\/apartamentoscredencial.com\/wp-content\/uploads\/2026\/04\/Diseno-sin-titulo-2026-04-28T095223.984.webp\" alt=\"Cocina del  apartamento km115 credencial en sarria\" \/><\/figure><\/div><div class=\"swiper-slide\" role=\"group\" aria-roledescription=\"slide\" aria-label=\"3 of 6\"><figure class=\"swiper-slide-inner\"><img decoding=\"async\" class=\"swiper-slide-image\" src=\"https:\/\/apartamentoscredencial.com\/wp-content\/uploads\/2026\/04\/Diseno-sin-titulo-2026-04-28T094925.860.webp\" alt=\"Habitaci\u00f3n doble con cama de matrimonio apartamento km115 credencial en sarria\" \/><\/figure><\/div><div class=\"swiper-slide\" role=\"group\" aria-roledescription=\"slide\" aria-label=\"4 of 6\"><figure class=\"swiper-slide-inner\"><img decoding=\"async\" class=\"swiper-slide-image\" src=\"https:\/\/apartamentoscredencial.com\/wp-content\/uploads\/2026\/04\/Diseno-sin-titulo-2026-04-28T094842.117.webp\" alt=\"Habitaci\u00f3n doble con camas individuales apartamento km115 credencial en sarria\" \/><\/figure><\/div><div class=\"swiper-slide\" role=\"group\" aria-roledescription=\"slide\" aria-label=\"5 of 6\"><figure class=\"swiper-slide-inner\"><img decoding=\"async\" class=\"swiper-slide-image\" src=\"https:\/\/apartamentoscredencial.com\/wp-content\/uploads\/2026\/04\/Diseno-sin-titulo-2026-04-28T094736.251.webp\" alt=\"Habitaci\u00f3n doble con cama de matrimonio apartamento km115 credencial en sarria\" \/><\/figure><\/div><div class=\"swiper-slide\" role=\"group\" aria-roledescription=\"slide\" aria-label=\"6 of 6\"><figure class=\"swiper-slide-inner\"><img decoding=\"async\" class=\"swiper-slide-image\" src=\"https:\/\/apartamentoscredencial.com\/wp-content\/uploads\/2026\/04\/Diseno-sin-titulo-2026-04-28T095255.589.webp\" alt=\"Vistas al camino de Santiago desde el apartamento km115 credencial en sarria\" \/><\/figure><\/div>\t\t\t<\/div>\n\t\t\t\t\t\t\t\n\t\t\t\t\t\t\t\t\t<\/div>\n\t\t\t\t\t\t<\/div>\n\t\t\t\t<\/div>\n\t\t\t\t<div class=\"elementor-element elementor-element-a058894 elementor-widget elementor-widget-image-box\" data-id=\"a058894\" data-element_type=\"widget\" data-e-type=\"widget\" data-widget_type=\"image-box.default\">\n\t\t\t\t<div class=\"elementor-widget-container\">\n\t\t\t\t\t<div class=\"elementor-image-box-wrapper\"><div class=\"elementor-image-box-content\"><h3 class=\"elementor-image-box-title\"><a href=\"https:\/\/apartamentoscredencial.com\/pt-pt\/credencial-km-115\/\">CREDENCIAL KM 115<\/a><\/h3><p class=\"elementor-image-box-description\">Apartamento espa\u00e7oso e luminoso. Com capacidade para at\u00e9 7 pessoas. Um espa\u00e7o pensado para que grupos e fam\u00edlias possam desfrutar de uma estadia confort\u00e1vel, com tudo o que precisas para te sentires em casa.  <\/p><\/div><\/div>\t\t\t\t<\/div>\n\t\t\t\t<\/div>\n\t\t<div class=\"elementor-element elementor-element-00e941c e-con-full e-flex e-con e-child\" data-id=\"00e941c\" data-element_type=\"container\" data-e-type=\"container\">\n\t\t\t\t<div class=\"elementor-element elementor-element-c3c241a elementor-align-center elementor-widget elementor-widget-button\" data-id=\"c3c241a\" data-element_type=\"widget\" data-e-type=\"widget\" data-widget_type=\"button.default\">\n\t\t\t\t<div class=\"elementor-widget-container\">\n\t\t\t\t\t\t\t\t\t<div class=\"elementor-button-wrapper\">\n\t\t\t\t\t<a class=\"elementor-button elementor-button-link elementor-size-sm\" href=\"https:\/\/apartamentoscredencial.com\/pt-pt\/credencial-km-115\/\">\n\t\t\t\t\t\t<span class=\"elementor-button-content-wrapper\">\n\t\t\t\t\t\t\t\t\t<span class=\"elementor-button-text\">VER DETALHES<\/span>\n\t\t\t\t\t<\/span>\n\t\t\t\t\t<\/a>\n\t\t\t\t<\/div>\n\t\t\t\t\t\t\t\t<\/div>\n\t\t\t\t<\/div>\n\t\t\t\t<div class=\"elementor-element elementor-element-2d91d75 elementor-widget__width-initial elementor-widget elementor-widget-text-editor\" data-id=\"2d91d75\" data-element_type=\"widget\" data-e-type=\"widget\" data-widget_type=\"text-editor.default\">\n\t\t\t\t<div class=\"elementor-widget-container\">\n\t\t\t\t\t\t\t\t\t<p><strong><a href=\"https:\/\/apartamentoscredencial.com\/pt-pt\/disponibilidade\/\">Livro<\/a><\/strong><\/p>\t\t\t\t\t\t\t\t<\/div>\n\t\t\t\t<\/div>\n\t\t\t\t<\/div>\n\t\t\t\t<\/div>\n\t\t<div class=\"elementor-element elementor-element-c4f7682 e-con-full e-flex elementor-invisible e-con e-child\" data-id=\"c4f7682\" data-element_type=\"container\" data-e-type=\"container\" data-settings=\"{&quot;animation&quot;:&quot;slideInLeft&quot;}\">\n\t\t\t\t<div class=\"elementor-element elementor-element-dfb7e1d elementor-widget elementor-widget-image-carousel\" data-id=\"dfb7e1d\" data-element_type=\"widget\" data-e-type=\"widget\" data-settings=\"{&quot;slides_to_show&quot;:&quot;1&quot;,&quot;navigation&quot;:&quot;none&quot;,&quot;lazyload&quot;:&quot;yes&quot;,&quot;infinite&quot;:&quot;yes&quot;,&quot;effect&quot;:&quot;slide&quot;,&quot;speed&quot;:500}\" data-widget_type=\"image-carousel.default\">\n\t\t\t\t<div class=\"elementor-widget-container\">\n\t\t\t\t\t\t\t<div class=\"elementor-image-carousel-wrapper swiper\" role=\"region\" aria-roledescription=\"carousel\" aria-label=\"Carrusel de im\u00e1genes\" dir=\"ltr\">\n\t\t\t<div class=\"elementor-image-carousel swiper-wrapper swiper-image-stretch\" aria-live=\"polite\">\n\t\t\t\t\t\t\t\t<div class=\"swiper-slide\" role=\"group\" aria-roledescription=\"slide\" aria-label=\"1 of 8\"><figure class=\"swiper-slide-inner\"><img class=\"swiper-slide-image swiper-lazy\" data-src=\"https:\/\/apartamentoscredencial.com\/wp-content\/uploads\/2026\/04\/Diseno-sin-titulo-2026-04-28T095757.128.webp\" alt=\"Dise\u00f1o sin t\u00edtulo - 2026-04-28T095757.128\" \/><div class=\"swiper-lazy-preloader\"><\/div><\/figure><\/div><div class=\"swiper-slide\" role=\"group\" aria-roledescription=\"slide\" aria-label=\"2 of 8\"><figure class=\"swiper-slide-inner\"><img class=\"swiper-slide-image swiper-lazy\" data-src=\"https:\/\/apartamentoscredencial.com\/wp-content\/uploads\/2026\/04\/typeelementorsiteurlhttpsapartamentoscredencial.comwp-jsonelementsidc3cf030elTypewidgetisInnerfalseisLockedfalsesettingscarousel_nameCarrusel-de-3.webp\" alt=\"{typeelementor,siteurlhttpsapartamentoscredencial.comwp-json,elements[{idc3cf030,elTypewidget,isInnerfalse,isLockedfalse,settings{carousel_nameCarrusel de (3)\" \/><div class=\"swiper-lazy-preloader\"><\/div><\/figure><\/div><div class=\"swiper-slide\" role=\"group\" aria-roledescription=\"slide\" aria-label=\"3 of 8\"><figure class=\"swiper-slide-inner\"><img class=\"swiper-slide-image swiper-lazy\" data-src=\"https:\/\/apartamentoscredencial.com\/wp-content\/uploads\/2026\/04\/typeelementorsiteurlhttpsapartamentoscredencial.comwp-jsonelementsidc3cf030elTypewidgetisInnerfalseisLockedfalsesettingscarousel_nameCarrusel-de-2.webp\" alt=\"{typeelementor,siteurlhttpsapartamentoscredencial.comwp-json,elements[{idc3cf030,elTypewidget,isInnerfalse,isLockedfalse,settings{carousel_nameCarrusel de (2)\" \/><div class=\"swiper-lazy-preloader\"><\/div><\/figure><\/div><div class=\"swiper-slide\" role=\"group\" aria-roledescription=\"slide\" aria-label=\"4 of 8\"><figure class=\"swiper-slide-inner\"><img class=\"swiper-slide-image swiper-lazy\" data-src=\"https:\/\/apartamentoscredencial.com\/wp-content\/uploads\/2026\/04\/typeelementorsiteurlhttpsapartamentoscredencial.comwp-jsonelementsidc3cf030elTypewidgetisInnerfalseisLockedfalsesettingscarousel_nameCarrusel-de-1.webp\" alt=\"{typeelementor,siteurlhttpsapartamentoscredencial.comwp-json,elements[{idc3cf030,elTypewidget,isInnerfalse,isLockedfalse,settings{carousel_nameCarrusel de (1)\" \/><div class=\"swiper-lazy-preloader\"><\/div><\/figure><\/div><div class=\"swiper-slide\" role=\"group\" aria-roledescription=\"slide\" aria-label=\"5 of 8\"><figure class=\"swiper-slide-inner\"><img class=\"swiper-slide-image swiper-lazy\" data-src=\"https:\/\/apartamentoscredencial.com\/wp-content\/uploads\/2026\/04\/typeelementorsiteurlhttpsapartamentoscredencial.comwp-jsonelementsidc3cf030elTypewidgetisInnerfalseisLockedfalsesettingscarousel_nameCarrusel-de.webp\" alt=\"{typeelementor,siteurlhttpsapartamentoscredencial.comwp-json,elements[{idc3cf030,elTypewidget,isInnerfalse,isLockedfalse,settings{carousel_nameCarrusel de\" \/><div class=\"swiper-lazy-preloader\"><\/div><\/figure><\/div><div class=\"swiper-slide\" role=\"group\" aria-roledescription=\"slide\" aria-label=\"6 of 8\"><figure class=\"swiper-slide-inner\"><img class=\"swiper-slide-image swiper-lazy\" data-src=\"https:\/\/apartamentoscredencial.com\/wp-content\/uploads\/2026\/04\/Diseno-sin-titulo-2026-04-28T095919.826.webp\" alt=\"Dise\u00f1o sin t\u00edtulo - 2026-04-28T095919.826\" \/><div class=\"swiper-lazy-preloader\"><\/div><\/figure><\/div><div class=\"swiper-slide\" role=\"group\" aria-roledescription=\"slide\" aria-label=\"7 of 8\"><figure class=\"swiper-slide-inner\"><img class=\"swiper-slide-image swiper-lazy\" data-src=\"https:\/\/apartamentoscredencial.com\/wp-content\/uploads\/2026\/04\/Diseno-sin-titulo-2026-04-28T095912.178.webp\" alt=\"Dise\u00f1o sin t\u00edtulo - 2026-04-28T095912.178\" \/><div class=\"swiper-lazy-preloader\"><\/div><\/figure><\/div><div class=\"swiper-slide\" role=\"group\" aria-roledescription=\"slide\" aria-label=\"8 of 8\"><figure class=\"swiper-slide-inner\"><img class=\"swiper-slide-image swiper-lazy\" data-src=\"https:\/\/apartamentoscredencial.com\/wp-content\/uploads\/2026\/04\/Diseno-sin-titulo-2026-04-28T095857.558.webp\" alt=\"Dise\u00f1o sin t\u00edtulo - 2026-04-28T095857.558\" \/><div class=\"swiper-lazy-preloader\"><\/div><\/figure><\/div>\t\t\t<\/div>\n\t\t\t\t\t\t\t\n\t\t\t\t\t\t\t\t\t<\/div>\n\t\t\t\t\t\t<\/div>\n\t\t\t\t<\/div>\n\t\t\t\t<div class=\"elementor-element elementor-element-ba31663 elementor-widget elementor-widget-image-box\" data-id=\"ba31663\" data-element_type=\"widget\" data-e-type=\"widget\" data-widget_type=\"image-box.default\">\n\t\t\t\t<div class=\"elementor-widget-container\">\n\t\t\t\t\t<div class=\"elementor-image-box-wrapper\"><div class=\"elementor-image-box-content\"><h3 class=\"elementor-image-box-title\"><a href=\"https:\/\/apartamentoscredencial.com\/pt-pt\/credencial-boulevard\/\">CREDENCIAL BOULEVARD<\/a><\/h3><p class=\"elementor-image-box-description\">Os nossos seis apartamentos de f\u00e9rias foram concebidos para te oferecer uma estadia \u00fanica e relaxante. Cada apartamento est\u00e1 equipado com todo o conforto, o lugar perfeito para descansar e recarregar as tuas baterias. <\/p><\/div><\/div>\t\t\t\t<\/div>\n\t\t\t\t<\/div>\n\t\t<div class=\"elementor-element elementor-element-bd746a6 e-con-full e-flex e-con e-child\" data-id=\"bd746a6\" data-element_type=\"container\" data-e-type=\"container\">\n\t\t\t\t<div class=\"elementor-element elementor-element-8da6989 elementor-align-center elementor-widget elementor-widget-button\" data-id=\"8da6989\" data-element_type=\"widget\" data-e-type=\"widget\" data-widget_type=\"button.default\">\n\t\t\t\t<div class=\"elementor-widget-container\">\n\t\t\t\t\t\t\t\t\t<div class=\"elementor-button-wrapper\">\n\t\t\t\t\t<a class=\"elementor-button elementor-button-link elementor-size-sm\" href=\"https:\/\/apartamentoscredencial.com\/pt-pt\/credencial-boulevard\/\">\n\t\t\t\t\t\t<span class=\"elementor-button-content-wrapper\">\n\t\t\t\t\t\t\t\t\t<span class=\"elementor-button-text\">VER DETALHES<\/span>\n\t\t\t\t\t<\/span>\n\t\t\t\t\t<\/a>\n\t\t\t\t<\/div>\n\t\t\t\t\t\t\t\t<\/div>\n\t\t\t\t<\/div>\n\t\t\t\t<div class=\"elementor-element elementor-element-77a2831 elementor-widget__width-initial elementor-widget elementor-widget-text-editor\" data-id=\"77a2831\" data-element_type=\"widget\" data-e-type=\"widget\" data-widget_type=\"text-editor.default\">\n\t\t\t\t<div class=\"elementor-widget-container\">\n\t\t\t\t\t\t\t\t\t<p><strong><a href=\"https:\/\/apartamentoscredencial.com\/pt-pt\/disponibilidade\/\">Livro<\/a><\/strong><\/p>\t\t\t\t\t\t\t\t<\/div>\n\t\t\t\t<\/div>\n\t\t\t\t<\/div>\n\t\t\t\t<\/div>\n\t\t<div class=\"elementor-element elementor-element-08cda89 e-con-full e-flex elementor-invisible e-con e-child\" data-id=\"08cda89\" data-element_type=\"container\" data-e-type=\"container\" data-settings=\"{&quot;animation&quot;:&quot;slideInLeft&quot;}\">\n\t\t\t\t<div class=\"elementor-element elementor-element-83211fc elementor-widget elementor-widget-image-carousel\" data-id=\"83211fc\" data-element_type=\"widget\" data-e-type=\"widget\" data-settings=\"{&quot;slides_to_show&quot;:&quot;1&quot;,&quot;navigation&quot;:&quot;none&quot;,&quot;infinite&quot;:&quot;yes&quot;,&quot;effect&quot;:&quot;slide&quot;,&quot;speed&quot;:500}\" data-widget_type=\"image-carousel.default\">\n\t\t\t\t<div class=\"elementor-widget-container\">\n\t\t\t\t\t\t\t<div class=\"elementor-image-carousel-wrapper swiper\" role=\"region\" aria-roledescription=\"carousel\" aria-label=\"Carrusel de im\u00e1genes\" dir=\"ltr\">\n\t\t\t<div class=\"elementor-image-carousel swiper-wrapper swiper-image-stretch\" aria-live=\"polite\">\n\t\t\t\t\t\t\t\t<div class=\"swiper-slide\" role=\"group\" aria-roledescription=\"slide\" aria-label=\"1 of 4\"><figure class=\"swiper-slide-inner\"><img decoding=\"async\" class=\"swiper-slide-image\" src=\"https:\/\/apartamentoscredencial.com\/wp-content\/uploads\/2026\/04\/credencial-84.webp\" alt=\"apartamento credencial avda. becerre\u00e1 en sarria\" \/><\/figure><\/div><div class=\"swiper-slide\" role=\"group\" aria-roledescription=\"slide\" aria-label=\"2 of 4\"><figure class=\"swiper-slide-inner\"><img decoding=\"async\" class=\"swiper-slide-image\" src=\"https:\/\/apartamentoscredencial.com\/wp-content\/uploads\/2026\/04\/credencial-87.webp\" alt=\"habitaci\u00f3n doble apartamento credencial avda. becerre\u00e1\" \/><\/figure><\/div><div class=\"swiper-slide\" role=\"group\" aria-roledescription=\"slide\" aria-label=\"3 of 4\"><figure class=\"swiper-slide-inner\"><img decoding=\"async\" class=\"swiper-slide-image\" src=\"https:\/\/apartamentoscredencial.com\/wp-content\/uploads\/2026\/04\/credencial-86.webp\" alt=\"habitacion doble con camas individualesapartamento credencial avda. becerre\u00e1\" \/><\/figure><\/div><div class=\"swiper-slide\" role=\"group\" aria-roledescription=\"slide\" aria-label=\"4 of 4\"><figure class=\"swiper-slide-inner\"><img decoding=\"async\" class=\"swiper-slide-image\" src=\"https:\/\/apartamentoscredencial.com\/wp-content\/uploads\/2026\/04\/credencial-85.webp\" alt=\"credencial (85)\" \/><\/figure><\/div>\t\t\t<\/div>\n\t\t\t\t\t\t\t\n\t\t\t\t\t\t\t\t\t<\/div>\n\t\t\t\t\t\t<\/div>\n\t\t\t\t<\/div>\n\t\t\t\t<div class=\"elementor-element elementor-element-906954e elementor-widget elementor-widget-image-box\" data-id=\"906954e\" data-element_type=\"widget\" data-e-type=\"widget\" data-widget_type=\"image-box.default\">\n\t\t\t\t<div class=\"elementor-widget-container\">\n\t\t\t\t\t<div class=\"elementor-image-box-wrapper\"><div class=\"elementor-image-box-content\"><h3 class=\"elementor-image-box-title\"><a href=\"https:\/\/apartamentoscredencial.com\/pt-pt\/credential-flat-avda-becerrea\/\">CREDENTIAL FLAT AVDA. BECERRE\u00c1 <\/a><\/h3><p class=\"elementor-image-box-description\">Credencial Avda. Becerra \u00e9 um apartamento de f\u00e9rias espa\u00e7oso e confort\u00e1vel em Sarria, ideal para fam\u00edlias e grupos. Com uma capacidade at\u00e9 6 pessoas, oferece todos os confortos necess\u00e1rios para uma estadia relaxante.  <\/p><\/div><\/div>\t\t\t\t<\/div>\n\t\t\t\t<\/div>\n\t\t<div class=\"elementor-element elementor-element-6f4ef66 e-con-full e-flex e-con e-child\" data-id=\"6f4ef66\" data-element_type=\"container\" data-e-type=\"container\">\n\t\t\t\t<div class=\"elementor-element elementor-element-90bbcec elementor-align-center elementor-widget elementor-widget-button\" data-id=\"90bbcec\" data-element_type=\"widget\" data-e-type=\"widget\" data-widget_type=\"button.default\">\n\t\t\t\t<div class=\"elementor-widget-container\">\n\t\t\t\t\t\t\t\t\t<div class=\"elementor-button-wrapper\">\n\t\t\t\t\t<a class=\"elementor-button elementor-button-link elementor-size-sm\" href=\"https:\/\/apartamentoscredencial.com\/pt-pt\/credential-flat-avda-becerrea\/\">\n\t\t\t\t\t\t<span class=\"elementor-button-content-wrapper\">\n\t\t\t\t\t\t\t\t\t<span class=\"elementor-button-text\">VER DETALHES<\/span>\n\t\t\t\t\t<\/span>\n\t\t\t\t\t<\/a>\n\t\t\t\t<\/div>\n\t\t\t\t\t\t\t\t<\/div>\n\t\t\t\t<\/div>\n\t\t\t\t<div class=\"elementor-element elementor-element-6d27e5f elementor-widget elementor-widget-text-editor\" data-id=\"6d27e5f\" data-element_type=\"widget\" data-e-type=\"widget\" data-widget_type=\"text-editor.default\">\n\t\t\t\t<div class=\"elementor-widget-container\">\n\t\t\t\t\t\t\t\t\t<p><strong><a href=\"https:\/\/apartamentoscredencial.com\/pt-pt\/disponibilidade\/\">Livro<\/a><\/strong><\/p>\t\t\t\t\t\t\t\t<\/div>\n\t\t\t\t<\/div>\n\t\t\t\t<\/div>\n\t\t\t\t<\/div>\n\t\t<div class=\"elementor-element elementor-element-200dc51 e-con-full e-flex elementor-invisible e-con e-child\" data-id=\"200dc51\" data-element_type=\"container\" data-e-type=\"container\" data-settings=\"{&quot;animation&quot;:&quot;slideInLeft&quot;}\">\n\t\t\t\t<div class=\"elementor-element elementor-element-23dda70 elementor-widget elementor-widget-image-carousel\" data-id=\"23dda70\" data-element_type=\"widget\" data-e-type=\"widget\" data-settings=\"{&quot;slides_to_show&quot;:&quot;1&quot;,&quot;navigation&quot;:&quot;none&quot;,&quot;infinite&quot;:&quot;yes&quot;,&quot;effect&quot;:&quot;slide&quot;,&quot;speed&quot;:500}\" data-widget_type=\"image-carousel.default\">\n\t\t\t\t<div class=\"elementor-widget-container\">\n\t\t\t\t\t\t\t<div class=\"elementor-image-carousel-wrapper swiper\" role=\"region\" aria-roledescription=\"carousel\" aria-label=\"Carrusel de im\u00e1genes\" dir=\"ltr\">\n\t\t\t<div class=\"elementor-image-carousel swiper-wrapper swiper-image-stretch\" aria-live=\"polite\">\n\t\t\t\t\t\t\t\t<div class=\"swiper-slide\" role=\"group\" aria-roledescription=\"slide\" aria-label=\"1 of 6\"><figure class=\"swiper-slide-inner\"><img decoding=\"async\" class=\"swiper-slide-image\" src=\"https:\/\/apartamentoscredencial.com\/wp-content\/uploads\/2026\/04\/Diseno-sin-titulo-2026-04-23T111111.736.webp\" alt=\"SDAl\u00f3n del apartamento Credencial Castelao, con vistas al camino de Santiago, en Sarria\" \/><\/figure><\/div><div class=\"swiper-slide\" role=\"group\" aria-roledescription=\"slide\" aria-label=\"2 of 6\"><figure class=\"swiper-slide-inner\"><img decoding=\"async\" class=\"swiper-slide-image\" src=\"https:\/\/apartamentoscredencial.com\/wp-content\/uploads\/2026\/04\/credencial-92.webp\" alt=\"Cocina del apartamento Credencial Castelao, con vistas al camino de Santiago, en Sarria\" \/><\/figure><\/div><div class=\"swiper-slide\" role=\"group\" aria-roledescription=\"slide\" aria-label=\"3 of 6\"><figure class=\"swiper-slide-inner\"><img decoding=\"async\" class=\"swiper-slide-image\" src=\"https:\/\/apartamentoscredencial.com\/wp-content\/uploads\/2026\/04\/credencial-95.webp\" alt=\"Cama de matrimonio apartamento Credencial Castelao, con vistas al camino de Santiago, en Sarria\" \/><\/figure><\/div><div class=\"swiper-slide\" role=\"group\" aria-roledescription=\"slide\" aria-label=\"4 of 6\"><figure class=\"swiper-slide-inner\"><img decoding=\"async\" class=\"swiper-slide-image\" src=\"https:\/\/apartamentoscredencial.com\/wp-content\/uploads\/2026\/04\/credencial-94.webp\" alt=\"habitaci\u00f3n doble con camas individuales del apartamento Credencial Castelao, en Sarria\" \/><\/figure><\/div><div class=\"swiper-slide\" role=\"group\" aria-roledescription=\"slide\" aria-label=\"5 of 6\"><figure class=\"swiper-slide-inner\"><img decoding=\"async\" class=\"swiper-slide-image\" src=\"https:\/\/apartamentoscredencial.com\/wp-content\/uploads\/2026\/04\/credencial-93.webp\" alt=\"habitaci\u00f3n doble con camas individuales del apartamento Credencial Castelao, en Sarria\" \/><\/figure><\/div><div class=\"swiper-slide\" role=\"group\" aria-roledescription=\"slide\" aria-label=\"6 of 6\"><figure class=\"swiper-slide-inner\"><img decoding=\"async\" class=\"swiper-slide-image\" src=\"https:\/\/apartamentoscredencial.com\/wp-content\/uploads\/2026\/04\/credencial-96.webp\" alt=\"Vistas desde el apartamento Credencial Castelao, con vistas al camino de Santiago, en Sarria\" \/><\/figure><\/div>\t\t\t<\/div>\n\t\t\t\t\t\t\t\n\t\t\t\t\t\t\t\t\t<\/div>\n\t\t\t\t\t\t<\/div>\n\t\t\t\t<\/div>\n\t\t\t\t<div class=\"elementor-element elementor-element-8773fdb elementor-widget elementor-widget-image-box\" data-id=\"8773fdb\" data-element_type=\"widget\" data-e-type=\"widget\" data-widget_type=\"image-box.default\">\n\t\t\t\t<div class=\"elementor-widget-container\">\n\t\t\t\t\t<div class=\"elementor-image-box-wrapper\"><div class=\"elementor-image-box-content\"><h3 class=\"elementor-image-box-title\"><a href=\"https:\/\/apartamentoscredencial.com\/pt-pt\/credencial-catelao\/\">CREDENCIAL <br>CASTELAO<\/a><\/h3><p class=\"elementor-image-box-description\">Credencial Castelao \u00e9 um espa\u00e7oso e confort\u00e1vel apartamento tur\u00edstico em Sarria, ideal para fam\u00edlias e grupos. Com capacidade para at\u00e9 6 pessoas, oferece todas as comodidades para uma estadia relaxante no cora\u00e7\u00e3o do Caminho de Santiago. <\/p><\/div><\/div>\t\t\t\t<\/div>\n\t\t\t\t<\/div>\n\t\t<div class=\"elementor-element elementor-element-f14a038 e-con-full e-flex e-con e-child\" data-id=\"f14a038\" data-element_type=\"container\" data-e-type=\"container\">\n\t\t\t\t<div class=\"elementor-element elementor-element-455512f elementor-align-center elementor-widget elementor-widget-button\" data-id=\"455512f\" data-element_type=\"widget\" data-e-type=\"widget\" data-widget_type=\"button.default\">\n\t\t\t\t<div class=\"elementor-widget-container\">\n\t\t\t\t\t\t\t\t\t<div class=\"elementor-button-wrapper\">\n\t\t\t\t\t<a class=\"elementor-button elementor-button-link elementor-size-sm\" href=\"https:\/\/apartamentoscredencial.com\/pt-pt\/credencial-catelao\/\">\n\t\t\t\t\t\t<span class=\"elementor-button-content-wrapper\">\n\t\t\t\t\t\t\t\t\t<span class=\"elementor-button-text\">VER DETALHES<\/span>\n\t\t\t\t\t<\/span>\n\t\t\t\t\t<\/a>\n\t\t\t\t<\/div>\n\t\t\t\t\t\t\t\t<\/div>\n\t\t\t\t<\/div>\n\t\t\t\t<div class=\"elementor-element elementor-element-62d8a1d elementor-widget elementor-widget-text-editor\" data-id=\"62d8a1d\" data-element_type=\"widget\" data-e-type=\"widget\" data-widget_type=\"text-editor.default\">\n\t\t\t\t<div class=\"elementor-widget-container\">\n\t\t\t\t\t\t\t\t\t<p><strong><a href=\"https:\/\/apartamentoscredencial.com\/pt-pt\/disponibilidade\/\">Livro<\/a><\/strong><\/p>\t\t\t\t\t\t\t\t<\/div>\n\t\t\t\t<\/div>\n\t\t\t\t<\/div>\n\t\t\t\t<\/div>\n\t\t<div class=\"elementor-element elementor-element-8c19e5a e-con-full e-flex elementor-invisible e-con e-child\" data-id=\"8c19e5a\" data-element_type=\"container\" data-e-type=\"container\" data-settings=\"{&quot;animation&quot;:&quot;slideInLeft&quot;}\">\n\t\t\t\t<div class=\"elementor-element elementor-element-f0923a2 elementor-widget elementor-widget-image-carousel\" data-id=\"f0923a2\" data-element_type=\"widget\" data-e-type=\"widget\" data-settings=\"{&quot;slides_to_show&quot;:&quot;1&quot;,&quot;navigation&quot;:&quot;none&quot;,&quot;infinite&quot;:&quot;yes&quot;,&quot;effect&quot;:&quot;slide&quot;,&quot;speed&quot;:500}\" data-widget_type=\"image-carousel.default\">\n\t\t\t\t<div class=\"elementor-widget-container\">\n\t\t\t\t\t\t\t<div class=\"elementor-image-carousel-wrapper swiper\" role=\"region\" aria-roledescription=\"carousel\" aria-label=\"Carrusel de im\u00e1genes\" dir=\"ltr\">\n\t\t\t<div class=\"elementor-image-carousel swiper-wrapper swiper-image-stretch\" aria-live=\"polite\">\n\t\t\t\t\t\t\t\t<div class=\"swiper-slide\" role=\"group\" aria-roledescription=\"slide\" aria-label=\"1 of 4\"><figure class=\"swiper-slide-inner\"><img decoding=\"async\" class=\"swiper-slide-image\" src=\"https:\/\/apartamentoscredencial.com\/wp-content\/uploads\/2026\/04\/credencial-90.webp\" alt=\"Habitaci\u00f3n doble cama matrimonio apartamento SYCA Credencial en Sarria\" \/><\/figure><\/div><div class=\"swiper-slide\" role=\"group\" aria-roledescription=\"slide\" aria-label=\"2 of 4\"><figure class=\"swiper-slide-inner\"><img decoding=\"async\" class=\"swiper-slide-image\" src=\"https:\/\/apartamentoscredencial.com\/wp-content\/uploads\/2026\/04\/credencial-91.webp\" alt=\"apartamento SYCA Credencial en Sarria camino de santiago\" \/><\/figure><\/div><div class=\"swiper-slide\" role=\"group\" aria-roledescription=\"slide\" aria-label=\"3 of 4\"><figure class=\"swiper-slide-inner\"><img decoding=\"async\" class=\"swiper-slide-image\" src=\"https:\/\/apartamentoscredencial.com\/wp-content\/uploads\/2026\/04\/credencial-89.webp\" alt=\"Cocina totalmente equipada del apartamento SYCA Credencial en Sarria\" \/><\/figure><\/div><div class=\"swiper-slide\" role=\"group\" aria-roledescription=\"slide\" aria-label=\"4 of 4\"><figure class=\"swiper-slide-inner\"><img decoding=\"async\" class=\"swiper-slide-image\" src=\"https:\/\/apartamentoscredencial.com\/wp-content\/uploads\/2026\/04\/credencial-88.webp\" alt=\"cocina del apartamento SYCA Credencial en Sarria en el camino de Santiago\" \/><\/figure><\/div>\t\t\t<\/div>\n\t\t\t\t\t\t\t\n\t\t\t\t\t\t\t\t\t<\/div>\n\t\t\t\t\t\t<\/div>\n\t\t\t\t<\/div>\n\t\t\t\t<div class=\"elementor-element elementor-element-a15a260 elementor-widget elementor-widget-image-box\" data-id=\"a15a260\" data-element_type=\"widget\" data-e-type=\"widget\" data-widget_type=\"image-box.default\">\n\t\t\t\t<div class=\"elementor-widget-container\">\n\t\t\t\t\t<div class=\"elementor-image-box-wrapper\"><div class=\"elementor-image-box-content\"><h3 class=\"elementor-image-box-title\"><a href=\"https:\/\/apartamentoscredencial.com\/pt-pt\/credencial-sayca\/\">SAYCA <br>CREDENCIAL<\/a><\/h3><p class=\"elementor-image-box-description\">Este apartamento \u00e9 composto por 3 quartos, uma sala de estar, uma cozinha totalmente equipada com frigor\u00edfico e m\u00e1quina de caf\u00e9 e 2 casas de banho com bid\u00e9 e chuveiro. Est\u00e1 localizado mesmo no centro de Sarria e tem um agrad\u00e1vel p\u00e1tio comum. <\/p><\/div><\/div>\t\t\t\t<\/div>\n\t\t\t\t<\/div>\n\t\t<div class=\"elementor-element elementor-element-f8a1c4a e-con-full e-flex e-con e-child\" data-id=\"f8a1c4a\" data-element_type=\"container\" data-e-type=\"container\">\n\t\t\t\t<div class=\"elementor-element elementor-element-cc0122f elementor-align-center elementor-widget elementor-widget-button\" data-id=\"cc0122f\" data-element_type=\"widget\" data-e-type=\"widget\" data-widget_type=\"button.default\">\n\t\t\t\t<div class=\"elementor-widget-container\">\n\t\t\t\t\t\t\t\t\t<div class=\"elementor-button-wrapper\">\n\t\t\t\t\t<a class=\"elementor-button elementor-button-link elementor-size-sm\" href=\"https:\/\/apartamentoscredencial.com\/pt-pt\/credencial-sayca\/\">\n\t\t\t\t\t\t<span class=\"elementor-button-content-wrapper\">\n\t\t\t\t\t\t\t\t\t<span class=\"elementor-button-text\">VER DETALHES<\/span>\n\t\t\t\t\t<\/span>\n\t\t\t\t\t<\/a>\n\t\t\t\t<\/div>\n\t\t\t\t\t\t\t\t<\/div>\n\t\t\t\t<\/div>\n\t\t\t\t<div class=\"elementor-element elementor-element-6c80b0f elementor-widget elementor-widget-text-editor\" data-id=\"6c80b0f\" data-element_type=\"widget\" data-e-type=\"widget\" data-widget_type=\"text-editor.default\">\n\t\t\t\t<div class=\"elementor-widget-container\">\n\t\t\t\t\t\t\t\t\t<p><strong><a href=\"https:\/\/apartamentoscredencial.com\/pt-pt\/disponibilidade\/\">Livro<\/a><\/strong><\/p>\t\t\t\t\t\t\t\t<\/div>\n\t\t\t\t<\/div>\n\t\t\t\t<\/div>\n\t\t\t\t<\/div>\n\t\t\t\t\t<\/div>\n\t\t\t\t<\/div>\n\t\t\t\t<section class=\"elementor-section elementor-top-section elementor-element elementor-element-151135b elementor-section-boxed elementor-section-height-default elementor-section-height-default\" data-id=\"151135b\" data-element_type=\"section\" data-e-type=\"section\" data-settings=\"{&quot;background_background&quot;:&quot;classic&quot;}\">\n\t\t\t\t\t\t<div class=\"elementor-container elementor-column-gap-default\">\n\t\t\t\t\t<div class=\"elementor-column elementor-col-100 elementor-top-column elementor-element elementor-element-fc2f9c4\" data-id=\"fc2f9c4\" data-element_type=\"column\" data-e-type=\"column\">\n\t\t\t<div class=\"elementor-widget-wrap elementor-element-populated\">\n\t\t\t\t\t\t<div class=\"elementor-element elementor-element-0c21fd3 elementor-widget elementor-widget-heading\" data-id=\"0c21fd3\" data-element_type=\"widget\" data-e-type=\"widget\" data-widget_type=\"heading.default\">\n\t\t\t\t<div class=\"elementor-widget-container\">\n\t\t\t\t\t<h2 class=\"elementor-heading-title elementor-size-default\">Descobre os nossos espa\u00e7os<\/h2>\t\t\t\t<\/div>\n\t\t\t\t<\/div>\n\t\t\t\t<div class=\"elementor-element elementor-element-d6f71ee elementor-widget__width-initial elementor-widget elementor-widget-image\" data-id=\"d6f71ee\" data-element_type=\"widget\" data-e-type=\"widget\" data-widget_type=\"image.default\">\n\t\t\t\t<div class=\"elementor-widget-container\">\n\t\t\t\t\t\t\t\t\t\t\t\t\t\t\t<img decoding=\"async\" width=\"202\" height=\"43\" src=\"https:\/\/apartamentoscredencial.com\/wp-content\/uploads\/2024\/07\/LUCIA-LP-PEREZ-5.webp\" class=\"attachment-full size-full wp-image-1646\" alt=\"\" \/>\t\t\t\t\t\t\t\t\t\t\t\t\t\t\t<\/div>\n\t\t\t\t<\/div>\n\t\t\t\t<div class=\"elementor-element elementor-element-86d4ba7 elementor-widget elementor-widget-gallery\" data-id=\"86d4ba7\" data-element_type=\"widget\" data-e-type=\"widget\" data-settings=\"{&quot;lazyload&quot;:&quot;yes&quot;,&quot;gallery_layout&quot;:&quot;grid&quot;,&quot;columns&quot;:4,&quot;columns_tablet&quot;:2,&quot;columns_mobile&quot;:1,&quot;gap&quot;:{&quot;unit&quot;:&quot;px&quot;,&quot;size&quot;:10,&quot;sizes&quot;:[]},&quot;gap_tablet&quot;:{&quot;unit&quot;:&quot;px&quot;,&quot;size&quot;:10,&quot;sizes&quot;:[]},&quot;gap_mobile&quot;:{&quot;unit&quot;:&quot;px&quot;,&quot;size&quot;:10,&quot;sizes&quot;:[]},&quot;aspect_ratio&quot;:&quot;3:2&quot;,&quot;overlay_background&quot;:&quot;yes&quot;,&quot;content_hover_animation&quot;:&quot;fade-in&quot;}\" data-widget_type=\"gallery.default\">\n\t\t\t\t<div class=\"elementor-widget-container\">\n\t\t\t\t\t\t\t<div class=\"elementor-gallery__container\">\n\t\t\t\t\t\t\t<div class=\"e-gallery-item elementor-gallery-item elementor-animated-content\">\n\t\t\t\t\t<div class=\"e-gallery-image elementor-gallery-item__image\" data-thumbnail=\"https:\/\/apartamentoscredencial.com\/wp-content\/uploads\/2025\/11\/Diseno-sin-titulo-2025-11-20T154043.923.webp\" data-width=\"1920\" data-height=\"1301\" aria-label=\"Sal\u00f3n cocina del apartamento \u00e1tico Credencial Bulevar en Sarria\" role=\"img\" ><\/div>\n\t\t\t\t\t\t\t\t\t\t\t<div class=\"elementor-gallery-item__overlay\"><\/div>\n\t\t\t\t\t\t\t\t\t\t\t\t\t\t<\/div>\n\t\t\t\t\t\t\t<div class=\"e-gallery-item elementor-gallery-item elementor-animated-content\">\n\t\t\t\t\t<div class=\"e-gallery-image elementor-gallery-item__image\" data-thumbnail=\"https:\/\/apartamentoscredencial.com\/wp-content\/uploads\/2025\/11\/Diseno-sin-titulo-2025-11-20T164125.704.webp\" data-width=\"1920\" data-height=\"1301\" aria-label=\"Habitaci\u00f3n doble con un sof\u00e1 cama supletorio, Grupo Credencial en el camino de Santiago\" role=\"img\" ><\/div>\n\t\t\t\t\t\t\t\t\t\t\t<div class=\"elementor-gallery-item__overlay\"><\/div>\n\t\t\t\t\t\t\t\t\t\t\t\t\t\t<\/div>\n\t\t\t\t\t\t\t<div class=\"e-gallery-item elementor-gallery-item elementor-animated-content\">\n\t\t\t\t\t<div class=\"e-gallery-image elementor-gallery-item__image\" data-thumbnail=\"https:\/\/apartamentoscredencial.com\/wp-content\/uploads\/2026\/04\/Diseno-sin-titulo-2026-04-28T090749.520.webp\" data-width=\"1920\" data-height=\"1301\" aria-label=\"terraza del apartamento credencial bulevar con vistas a la estaci\u00f3n de tren de sarria\" role=\"img\" ><\/div>\n\t\t\t\t\t\t\t\t\t\t\t<div class=\"elementor-gallery-item__overlay\"><\/div>\n\t\t\t\t\t\t\t\t\t\t\t\t\t\t<\/div>\n\t\t\t\t\t\t\t<div class=\"e-gallery-item elementor-gallery-item elementor-animated-content\">\n\t\t\t\t\t<div class=\"e-gallery-image elementor-gallery-item__image\" data-thumbnail=\"https:\/\/apartamentoscredencial.com\/wp-content\/uploads\/2026\/04\/Diseno-sin-titulo-2026-04-23T114957.084.webp\" data-width=\"1920\" data-height=\"1268\" aria-label=\"PLano detalle de la chimenea y la mesa con credenciales del apartamento Credencial Bulevar en pleno camino de Santiago\" role=\"img\" ><\/div>\n\t\t\t\t\t\t\t\t\t\t\t<div class=\"elementor-gallery-item__overlay\"><\/div>\n\t\t\t\t\t\t\t\t\t\t\t\t\t\t<\/div>\n\t\t\t\t\t\t\t<div class=\"e-gallery-item elementor-gallery-item elementor-animated-content\">\n\t\t\t\t\t<div class=\"e-gallery-image elementor-gallery-item__image\" data-thumbnail=\"https:\/\/apartamentoscredencial.com\/wp-content\/uploads\/2026\/04\/Diseno-sin-titulo-2026-04-23T115031.617.webp\" data-width=\"1920\" data-height=\"1268\" aria-label=\"PLanio detalle de un mueble de televisor del apartamento Credencial Bulevar en Sarria, Lugo\" role=\"img\" ><\/div>\n\t\t\t\t\t\t\t\t\t\t\t<div class=\"elementor-gallery-item__overlay\"><\/div>\n\t\t\t\t\t\t\t\t\t\t\t\t\t\t<\/div>\n\t\t\t\t\t\t\t<div class=\"e-gallery-item elementor-gallery-item elementor-animated-content\">\n\t\t\t\t\t<div class=\"e-gallery-image elementor-gallery-item__image\" data-thumbnail=\"https:\/\/apartamentoscredencial.com\/wp-content\/uploads\/2026\/04\/typeelementorsiteurlhttpsapartamentoscredencial.comwp-jsonelementsidc3cf030elTypewidgetisInnerfalseisLockedfalsesettingscarousel_nameCarrusel-de-3.webp\" data-width=\"1920\" data-height=\"1440\" aria-label=\"\" role=\"img\" ><\/div>\n\t\t\t\t\t\t\t\t\t\t\t<div class=\"elementor-gallery-item__overlay\"><\/div>\n\t\t\t\t\t\t\t\t\t\t\t\t\t\t<\/div>\n\t\t\t\t\t\t\t<div class=\"e-gallery-item elementor-gallery-item elementor-animated-content\">\n\t\t\t\t\t<div class=\"e-gallery-image elementor-gallery-item__image\" data-thumbnail=\"https:\/\/apartamentoscredencial.com\/wp-content\/uploads\/2024\/07\/transfer5.webp\" data-width=\"1920\" data-height=\"1268\" aria-label=\"Plano detalle de una mesa de una cocina de l apartamento Credencial, en Sarria, Lugo\" role=\"img\" ><\/div>\n\t\t\t\t\t\t\t\t\t\t\t<div class=\"elementor-gallery-item__overlay\"><\/div>\n\t\t\t\t\t\t\t\t\t\t\t\t\t\t<\/div>\n\t\t\t\t\t\t\t<div class=\"e-gallery-item elementor-gallery-item elementor-animated-content\">\n\t\t\t\t\t<div class=\"e-gallery-image elementor-gallery-item__image\" data-thumbnail=\"https:\/\/apartamentoscredencial.com\/wp-content\/uploads\/2024\/07\/u-4.webp\" data-width=\"1920\" data-height=\"1301\" aria-label=\"Recepci\u00f3n del grupo Credencial en Sarria, Camino de Santiago\" role=\"img\" ><\/div>\n\t\t\t\t\t\t\t\t\t\t\t<div class=\"elementor-gallery-item__overlay\"><\/div>\n\t\t\t\t\t\t\t\t\t\t\t\t\t\t<\/div>\n\t\t\t\t\t<\/div>\n\t\t\t\t\t<\/div>\n\t\t\t\t<\/div>\n\t\t\t\t\t<\/div>\n\t\t<\/div>\n\t\t\t\t\t<\/div>\n\t\t<\/section>\n\t\t\t\t<section class=\"elementor-section elementor-top-section elementor-element elementor-element-2b31945 elementor-section-boxed elementor-section-height-default elementor-section-height-default\" data-id=\"2b31945\" data-element_type=\"section\" data-e-type=\"section\" data-settings=\"{&quot;background_background&quot;:&quot;classic&quot;}\">\n\t\t\t\t\t\t\t<div class=\"elementor-background-overlay\"><\/div>\n\t\t\t\t\t\t\t<div class=\"elementor-container elementor-column-gap-default\">\n\t\t\t\t\t<div class=\"elementor-column elementor-col-100 elementor-top-column elementor-element elementor-element-ac0913f\" data-id=\"ac0913f\" data-element_type=\"column\" data-e-type=\"column\">\n\t\t\t<div class=\"elementor-widget-wrap elementor-element-populated\">\n\t\t\t\t\t\t<div class=\"elementor-element elementor-element-3ec9bb8 elementor-widget elementor-widget-heading\" data-id=\"3ec9bb8\" data-element_type=\"widget\" data-e-type=\"widget\" data-widget_type=\"heading.default\">\n\t\t\t\t<div class=\"elementor-widget-container\">\n\t\t\t\t\t<h2 class=\"elementor-heading-title elementor-size-default\">Explora Sarria e os seus arredores<\/h2>\t\t\t\t<\/div>\n\t\t\t\t<\/div>\n\t\t\t\t<div class=\"elementor-element elementor-element-67e55f6 elementor-widget elementor-widget-image\" data-id=\"67e55f6\" data-element_type=\"widget\" data-e-type=\"widget\" data-widget_type=\"image.default\">\n\t\t\t\t<div class=\"elementor-widget-container\">\n\t\t\t\t\t\t\t\t\t\t\t\t\t\t\t<img decoding=\"async\" width=\"202\" height=\"43\" src=\"https:\/\/apartamentoscredencial.com\/wp-content\/uploads\/2024\/07\/LUCIA-LP-PEREZ-4.webp\" class=\"attachment-full size-full wp-image-1641\" alt=\"\" \/>\t\t\t\t\t\t\t\t\t\t\t\t\t\t\t<\/div>\n\t\t\t\t<\/div>\n\t\t\t\t<section class=\"elementor-section elementor-inner-section elementor-element elementor-element-2c5351f elementor-section-boxed elementor-section-height-default elementor-section-height-default\" data-id=\"2c5351f\" data-element_type=\"section\" data-e-type=\"section\" data-settings=\"{&quot;background_background&quot;:&quot;classic&quot;}\">\n\t\t\t\t\t\t<div class=\"elementor-container elementor-column-gap-no\">\n\t\t\t\t\t<div class=\"elementor-column elementor-col-25 elementor-inner-column elementor-element elementor-element-dcde043\" data-id=\"dcde043\" data-element_type=\"column\" data-e-type=\"column\">\n\t\t\t<div class=\"elementor-widget-wrap elementor-element-populated\">\n\t\t\t\t\t\t<div class=\"elementor-element elementor-element-aquentro-content-block elementor-widget elementor-widget-aquentro-content-block\" data-id=\"aquentro-content-block\" data-element_type=\"widget\" data-e-type=\"widget\" data-widget_type=\"aquentro-content-block.default\">\n\t\t\t\t<div class=\"elementor-widget-container\">\n\t\t\t\t\t        <div class=\"aquentro-content-block\">\r\n            <div class=\"content-block-wrapper\">\r\n               <div class=\"number\">\r\n                   01.                   <span class=\"square\"><\/span>\r\n               <\/div>\r\n               <h2 class=\"block-title\">\r\n                   <a href=\"https:\/\/www.turismo.gal\/que-facer\/birding-in-galicia\/onde-ver-aves-en-galicia\/agras\/comarcas-de-lugo-e-sarria?langId=es_ES\" target=\"_blank\">Para al\u00e9m de Sarria<\/a>               <\/h2>\r\n                <div class=\"block-content\">\r\n                    Sarria est\u00e1 estrategicamente localizada perto de maravilhas como Lugo, famosa pela sua muralha romana e catedral, e a Ribeira Sacra, conhecida pelas suas paisagens deslumbrantes e vinhas. Os Canh\u00f5es do Sil s\u00e3o perfeitos para caminhadas e passeios de barco, e h\u00e1 muito mais para descobrir!  <a href=\"https:\/\/www.turismo.gal\/que-facer\/birding-in-galicia\/onde-ver-aves-en-galicia\/agras\/comarcas-de-lugo-e-sarria?langId=es_ES\"  target=\"_blank\" class=\"more-link\">Descobre<\/a>                <\/div>\r\n            <\/div>\r\n        <\/div>\r\n        \t\t\t\t<\/div>\n\t\t\t\t<\/div>\n\t\t\t\t\t<\/div>\n\t\t<\/div>\n\t\t\t\t<div class=\"elementor-column elementor-col-25 elementor-inner-column elementor-element elementor-element-4c2b2f5\" data-id=\"4c2b2f5\" data-element_type=\"column\" data-e-type=\"column\">\n\t\t\t<div class=\"elementor-widget-wrap elementor-element-populated\">\n\t\t\t\t\t\t<div class=\"elementor-element elementor-element-aquentro-content-block elementor-widget elementor-widget-aquentro-content-block\" data-id=\"aquentro-content-block\" data-element_type=\"widget\" data-e-type=\"widget\" data-widget_type=\"aquentro-content-block.default\">\n\t\t\t\t<div class=\"elementor-widget-container\">\n\t\t\t\t\t        <div class=\"aquentro-content-block\">\r\n            <div class=\"content-block-wrapper\">\r\n               <div class=\"number\">\r\n                   02.                   <span class=\"square\"><\/span>\r\n               <\/div>\r\n               <h2 class=\"block-title\">\r\n                   <a href=\"https:\/\/www.turismo.gal\/que-facer\/birding-in-galicia\/onde-ver-aves-en-galicia\/agras\/comarcas-de-lugo-e-sarria?langId=es_ES\" target=\"_blank\">Para al\u00e9m de Sarria<\/a>               <\/h2>\r\n                <div class=\"block-content\">\r\n                    Sarria est\u00e1 estrategicamente localizada perto de maravilhas como Lugo, famosa pela sua muralha romana e catedral, e a Ribeira Sacra, conhecida pelas suas paisagens deslumbrantes e vinhas. Os Canh\u00f5es do Sil s\u00e3o perfeitos para caminhadas e passeios de barco, e h\u00e1 muito mais para descobrir!  <a href=\"https:\/\/www.turismo.gal\/que-facer\/birding-in-galicia\/onde-ver-aves-en-galicia\/agras\/comarcas-de-lugo-e-sarria?langId=es_ES\"  target=\"_blank\" class=\"more-link\">Descobre<\/a>                <\/div>\r\n            <\/div>\r\n        <\/div>\r\n        \t\t\t\t<\/div>\n\t\t\t\t<\/div>\n\t\t\t\t\t<\/div>\n\t\t<\/div>\n\t\t\t\t<div class=\"elementor-column elementor-col-25 elementor-inner-column elementor-element elementor-element-5398e4c\" data-id=\"5398e4c\" data-element_type=\"column\" data-e-type=\"column\">\n\t\t\t<div class=\"elementor-widget-wrap elementor-element-populated\">\n\t\t\t\t\t\t<div class=\"elementor-element elementor-element-aquentro-content-block elementor-widget elementor-widget-aquentro-content-block\" data-id=\"aquentro-content-block\" data-element_type=\"widget\" data-e-type=\"widget\" data-widget_type=\"aquentro-content-block.default\">\n\t\t\t\t<div class=\"elementor-widget-container\">\n\t\t\t\t\t        <div class=\"aquentro-content-block\">\r\n            <div class=\"content-block-wrapper\">\r\n               <div class=\"number\">\r\n                   03.                   <span class=\"square\"><\/span>\r\n               <\/div>\r\n               <h2 class=\"block-title\">\r\n                   <a href=\"https:\/\/www.turismo.gal\/que-facer\/birding-in-galicia\/onde-ver-aves-en-galicia\/agras\/comarcas-de-lugo-e-sarria?langId=es_ES\" target=\"_blank\">Para al\u00e9m de Sarria<\/a>               <\/h2>\r\n                <div class=\"block-content\">\r\n                    Sarria est\u00e1 estrategicamente localizada perto de maravilhas como Lugo, famosa pela sua muralha romana e catedral, e a Ribeira Sacra, conhecida pelas suas paisagens deslumbrantes e vinhas. Os Canh\u00f5es do Sil s\u00e3o perfeitos para caminhadas e passeios de barco, e h\u00e1 muito mais para descobrir!  <a href=\"https:\/\/www.turismo.gal\/que-facer\/birding-in-galicia\/onde-ver-aves-en-galicia\/agras\/comarcas-de-lugo-e-sarria?langId=es_ES\"  target=\"_blank\" class=\"more-link\">Descobre<\/a>                <\/div>\r\n            <\/div>\r\n        <\/div>\r\n        \t\t\t\t<\/div>\n\t\t\t\t<\/div>\n\t\t\t\t\t<\/div>\n\t\t<\/div>\n\t\t\t\t<div class=\"elementor-column elementor-col-25 elementor-inner-column elementor-element elementor-element-227838e\" data-id=\"227838e\" data-element_type=\"column\" data-e-type=\"column\">\n\t\t\t<div class=\"elementor-widget-wrap elementor-element-populated\">\n\t\t\t\t\t\t<div class=\"elementor-element elementor-element-aquentro-content-block elementor-widget elementor-widget-aquentro-content-block\" data-id=\"aquentro-content-block\" data-element_type=\"widget\" data-e-type=\"widget\" data-widget_type=\"aquentro-content-block.default\">\n\t\t\t\t<div class=\"elementor-widget-container\">\n\t\t\t\t\t        <div class=\"aquentro-content-block\">\r\n            <div class=\"content-block-wrapper\">\r\n               <div class=\"number\">\r\n                   04.                   <span class=\"square\"><\/span>\r\n               <\/div>\r\n               <h2 class=\"block-title\">\r\n                   <a href=\"https:\/\/www.turismo.gal\/que-facer\/birding-in-galicia\/onde-ver-aves-en-galicia\/agras\/comarcas-de-lugo-e-sarria?langId=es_ES\" target=\"_blank\">Para al\u00e9m de Sarria<\/a>               <\/h2>\r\n                <div class=\"block-content\">\r\n                    Sarria est\u00e1 estrategicamente localizada perto de maravilhas como Lugo, famosa pela sua muralha romana e catedral, e a Ribeira Sacra, conhecida pelas suas paisagens deslumbrantes e vinhas. Os Canh\u00f5es do Sil s\u00e3o perfeitos para caminhadas e passeios de barco, e h\u00e1 muito mais para descobrir!  <a href=\"https:\/\/www.turismo.gal\/que-facer\/birding-in-galicia\/onde-ver-aves-en-galicia\/agras\/comarcas-de-lugo-e-sarria?langId=es_ES\"  target=\"_blank\" class=\"more-link\">Descobre<\/a>                <\/div>\r\n            <\/div>\r\n        <\/div>\r\n        \t\t\t\t<\/div>\n\t\t\t\t<\/div>\n\t\t\t\t\t<\/div>\n\t\t<\/div>\n\t\t\t\t\t<\/div>\n\t\t<\/section>\n\t\t\t\t\t<\/div>\n\t\t<\/div>\n\t\t\t\t\t<\/div>\n\t\t<\/section>\n\t\t<div class=\"elementor-element elementor-element-00381ee e-flex e-con-boxed e-con e-parent\" data-id=\"00381ee\" data-element_type=\"container\" data-e-type=\"container\" data-settings=\"{&quot;background_background&quot;:&quot;classic&quot;}\">\n\t\t\t\t\t<div class=\"e-con-inner\">\n\t\t\t\t<div class=\"elementor-element elementor-element-fe6d3e6 elementor-widget elementor-widget-heading\" data-id=\"fe6d3e6\" data-element_type=\"widget\" data-e-type=\"widget\" data-widget_type=\"heading.default\">\n\t\t\t\t<div class=\"elementor-widget-container\">\n\t\t\t\t\t<h2 class=\"elementor-heading-title elementor-size-default\">Procura o teu alojamento em Sarria<\/h2>\t\t\t\t<\/div>\n\t\t\t\t<\/div>\n\t\t\t\t<div class=\"elementor-element elementor-element-aa345d3 elementor-widget elementor-widget-text-editor\" data-id=\"aa345d3\" data-element_type=\"widget\" data-e-type=\"widget\" data-widget_type=\"text-editor.default\">\n\t\t\t\t<div class=\"elementor-widget-container\">\n\t\t\t\t\t\t\t\t\t<p class=\"font-claude-response-body break-words whitespace-normal leading-[1.7]\">O Grupo Credencial disp\u00f5e de 6 apartamentos tur\u00edsticos, 1 casa de h\u00f3spedes e 1 pousada em Sarria, Lugo.  <span style=\"font-size: 1rem;\">&#8211; ponto de partida oficial dos \u00faltimos 100 km do Caminho Franc\u00eas de Santiago. Todas as acomoda\u00e7\u00f5es ficam a menos de 5 minutos a p\u00e9 do centro hist\u00f3rico e da Igreja de Santa Mari\u00f1a e do Mosteiro de Magdalena. <\/span><\/p>\t\t\t\t\t\t\t\t<\/div>\n\t\t\t\t<\/div>\n\t\t\t\t<div class=\"elementor-element elementor-element-c2e930b elementor-widget__width-initial elementor-widget elementor-widget-html\" data-id=\"c2e930b\" data-element_type=\"widget\" data-e-type=\"widget\" data-widget_type=\"html.default\">\n\t\t\t\t<div class=\"elementor-widget-container\">\n\t\t\t\t\t<iframe src=\"https:\/\/www.google.com\/maps\/d\/u\/1\/embed?mid=17R0GnNadEsBvRnZla2gIRh2hgiRy9mQ&amp;ehbc=2E312F&amp;noprof=1\" width=\"640\" height=\"480\"><\/iframe>\t\t\t\t<\/div>\n\t\t\t\t<\/div>\n\t\t\t\t\t<\/div>\n\t\t\t\t<\/div>\n\t\t<div class=\"elementor-element elementor-element-c77ad2f e-flex e-con-boxed e-con e-parent\" data-id=\"c77ad2f\" data-element_type=\"container\" data-e-type=\"container\" data-settings=\"{&quot;background_background&quot;:&quot;classic&quot;}\">\n\t\t\t\t\t<div class=\"e-con-inner\">\n\t\t\t\t<div class=\"elementor-element elementor-element-98e64f3 elementor-widget__width-initial elementor-widget elementor-widget-image\" data-id=\"98e64f3\" data-element_type=\"widget\" data-e-type=\"widget\" data-widget_type=\"image.default\">\n\t\t\t\t<div class=\"elementor-widget-container\">\n\t\t\t\t\t\t\t\t\t\t\t\t\t\t\t<img fetchpriority=\"high\" decoding=\"async\" width=\"512\" height=\"512\" src=\"https:\/\/apartamentoscredencial.com\/wp-content\/uploads\/2025\/11\/Diseno-sin-titulo-2025-11-25T094013.922.webp\" class=\"attachment-large size-large wp-image-4006\" alt=\"\" \/>\t\t\t\t\t\t\t\t\t\t\t\t\t\t\t<\/div>\n\t\t\t\t<\/div>\n\t\t\t\t<div class=\"elementor-element elementor-element-dbcb049 elementor-widget__width-initial elementor-widget elementor-widget-text-editor\" data-id=\"dbcb049\" data-element_type=\"widget\" data-e-type=\"widget\" data-widget_type=\"text-editor.default\">\n\t\t\t\t<div class=\"elementor-widget-container\">\n\t\t\t\t\t\t\t\t\t<p style=\"text-align: center;\">No Grupo Credencial, orgulhamo-nos de oferecer uma variedade de alojamentos que se adequam \u00e0s necessidades de todos os nossos clientes. Cada um dos nossos alojamentos foi concebido com aten\u00e7\u00e3o aos detalhes e um compromisso inabal\u00e1vel com a qualidade e a hospitalidade.   <strong>Explora as nossas op\u00e7\u00f5es e encontra o local ideal para a tua pr\u00f3xima estadia em Sarria!<\/strong><\/p>\t\t\t\t\t\t\t\t<\/div>\n\t\t\t\t<\/div>\n\t\t\t\t\t<\/div>\n\t\t\t\t<\/div>\n\t\t<div class=\"elementor-element elementor-element-08d05aa e-flex e-con-boxed e-con e-parent\" data-id=\"08d05aa\" data-element_type=\"container\" data-e-type=\"container\" data-settings=\"{&quot;background_background&quot;:&quot;classic&quot;}\">\n\t\t\t\t\t<div class=\"e-con-inner\">\n\t\t<div class=\"elementor-element elementor-element-8fa0bdd e-con-full e-flex e-con e-child\" data-id=\"8fa0bdd\" data-element_type=\"container\" data-e-type=\"container\">\n\t\t\t\t<div class=\"elementor-element elementor-element-38d2793 elementor-cta--skin-cover elementor-widget__width-initial elementor-animated-content elementor-bg-transform elementor-bg-transform-zoom-in elementor-widget elementor-widget-call-to-action\" data-id=\"38d2793\" data-element_type=\"widget\" data-e-type=\"widget\" data-widget_type=\"call-to-action.default\">\n\t\t\t\t<div class=\"elementor-widget-container\">\n\t\t\t\t\t\t\t<a class=\"elementor-cta\" href=\"http:\/\/www.alberguecredencial.com\">\n\t\t\t\t\t<div class=\"elementor-cta__bg-wrapper\">\n\t\t\t\t<div class=\"elementor-cta__bg elementor-bg\" style=\"background-image: url(https:\/\/apartamentoscredencial.com\/wp-content\/uploads\/2024\/07\/u-5.webp);\" role=\"img\" aria-label=\"Foto de la zona de descanso del albergue Credencial, en la calle del peregrino en SArria\"><\/div>\n\t\t\t\t<div class=\"elementor-cta__bg-overlay\"><\/div>\n\t\t\t<\/div>\n\t\t\t\t\t\t\t<div class=\"elementor-cta__content\">\n\t\t\t\t\n\t\t\t\t\t\t\t\t\t<h2 class=\"elementor-cta__title elementor-cta__content-item elementor-content-item elementor-animated-item--grow\">\n\t\t\t\t\t\tCredencial Hostel\t\t\t\t\t<\/h2>\n\t\t\t\t\n\t\t\t\t\n\t\t\t\t\t\t\t\t\t<div class=\"elementor-cta__button-wrapper elementor-cta__content-item elementor-content-item elementor-animated-item--grow\">\n\t\t\t\t\t<span class=\"elementor-cta__button elementor-button elementor-size-\">\n\t\t\t\t\t\tMais informa\u00e7\u00f5es\t\t\t\t\t<\/span>\n\t\t\t\t\t<\/div>\n\t\t\t\t\t\t\t<\/div>\n\t\t\t\t\t\t<\/a>\n\t\t\t\t\t\t<\/div>\n\t\t\t\t<\/div>\n\t\t\t\t<\/div>\n\t\t<div class=\"elementor-element elementor-element-505867c e-con-full e-flex e-con e-child\" data-id=\"505867c\" data-element_type=\"container\" data-e-type=\"container\">\n\t\t\t\t<div class=\"elementor-element elementor-element-5cdea39 elementor-cta--skin-cover elementor-widget__width-initial elementor-animated-content elementor-bg-transform elementor-bg-transform-zoom-in elementor-widget elementor-widget-call-to-action\" data-id=\"5cdea39\" data-element_type=\"widget\" data-e-type=\"widget\" data-widget_type=\"call-to-action.default\">\n\t\t\t\t<div class=\"elementor-widget-container\">\n\t\t\t\t\t\t\t<a class=\"elementor-cta\" href=\"http:\/\/www.pensioncredencial.com\">\n\t\t\t\t\t<div class=\"elementor-cta__bg-wrapper\">\n\t\t\t\t<div class=\"elementor-cta__bg elementor-bg\" style=\"background-image: url(https:\/\/apartamentoscredencial.com\/wp-content\/uploads\/2018\/07\/Diseno-sin-titulo-2024-07-18T131446.019.webp);\" role=\"img\" aria-label=\"Habitaci\u00f3n Ledicia de la pensi\u00f3n Credencial en Sarria, Lugo\"><\/div>\n\t\t\t\t<div class=\"elementor-cta__bg-overlay\"><\/div>\n\t\t\t<\/div>\n\t\t\t\t\t\t\t<div class=\"elementor-cta__content\">\n\t\t\t\t\n\t\t\t\t\t\t\t\t\t<h2 class=\"elementor-cta__title elementor-cta__content-item elementor-content-item elementor-animated-item--grow\">\n\t\t\t\t\t\tCredencial de pens\u00e3o\t\t\t\t\t<\/h2>\n\t\t\t\t\n\t\t\t\t\n\t\t\t\t\t\t\t\t\t<div class=\"elementor-cta__button-wrapper elementor-cta__content-item elementor-content-item elementor-animated-item--grow\">\n\t\t\t\t\t<span class=\"elementor-cta__button elementor-button elementor-size-\">\n\t\t\t\t\t\tMais informa\u00e7\u00f5es\t\t\t\t\t<\/span>\n\t\t\t\t\t<\/div>\n\t\t\t\t\t\t\t<\/div>\n\t\t\t\t\t\t<\/a>\n\t\t\t\t\t\t<\/div>\n\t\t\t\t<\/div>\n\t\t\t\t<\/div>\n\t\t\t\t\t<\/div>\n\t\t\t\t<\/div>\n\t\t\t\t<\/div>\n\t\t","protected":false},"excerpt":{"rendered":"<p>Apartamentos tur\u00edsticos em Sarria Verifica a disponibilidade e reserva a tua pausa. A tua base no Caminho de Santiago Verifica a disponibilidade e reserva a tua pausa. Grupo Credencial, 10 anos em Sarria Reserva sem intermedi\u00e1rios Bem-vindo aos Apartamentos Credencial &#8211; o teu ref\u00fagio perfeito em Sarria Bem-vindo aos Apartamentos Credencial, onde o conforto e &hellip; <a href=\"https:\/\/apartamentoscredencial.com\/pt-pt\/\" class=\"more-link\">Continue reading<span class=\"screen-reader-text\"> &#8220;Casa&#8221;<\/span><\/a><\/p>\n","protected":false},"author":1,"featured_media":0,"parent":0,"menu_order":0,"comment_status":"closed","ping_status":"closed","template":"template-front-page.php","meta":{"footnotes":""},"class_list":["post-2366","page","type-page","status-publish","hentry"],"yoast_head":"<!-- This site is optimized with the Yoast SEO plugin v27.5 - https:\/\/yoast.com\/product\/yoast-seo-wordpress\/ -->\n<title>Apartamentos Tur\u00edsticos em Sarria | Grupo Credencial<\/title>\n<meta name=\"description\" content=\"Fica nos nossos apartamentos tur\u00edsticos em Sarria, porta de entrada para os \u00faltimos 100 km do Caminho de Santiago. Conforto e cozinha totalmente equipada.\" \/>\n<meta name=\"robots\" content=\"index, follow, max-snippet:-1, max-image-preview:large, max-video-preview:-1\" \/>\n<link rel=\"canonical\" href=\"https:\/\/apartamentoscredencial.com\/pt-pt\/casa\/\" \/>\n<meta property=\"og:locale\" content=\"pt_PT\" \/>\n<meta property=\"og:type\" content=\"article\" \/>\n<meta property=\"og:title\" content=\"Apartamentos Tur\u00edsticos em Sarria | Grupo Credencial\" \/>\n<meta property=\"og:description\" content=\"Fica nos nossos apartamentos tur\u00edsticos em Sarria, porta de entrada para os \u00faltimos 100 km do Caminho de Santiago. Conforto e cozinha totalmente equipada.\" \/>\n<meta property=\"og:url\" content=\"https:\/\/apartamentoscredencial.com\/pt-pt\/casa\/\" \/>\n<meta property=\"og:site_name\" content=\"Apartamentos Credencial\" \/>\n<meta property=\"article:publisher\" content=\"https:\/\/www.facebook.com\/albergueyapartamentoscredencial\/\" \/>\n<meta property=\"article:modified_time\" content=\"2026-04-29T16:23:04+00:00\" \/>\n<meta property=\"og:image\" content=\"https:\/\/apartamentoscredencial.com\/wp-content\/uploads\/2024\/07\/LUCIA-LP-PEREZ-4.webp\" \/>\n<meta name=\"twitter:card\" content=\"summary_large_image\" \/>\n<meta name=\"twitter:label1\" content=\"Tempo estimado de leitura\" \/>\n\t<meta name=\"twitter:data1\" content=\"5 minutos\" \/>\n<!-- \/ Yoast SEO plugin. -->","yoast_head_json":{"title":"Apartamentos Tur\u00edsticos em Sarria | Grupo Credencial","description":"Fica nos nossos apartamentos tur\u00edsticos em Sarria, porta de entrada para os \u00faltimos 100 km do Caminho de Santiago. Conforto e cozinha totalmente equipada.","robots":{"index":"index","follow":"follow","max-snippet":"max-snippet:-1","max-image-preview":"max-image-preview:large","max-video-preview":"max-video-preview:-1"},"canonical":"https:\/\/apartamentoscredencial.com\/pt-pt\/casa\/","og_locale":"pt_PT","og_type":"article","og_title":"Apartamentos Tur\u00edsticos em Sarria | Grupo Credencial","og_description":"Fica nos nossos apartamentos tur\u00edsticos em Sarria, porta de entrada para os \u00faltimos 100 km do Caminho de Santiago. Conforto e cozinha totalmente equipada.","og_url":"https:\/\/apartamentoscredencial.com\/pt-pt\/casa\/","og_site_name":"Apartamentos Credencial","article_publisher":"https:\/\/www.facebook.com\/albergueyapartamentoscredencial\/","article_modified_time":"2026-04-29T16:23:04+00:00","og_image":[{"url":"https:\/\/apartamentoscredencial.com\/wp-content\/uploads\/2024\/07\/LUCIA-LP-PEREZ-4.webp","type":"","width":"","height":""}],"twitter_card":"summary_large_image","twitter_misc":{"Tempo estimado de leitura":"5 minutos"},"schema":{"@context":"https:\/\/schema.org","@graph":[{"@type":"WebPage","@id":"https:\/\/apartamentoscredencial.com\/pt-pt\/casa\/","url":"https:\/\/apartamentoscredencial.com\/pt-pt\/casa\/","name":"Apartamentos Tur\u00edsticos em Sarria | Grupo Credencial","isPartOf":{"@id":"https:\/\/apartamentoscredencial.com\/#website"},"primaryImageOfPage":{"@id":"https:\/\/apartamentoscredencial.com\/pt-pt\/casa\/#primaryimage"},"image":{"@id":"https:\/\/apartamentoscredencial.com\/pt-pt\/casa\/#primaryimage"},"thumbnailUrl":"https:\/\/apartamentoscredencial.com\/wp-content\/uploads\/2024\/07\/LUCIA-LP-PEREZ-4.webp","datePublished":"2018-07-19T08:31:50+00:00","dateModified":"2026-04-29T16:23:04+00:00","description":"Fica nos nossos apartamentos tur\u00edsticos em Sarria, porta de entrada para os \u00faltimos 100 km do Caminho de Santiago. Conforto e cozinha totalmente equipada.","breadcrumb":{"@id":"https:\/\/apartamentoscredencial.com\/pt-pt\/casa\/#breadcrumb"},"inLanguage":"pt-PT","potentialAction":[{"@type":"ReadAction","target":["https:\/\/apartamentoscredencial.com\/pt-pt\/casa\/"]}]},{"@type":"ImageObject","inLanguage":"pt-PT","@id":"https:\/\/apartamentoscredencial.com\/pt-pt\/casa\/#primaryimage","url":"https:\/\/apartamentoscredencial.com\/wp-content\/uploads\/2024\/07\/LUCIA-LP-PEREZ-4.webp","contentUrl":"https:\/\/apartamentoscredencial.com\/wp-content\/uploads\/2024\/07\/LUCIA-LP-PEREZ-4.webp"},{"@type":"BreadcrumbList","@id":"https:\/\/apartamentoscredencial.com\/pt-pt\/casa\/#breadcrumb","itemListElement":[{"@type":"ListItem","position":1,"name":"Portada","item":"https:\/\/apartamentoscredencial.com\/pt-pt\/casa\/"},{"@type":"ListItem","position":2,"name":"Casa"}]},{"@type":"WebSite","@id":"https:\/\/apartamentoscredencial.com\/#website","url":"https:\/\/apartamentoscredencial.com\/","name":"Apartamentos Credencial","description":"Sitio web de Apartamentos Credencial","publisher":{"@id":"https:\/\/apartamentoscredencial.com\/#organization"},"potentialAction":[{"@type":"SearchAction","target":{"@type":"EntryPoint","urlTemplate":"https:\/\/apartamentoscredencial.com\/?s={search_term_string}"},"query-input":{"@type":"PropertyValueSpecification","valueRequired":true,"valueName":"search_term_string"}}],"inLanguage":"pt-PT"},{"@type":"Organization","@id":"https:\/\/apartamentoscredencial.com\/#organization","name":"Apartamentos Credencial","url":"https:\/\/apartamentoscredencial.com\/","logo":{"@type":"ImageObject","inLanguage":"pt-PT","@id":"https:\/\/apartamentoscredencial.com\/#\/schema\/logo\/image\/","url":"https:\/\/apartamentoscredencial.com\/wp-content\/uploads\/2025\/11\/Credencial-Group-APARTAMENTOS-1.webp","contentUrl":"https:\/\/apartamentoscredencial.com\/wp-content\/uploads\/2025\/11\/Credencial-Group-APARTAMENTOS-1.webp","width":90,"height":90,"caption":"Apartamentos Credencial"},"image":{"@id":"https:\/\/apartamentoscredencial.com\/#\/schema\/logo\/image\/"},"sameAs":["https:\/\/www.facebook.com\/albergueyapartamentoscredencial\/","https:\/\/www.instagram.com\/alberguecredencial_sarria\/?igsh=MW9jZzZleG51eGI1Ng"]}]}},"_links":{"self":[{"href":"https:\/\/apartamentoscredencial.com\/pt-pt\/wp-json\/wp\/v2\/pages\/2366","targetHints":{"allow":["GET"]}}],"collection":[{"href":"https:\/\/apartamentoscredencial.com\/pt-pt\/wp-json\/wp\/v2\/pages"}],"about":[{"href":"https:\/\/apartamentoscredencial.com\/pt-pt\/wp-json\/wp\/v2\/types\/page"}],"author":[{"embeddable":true,"href":"https:\/\/apartamentoscredencial.com\/pt-pt\/wp-json\/wp\/v2\/users\/1"}],"replies":[{"embeddable":true,"href":"https:\/\/apartamentoscredencial.com\/pt-pt\/wp-json\/wp\/v2\/comments?post=2366"}],"version-history":[{"count":32,"href":"https:\/\/apartamentoscredencial.com\/pt-pt\/wp-json\/wp\/v2\/pages\/2366\/revisions"}],"predecessor-version":[{"id":6595,"href":"https:\/\/apartamentoscredencial.com\/pt-pt\/wp-json\/wp\/v2\/pages\/2366\/revisions\/6595"}],"wp:attachment":[{"href":"https:\/\/apartamentoscredencial.com\/pt-pt\/wp-json\/wp\/v2\/media?parent=2366"}],"curies":[{"name":"wp","href":"https:\/\/api.w.org\/{rel}","templated":true}]}}